{"id":1070966,"date":"2025-09-25T13:10:03","date_gmt":"2025-09-25T11:10:03","guid":{"rendered":"https:\/\/hubsch-interior.com\/product\/product\/"},"modified":"2026-04-29T04:32:36","modified_gmt":"2026-04-29T02:32:36","slug":"block-lysestager-gron-blue-orange-gron-saet-af-2","status":"publish","type":"product","link":"https:\/\/hubsch-interior.com\/da\/vare\/block-lysestager-gron-blue-orange-gron-saet-af-2\/","title":{"rendered":"Block Lysestager Gr\u00f8n\/Blue &amp; Orange\/Gr\u00f8n (s\u00e6t af 2)"},"content":{"rendered":"<p>Fork\u00e6l dig selv med den rene elegance af vores Block Lysestager, uds\u00f8gt fremstillet af krystal. Disse stykker er ikke bare lysestager; de er juveler, der oplyser ethvert rum. Med omhyggeligt udvalgte farvekombinationer af gr\u00f8n\/bl\u00e5 og orange\/gr\u00f8n tilf\u00f8jer de en str\u00e5lende farvesplash til din indretning. Uanset om du er v\u00e6rt for en intim middag eller blot nyder en stille aften, forvandler disse lysestager \u00f8jeblikke til dyrebare minder, der skinner varmt som natten folder sig ud. L\u00f8ft dit hjem med disse f\u00e6ngslende accenter, hvor sk\u00f8nhed m\u00f8der funktion i en dans af lys.<\/p>\n","protected":false},"excerpt":{"rendered":"<p>Fork\u00e6l dig selv med den rene elegance af vores Block Lysestager, uds\u00f8gt fremstillet af krystal. Disse stykker er ikke bare lysestager; de er juveler, der oplyser ethvert rum. Med omhyggeligt udvalgte farvekombinationer af gr\u00f8n\/bl\u00e5 og orange\/gr\u00f8n tilf\u00f8jer de en str\u00e5lende farvesplash til din indretning. Uanset om du er v\u00e6rt for en intim middag eller blot [&hellip;]<\/p>\n","protected":false},"featured_media":1097601,"template":"","meta":{"_acf_changed":false,"inline_featured_image":false},"product_brand":[],"product_cat":[6938,6970,6996,4063,4064],"product_tag":[],"class_list":{"0":"post-1070966","1":"product","2":"type-product","3":"status-publish","4":"has-post-thumbnail","6":"product_cat-additions-da","7":"product_cat-paaskeudsalg","8":"product_cat-the-buzz-da","9":"product_cat-lysestager-lanterner-da","10":"product_cat-lysestager-da","11":"product_shipping_class-pk","13":"pa_color-grn","14":"pa_material-krystal-da","16":"first","17":"instock","18":"taxable","19":"shipping-taxable","20":"purchasable","21":"product-type-simple"},"exclude_global_add_ons":[],"addons":[],"acf":[],"yoast_head":"<!-- This site is optimized with the Yoast SEO plugin v26.4 - https:\/\/yoast.com\/wordpress\/plugins\/seo\/ -->\n<title>Block Lysestager Gr\u00f8n\/Blue &amp; Orange\/Gr\u00f8n (s\u00e6t af 2) - H\u00fcbsch<\/title>\n<meta name=\"description\" content=\"Fork\u00e6l dig selv med den rene elegance af vores Block Lysestager, uds\u00f8gt fremstillet af krystal. Disse stykker er ikke bare lysestager; de er juveler, der\" \/>\n<meta name=\"robots\" content=\"index, follow, max-snippet:-1, max-image-preview:large, max-video-preview:-1\" \/>\n<link rel=\"canonical\" href=\"https:\/\/hubsch-interior.com\/da\/wp-json\/wp\/v2\/product\/1070966\" \/>\n<meta property=\"og:locale\" content=\"da_DK\" \/>\n<meta property=\"og:type\" content=\"article\" \/>\n<meta property=\"og:title\" content=\"Block Lysestager Gr\u00f8n\/Blue &amp; Orange\/Gr\u00f8n (s\u00e6t af 2) - H\u00fcbsch\" \/>\n<meta property=\"og:description\" content=\"Fork\u00e6l dig selv med den rene elegance af vores Block Lysestager, uds\u00f8gt fremstillet af krystal. Disse stykker er ikke bare lysestager; de er juveler, der\" \/>\n<meta property=\"og:url\" content=\"https:\/\/hubsch-interior.com\/da\/vare\/block-lysestager-gron-blue-orange-gron-saet-af-2\/\" \/>\n<meta property=\"og:site_name\" content=\"H\u00fcbsch\" \/>\n<meta property=\"article:modified_time\" content=\"2026-04-29T02:32:36+00:00\" \/>\n<meta property=\"og:image\" content=\"https:\/\/hubsch-interior.com\/wp-content\/uploads\/2026\/02\/block-candleholders-greenblue-orangegreen-set-of-2-d737cb2cee86d08905f7818f20da5164.jpg\" \/>\n\t<meta property=\"og:image:width\" content=\"1024\" \/>\n\t<meta property=\"og:image:height\" content=\"1024\" \/>\n\t<meta property=\"og:image:type\" content=\"image\/jpeg\" \/>\n<meta name=\"twitter:card\" content=\"summary_large_image\" \/>\n<meta name=\"twitter:label1\" content=\"Estimeret l\u00e6setid\" \/>\n\t<meta name=\"twitter:data1\" content=\"1 minut\" \/>\n<script type=\"application\/ld+json\" class=\"yoast-schema-graph\">{\"@context\":\"https:\/\/schema.org\",\"@graph\":[{\"@type\":\"WebPage\",\"@id\":\"https:\/\/hubsch-interior.com\/da\/vare\/block-lysestager-gron-blue-orange-gron-saet-af-2\/\",\"url\":\"https:\/\/hubsch-interior.com\/da\/vare\/block-lysestager-gron-blue-orange-gron-saet-af-2\/\",\"name\":\"Block Lysestager Gr\u00f8n\/Blue &amp; Orange\/Gr\u00f8n (s\u00e6t af 2) - H\u00fcbsch\",\"isPartOf\":{\"@id\":\"https:\/\/hubsch-interior.com\/da\/#website\"},\"primaryImageOfPage\":{\"@id\":\"https:\/\/hubsch-interior.com\/da\/vare\/block-lysestager-gron-blue-orange-gron-saet-af-2\/#primaryimage\"},\"image\":{\"@id\":\"https:\/\/hubsch-interior.com\/da\/vare\/block-lysestager-gron-blue-orange-gron-saet-af-2\/#primaryimage\"},\"thumbnailUrl\":\"https:\/\/hubsch-interior.com\/wp-content\/uploads\/2026\/02\/block-candleholders-greenblue-orangegreen-set-of-2-d737cb2cee86d08905f7818f20da5164.jpg\",\"datePublished\":\"2025-09-25T11:10:03+00:00\",\"dateModified\":\"2026-04-29T02:32:36+00:00\",\"description\":\"Fork\u00e6l dig selv med den rene elegance af vores Block Lysestager, uds\u00f8gt fremstillet af krystal. Disse stykker er ikke bare lysestager; de er juveler, der\",\"breadcrumb\":{\"@id\":\"https:\/\/hubsch-interior.com\/da\/vare\/block-lysestager-gron-blue-orange-gron-saet-af-2\/#breadcrumb\"},\"inLanguage\":\"da-DK\",\"potentialAction\":[{\"@type\":\"ReadAction\",\"target\":[\"https:\/\/hubsch-interior.com\/da\/vare\/block-lysestager-gron-blue-orange-gron-saet-af-2\/\"]}]},{\"@type\":\"ImageObject\",\"inLanguage\":\"da-DK\",\"@id\":\"https:\/\/hubsch-interior.com\/da\/vare\/block-lysestager-gron-blue-orange-gron-saet-af-2\/#primaryimage\",\"url\":\"https:\/\/hubsch-interior.com\/wp-content\/uploads\/2026\/02\/block-candleholders-greenblue-orangegreen-set-of-2-d737cb2cee86d08905f7818f20da5164.jpg\",\"contentUrl\":\"https:\/\/hubsch-interior.com\/wp-content\/uploads\/2026\/02\/block-candleholders-greenblue-orangegreen-set-of-2-d737cb2cee86d08905f7818f20da5164.jpg\",\"width\":1024,\"height\":1024},{\"@type\":\"BreadcrumbList\",\"@id\":\"https:\/\/hubsch-interior.com\/da\/vare\/block-lysestager-gron-blue-orange-gron-saet-af-2\/#breadcrumb\",\"itemListElement\":[{\"@type\":\"ListItem\",\"position\":1,\"name\":\"Forside\",\"item\":\"https:\/\/hubsch-interior.com\/da\/\"},{\"@type\":\"ListItem\",\"position\":2,\"name\":\"Produkter\",\"item\":\"https:\/\/hubsch-interior.com\/da\/produkter\/\"},{\"@type\":\"ListItem\",\"position\":3,\"name\":\"Boligtilbeh\u00f8r\",\"item\":\"https:\/\/hubsch-interior.com\/da\/vare-kategori\/boligtilbehor\/\"},{\"@type\":\"ListItem\",\"position\":4,\"name\":\"Lysestager &amp; Lanterner\",\"item\":\"https:\/\/hubsch-interior.com\/da\/vare-kategori\/boligtilbehor\/lysestager-lanterner-da\/\"},{\"@type\":\"ListItem\",\"position\":5,\"name\":\"Lysestager\",\"item\":\"https:\/\/hubsch-interior.com\/da\/vare-kategori\/boligtilbehor\/lysestager-lanterner-da\/lysestager-da\/\"},{\"@type\":\"ListItem\",\"position\":6,\"name\":\"Block Lysestager Gr\u00f8n\/Blue &amp; Orange\/Gr\u00f8n (s\u00e6t af 2)\"}]},{\"@type\":\"WebSite\",\"@id\":\"https:\/\/hubsch-interior.com\/da\/#website\",\"url\":\"https:\/\/hubsch-interior.com\/da\/\",\"name\":\"H\u00fcbsch\",\"description\":\"Danish Home Interior and Design\",\"publisher\":{\"@id\":\"https:\/\/hubsch-interior.com\/da\/#organization\"},\"potentialAction\":[{\"@type\":\"SearchAction\",\"target\":{\"@type\":\"EntryPoint\",\"urlTemplate\":\"https:\/\/hubsch-interior.com\/da\/?s={search_term_string}\"},\"query-input\":{\"@type\":\"PropertyValueSpecification\",\"valueRequired\":true,\"valueName\":\"search_term_string\"}}],\"inLanguage\":\"da-DK\"},{\"@type\":\"Organization\",\"@id\":\"https:\/\/hubsch-interior.com\/da\/#organization\",\"name\":\"H\u00fcbsch\",\"url\":\"https:\/\/hubsch-interior.com\/da\/\",\"logo\":{\"@type\":\"ImageObject\",\"inLanguage\":\"da-DK\",\"@id\":\"https:\/\/hubsch-interior.com\/da\/#\/schema\/logo\/image\/\",\"url\":\"https:\/\/hubsch-interior.com\/wp-content\/uploads\/2022\/12\/Hubsch_logo_black_one_line.svg\",\"contentUrl\":\"https:\/\/hubsch-interior.com\/wp-content\/uploads\/2022\/12\/Hubsch_logo_black_one_line.svg\",\"caption\":\"H\u00fcbsch\"},\"image\":{\"@id\":\"https:\/\/hubsch-interior.com\/da\/#\/schema\/logo\/image\/\"}}]}<\/script>\n<!-- \/ Yoast SEO plugin. -->","yoast_head_json":{"title":"Block Lysestager Gr\u00f8n\/Blue &amp; Orange\/Gr\u00f8n (s\u00e6t af 2) - H\u00fcbsch","description":"Fork\u00e6l dig selv med den rene elegance af vores Block Lysestager, uds\u00f8gt fremstillet af krystal. Disse stykker er ikke bare lysestager; de er juveler, der","robots":{"index":"index","follow":"follow","max-snippet":"max-snippet:-1","max-image-preview":"max-image-preview:large","max-video-preview":"max-video-preview:-1"},"canonical":"https:\/\/hubsch-interior.com\/da\/wp-json\/wp\/v2\/product\/1070966","og_locale":"da_DK","og_type":"article","og_title":"Block Lysestager Gr\u00f8n\/Blue &amp; Orange\/Gr\u00f8n (s\u00e6t af 2) - H\u00fcbsch","og_description":"Fork\u00e6l dig selv med den rene elegance af vores Block Lysestager, uds\u00f8gt fremstillet af krystal. Disse stykker er ikke bare lysestager; de er juveler, der","og_url":"https:\/\/hubsch-interior.com\/da\/vare\/block-lysestager-gron-blue-orange-gron-saet-af-2\/","og_site_name":"H\u00fcbsch","article_modified_time":"2026-04-29T02:32:36+00:00","og_image":[{"width":1024,"height":1024,"url":"https:\/\/hubsch-interior.com\/wp-content\/uploads\/2026\/02\/block-candleholders-greenblue-orangegreen-set-of-2-d737cb2cee86d08905f7818f20da5164.jpg","type":"image\/jpeg"}],"twitter_card":"summary_large_image","twitter_misc":{"Estimeret l\u00e6setid":"1 minut"},"schema":{"@context":"https:\/\/schema.org","@graph":[{"@type":"WebPage","@id":"https:\/\/hubsch-interior.com\/da\/vare\/block-lysestager-gron-blue-orange-gron-saet-af-2\/","url":"https:\/\/hubsch-interior.com\/da\/vare\/block-lysestager-gron-blue-orange-gron-saet-af-2\/","name":"Block Lysestager Gr\u00f8n\/Blue &amp; Orange\/Gr\u00f8n (s\u00e6t af 2) - H\u00fcbsch","isPartOf":{"@id":"https:\/\/hubsch-interior.com\/da\/#website"},"primaryImageOfPage":{"@id":"https:\/\/hubsch-interior.com\/da\/vare\/block-lysestager-gron-blue-orange-gron-saet-af-2\/#primaryimage"},"image":{"@id":"https:\/\/hubsch-interior.com\/da\/vare\/block-lysestager-gron-blue-orange-gron-saet-af-2\/#primaryimage"},"thumbnailUrl":"https:\/\/hubsch-interior.com\/wp-content\/uploads\/2026\/02\/block-candleholders-greenblue-orangegreen-set-of-2-d737cb2cee86d08905f7818f20da5164.jpg","datePublished":"2025-09-25T11:10:03+00:00","dateModified":"2026-04-29T02:32:36+00:00","description":"Fork\u00e6l dig selv med den rene elegance af vores Block Lysestager, uds\u00f8gt fremstillet af krystal. Disse stykker er ikke bare lysestager; de er juveler, der","breadcrumb":{"@id":"https:\/\/hubsch-interior.com\/da\/vare\/block-lysestager-gron-blue-orange-gron-saet-af-2\/#breadcrumb"},"inLanguage":"da-DK","potentialAction":[{"@type":"ReadAction","target":["https:\/\/hubsch-interior.com\/da\/vare\/block-lysestager-gron-blue-orange-gron-saet-af-2\/"]}]},{"@type":"ImageObject","inLanguage":"da-DK","@id":"https:\/\/hubsch-interior.com\/da\/vare\/block-lysestager-gron-blue-orange-gron-saet-af-2\/#primaryimage","url":"https:\/\/hubsch-interior.com\/wp-content\/uploads\/2026\/02\/block-candleholders-greenblue-orangegreen-set-of-2-d737cb2cee86d08905f7818f20da5164.jpg","contentUrl":"https:\/\/hubsch-interior.com\/wp-content\/uploads\/2026\/02\/block-candleholders-greenblue-orangegreen-set-of-2-d737cb2cee86d08905f7818f20da5164.jpg","width":1024,"height":1024},{"@type":"BreadcrumbList","@id":"https:\/\/hubsch-interior.com\/da\/vare\/block-lysestager-gron-blue-orange-gron-saet-af-2\/#breadcrumb","itemListElement":[{"@type":"ListItem","position":1,"name":"Forside","item":"https:\/\/hubsch-interior.com\/da\/"},{"@type":"ListItem","position":2,"name":"Produkter","item":"https:\/\/hubsch-interior.com\/da\/produkter\/"},{"@type":"ListItem","position":3,"name":"Boligtilbeh\u00f8r","item":"https:\/\/hubsch-interior.com\/da\/vare-kategori\/boligtilbehor\/"},{"@type":"ListItem","position":4,"name":"Lysestager &amp; Lanterner","item":"https:\/\/hubsch-interior.com\/da\/vare-kategori\/boligtilbehor\/lysestager-lanterner-da\/"},{"@type":"ListItem","position":5,"name":"Lysestager","item":"https:\/\/hubsch-interior.com\/da\/vare-kategori\/boligtilbehor\/lysestager-lanterner-da\/lysestager-da\/"},{"@type":"ListItem","position":6,"name":"Block Lysestager Gr\u00f8n\/Blue &amp; Orange\/Gr\u00f8n (s\u00e6t af 2)"}]},{"@type":"WebSite","@id":"https:\/\/hubsch-interior.com\/da\/#website","url":"https:\/\/hubsch-interior.com\/da\/","name":"H\u00fcbsch","description":"Danish Home Interior and Design","publisher":{"@id":"https:\/\/hubsch-interior.com\/da\/#organization"},"potentialAction":[{"@type":"SearchAction","target":{"@type":"EntryPoint","urlTemplate":"https:\/\/hubsch-interior.com\/da\/?s={search_term_string}"},"query-input":{"@type":"PropertyValueSpecification","valueRequired":true,"valueName":"search_term_string"}}],"inLanguage":"da-DK"},{"@type":"Organization","@id":"https:\/\/hubsch-interior.com\/da\/#organization","name":"H\u00fcbsch","url":"https:\/\/hubsch-interior.com\/da\/","logo":{"@type":"ImageObject","inLanguage":"da-DK","@id":"https:\/\/hubsch-interior.com\/da\/#\/schema\/logo\/image\/","url":"https:\/\/hubsch-interior.com\/wp-content\/uploads\/2022\/12\/Hubsch_logo_black_one_line.svg","contentUrl":"https:\/\/hubsch-interior.com\/wp-content\/uploads\/2022\/12\/Hubsch_logo_black_one_line.svg","caption":"H\u00fcbsch"},"image":{"@id":"https:\/\/hubsch-interior.com\/da\/#\/schema\/logo\/image\/"}}]}},"_links":{"self":[{"href":"https:\/\/hubsch-interior.com\/da\/wp-json\/wp\/v2\/product\/1070966","targetHints":{"allow":["GET"]}}],"collection":[{"href":"https:\/\/hubsch-interior.com\/da\/wp-json\/wp\/v2\/product"}],"about":[{"href":"https:\/\/hubsch-interior.com\/da\/wp-json\/wp\/v2\/types\/product"}],"wp:featuredmedia":[{"embeddable":true,"href":"https:\/\/hubsch-interior.com\/da\/wp-json\/wp\/v2\/media\/1097601"}],"wp:attachment":[{"href":"https:\/\/hubsch-interior.com\/da\/wp-json\/wp\/v2\/media?parent=1070966"}],"wp:term":[{"taxonomy":"product_brand","embeddable":true,"href":"https:\/\/hubsch-interior.com\/da\/wp-json\/wp\/v2\/product_brand?post=1070966"},{"taxonomy":"product_cat","embeddable":true,"href":"https:\/\/hubsch-interior.com\/da\/wp-json\/wp\/v2\/product_cat?post=1070966"},{"taxonomy":"product_tag","embeddable":true,"href":"https:\/\/hubsch-interior.com\/da\/wp-json\/wp\/v2\/product_tag?post=1070966"}],"curies":[{"name":"wp","href":"https:\/\/api.w.org\/{rel}","templated":true}]}}