{"id":390463,"date":"2021-06-04T09:52:25","date_gmt":"2021-06-04T07:52:25","guid":{"rendered":"https:\/\/hubsch-interior.com\/shop-b2c\/product\/product-6\/"},"modified":"2026-04-29T04:29:42","modified_gmt":"2026-04-29T02:29:42","slug":"bow-skale-gra-saet-af-2","status":"publish","type":"product","link":"https:\/\/hubsch-interior.com\/da\/vare\/bow-skale-gra-saet-af-2\/","title":{"rendered":"Bow Sk\u00e5le Gr\u00e5 (s\u00e6t af 2)"},"content":{"rendered":"<p>Disse fade er lavet af gr\u00e5t r\u00f8get glas, og kommer i et s\u00e6t med to former og st\u00f8rrelser. Glasset har en frossen overflade, der g\u00f8r fadene mere taktile. De organiske former er meget moderne og unikke. Bakkerne er velegnet til frugt eller rundstykker en afslappende s\u00f8ndag morgen. Dette produkt er h\u00e5ndlavet og kan derfor variere.<\/p>\n","protected":false},"excerpt":{"rendered":"<p>Disse fade er lavet af gr\u00e5t r\u00f8get glas, og kommer i et s\u00e6t med to former og st\u00f8rrelser. Glasset har en frossen overflade, der g\u00f8r fadene mere taktile. De organiske former er meget moderne og unikke. Bakkerne er velegnet til frugt eller rundstykker en afslappende s\u00f8ndag morgen. Dette produkt er h\u00e5ndlavet og kan derfor variere.<\/p>\n","protected":false},"featured_media":1096802,"template":"","meta":{"_acf_changed":false,"inline_featured_image":false},"product_brand":[],"product_cat":[7038,4094,7025,4051],"product_tag":[],"class_list":{"0":"post-390463","1":"product","2":"type-product","3":"status-publish","4":"has-post-thumbnail","6":"product_cat-koekken-bakker-da","7":"product_cat-bordservice-da","8":"product_cat-bordservice-da-2","9":"product_cat-koekkentilbehoer-da","10":"product_shipping_class-pk","12":"pa_color-gr","13":"pa_material-glas-da","15":"first","16":"instock","17":"taxable","18":"shipping-taxable","19":"purchasable","20":"product-type-simple"},"exclude_global_add_ons":[],"addons":[],"acf":[],"yoast_head":"<!-- This site is optimized with the Yoast SEO plugin v26.4 - https:\/\/yoast.com\/wordpress\/plugins\/seo\/ -->\n<title>Bow Sk\u00e5le Gr\u00e5 (s\u00e6t af 2) - H\u00fcbsch<\/title>\n<meta name=\"description\" content=\"Disse fade er lavet af gr\u00e5t r\u00f8get glas, og kommer i et s\u00e6t med to former og st\u00f8rrelser. Glasset har en frossen overflade, der g\u00f8r fadene mere taktile. De\" \/>\n<meta name=\"robots\" content=\"index, follow, max-snippet:-1, max-image-preview:large, max-video-preview:-1\" \/>\n<link rel=\"canonical\" href=\"https:\/\/hubsch-interior.com\/da\/wp-json\/wp\/v2\/product\/390463\" \/>\n<meta property=\"og:locale\" content=\"da_DK\" \/>\n<meta property=\"og:type\" content=\"article\" \/>\n<meta property=\"og:title\" content=\"Bow Sk\u00e5le Gr\u00e5 (s\u00e6t af 2) - H\u00fcbsch\" \/>\n<meta property=\"og:description\" content=\"Disse fade er lavet af gr\u00e5t r\u00f8get glas, og kommer i et s\u00e6t med to former og st\u00f8rrelser. Glasset har en frossen overflade, der g\u00f8r fadene mere taktile. De\" \/>\n<meta property=\"og:url\" content=\"https:\/\/hubsch-interior.com\/da\/vare\/bow-skale-gra-saet-af-2\/\" \/>\n<meta property=\"og:site_name\" content=\"H\u00fcbsch\" \/>\n<meta property=\"article:modified_time\" content=\"2026-04-29T02:29:42+00:00\" \/>\n<meta property=\"og:image\" content=\"https:\/\/hubsch-interior.com\/wp-content\/uploads\/2025\/04\/bow-bowls-grey-set-of-2-d6e45997957547f558aa024853d03dd2.jpg\" \/>\n\t<meta property=\"og:image:width\" content=\"1200\" \/>\n\t<meta property=\"og:image:height\" content=\"1200\" \/>\n\t<meta property=\"og:image:type\" content=\"image\/jpeg\" \/>\n<meta name=\"twitter:card\" content=\"summary_large_image\" \/>\n<script type=\"application\/ld+json\" class=\"yoast-schema-graph\">{\"@context\":\"https:\/\/schema.org\",\"@graph\":[{\"@type\":\"WebPage\",\"@id\":\"https:\/\/hubsch-interior.com\/da\/vare\/bow-skale-gra-saet-af-2\/\",\"url\":\"https:\/\/hubsch-interior.com\/da\/vare\/bow-skale-gra-saet-af-2\/\",\"name\":\"Bow Sk\u00e5le Gr\u00e5 (s\u00e6t af 2) - H\u00fcbsch\",\"isPartOf\":{\"@id\":\"https:\/\/hubsch-interior.com\/da\/#website\"},\"primaryImageOfPage\":{\"@id\":\"https:\/\/hubsch-interior.com\/da\/vare\/bow-skale-gra-saet-af-2\/#primaryimage\"},\"image\":{\"@id\":\"https:\/\/hubsch-interior.com\/da\/vare\/bow-skale-gra-saet-af-2\/#primaryimage\"},\"thumbnailUrl\":\"https:\/\/hubsch-interior.com\/wp-content\/uploads\/2026\/02\/bow-bowls-grey-set-of-2-fd7c6915f59695d010691d6bd1c82c09.jpg\",\"datePublished\":\"2021-06-04T07:52:25+00:00\",\"dateModified\":\"2026-04-29T02:29:42+00:00\",\"description\":\"Disse fade er lavet af gr\u00e5t r\u00f8get glas, og kommer i et s\u00e6t med to former og st\u00f8rrelser. Glasset har en frossen overflade, der g\u00f8r fadene mere taktile. De\",\"breadcrumb\":{\"@id\":\"https:\/\/hubsch-interior.com\/da\/vare\/bow-skale-gra-saet-af-2\/#breadcrumb\"},\"inLanguage\":\"da-DK\",\"potentialAction\":[{\"@type\":\"ReadAction\",\"target\":[\"https:\/\/hubsch-interior.com\/da\/vare\/bow-skale-gra-saet-af-2\/\"]}]},{\"@type\":\"ImageObject\",\"inLanguage\":\"da-DK\",\"@id\":\"https:\/\/hubsch-interior.com\/da\/vare\/bow-skale-gra-saet-af-2\/#primaryimage\",\"url\":\"https:\/\/hubsch-interior.com\/wp-content\/uploads\/2026\/02\/bow-bowls-grey-set-of-2-fd7c6915f59695d010691d6bd1c82c09.jpg\",\"contentUrl\":\"https:\/\/hubsch-interior.com\/wp-content\/uploads\/2026\/02\/bow-bowls-grey-set-of-2-fd7c6915f59695d010691d6bd1c82c09.jpg\",\"width\":1024,\"height\":1024},{\"@type\":\"BreadcrumbList\",\"@id\":\"https:\/\/hubsch-interior.com\/da\/vare\/bow-skale-gra-saet-af-2\/#breadcrumb\",\"itemListElement\":[{\"@type\":\"ListItem\",\"position\":1,\"name\":\"Forside\",\"item\":\"https:\/\/hubsch-interior.com\/da\/\"},{\"@type\":\"ListItem\",\"position\":2,\"name\":\"Produkter\",\"item\":\"https:\/\/hubsch-interior.com\/da\/produkter\/\"},{\"@type\":\"ListItem\",\"position\":3,\"name\":\"K\u00f8kken\",\"item\":\"https:\/\/hubsch-interior.com\/da\/vare-kategori\/koekken\/\"},{\"@type\":\"ListItem\",\"position\":4,\"name\":\"Bordservice\",\"item\":\"https:\/\/hubsch-interior.com\/da\/vare-kategori\/koekken\/bordservice-da-2\/\"},{\"@type\":\"ListItem\",\"position\":5,\"name\":\"Bakker\",\"item\":\"https:\/\/hubsch-interior.com\/da\/vare-kategori\/koekken\/bordservice-da-2\/koekken-bakker-da\/\"},{\"@type\":\"ListItem\",\"position\":6,\"name\":\"Bow Sk\u00e5le Gr\u00e5 (s\u00e6t af 2)\"}]},{\"@type\":\"WebSite\",\"@id\":\"https:\/\/hubsch-interior.com\/da\/#website\",\"url\":\"https:\/\/hubsch-interior.com\/da\/\",\"name\":\"H\u00fcbsch\",\"description\":\"Danish Home Interior and Design\",\"publisher\":{\"@id\":\"https:\/\/hubsch-interior.com\/da\/#organization\"},\"potentialAction\":[{\"@type\":\"SearchAction\",\"target\":{\"@type\":\"EntryPoint\",\"urlTemplate\":\"https:\/\/hubsch-interior.com\/da\/?s={search_term_string}\"},\"query-input\":{\"@type\":\"PropertyValueSpecification\",\"valueRequired\":true,\"valueName\":\"search_term_string\"}}],\"inLanguage\":\"da-DK\"},{\"@type\":\"Organization\",\"@id\":\"https:\/\/hubsch-interior.com\/da\/#organization\",\"name\":\"H\u00fcbsch\",\"url\":\"https:\/\/hubsch-interior.com\/da\/\",\"logo\":{\"@type\":\"ImageObject\",\"inLanguage\":\"da-DK\",\"@id\":\"https:\/\/hubsch-interior.com\/da\/#\/schema\/logo\/image\/\",\"url\":\"https:\/\/hubsch-interior.com\/wp-content\/uploads\/2022\/12\/Hubsch_logo_black_one_line.svg\",\"contentUrl\":\"https:\/\/hubsch-interior.com\/wp-content\/uploads\/2022\/12\/Hubsch_logo_black_one_line.svg\",\"caption\":\"H\u00fcbsch\"},\"image\":{\"@id\":\"https:\/\/hubsch-interior.com\/da\/#\/schema\/logo\/image\/\"}}]}<\/script>\n<!-- \/ Yoast SEO plugin. -->","yoast_head_json":{"title":"Bow Sk\u00e5le Gr\u00e5 (s\u00e6t af 2) - H\u00fcbsch","description":"Disse fade er lavet af gr\u00e5t r\u00f8get glas, og kommer i et s\u00e6t med to former og st\u00f8rrelser. Glasset har en frossen overflade, der g\u00f8r fadene mere taktile. De","robots":{"index":"index","follow":"follow","max-snippet":"max-snippet:-1","max-image-preview":"max-image-preview:large","max-video-preview":"max-video-preview:-1"},"canonical":"https:\/\/hubsch-interior.com\/da\/wp-json\/wp\/v2\/product\/390463","og_locale":"da_DK","og_type":"article","og_title":"Bow Sk\u00e5le Gr\u00e5 (s\u00e6t af 2) - H\u00fcbsch","og_description":"Disse fade er lavet af gr\u00e5t r\u00f8get glas, og kommer i et s\u00e6t med to former og st\u00f8rrelser. Glasset har en frossen overflade, der g\u00f8r fadene mere taktile. De","og_url":"https:\/\/hubsch-interior.com\/da\/vare\/bow-skale-gra-saet-af-2\/","og_site_name":"H\u00fcbsch","article_modified_time":"2026-04-29T02:29:42+00:00","og_image":[{"width":1200,"height":1200,"url":"https:\/\/hubsch-interior.com\/wp-content\/uploads\/2025\/04\/bow-bowls-grey-set-of-2-d6e45997957547f558aa024853d03dd2.jpg","type":"image\/jpeg"}],"twitter_card":"summary_large_image","schema":{"@context":"https:\/\/schema.org","@graph":[{"@type":"WebPage","@id":"https:\/\/hubsch-interior.com\/da\/vare\/bow-skale-gra-saet-af-2\/","url":"https:\/\/hubsch-interior.com\/da\/vare\/bow-skale-gra-saet-af-2\/","name":"Bow Sk\u00e5le Gr\u00e5 (s\u00e6t af 2) - H\u00fcbsch","isPartOf":{"@id":"https:\/\/hubsch-interior.com\/da\/#website"},"primaryImageOfPage":{"@id":"https:\/\/hubsch-interior.com\/da\/vare\/bow-skale-gra-saet-af-2\/#primaryimage"},"image":{"@id":"https:\/\/hubsch-interior.com\/da\/vare\/bow-skale-gra-saet-af-2\/#primaryimage"},"thumbnailUrl":"https:\/\/hubsch-interior.com\/wp-content\/uploads\/2026\/02\/bow-bowls-grey-set-of-2-fd7c6915f59695d010691d6bd1c82c09.jpg","datePublished":"2021-06-04T07:52:25+00:00","dateModified":"2026-04-29T02:29:42+00:00","description":"Disse fade er lavet af gr\u00e5t r\u00f8get glas, og kommer i et s\u00e6t med to former og st\u00f8rrelser. Glasset har en frossen overflade, der g\u00f8r fadene mere taktile. De","breadcrumb":{"@id":"https:\/\/hubsch-interior.com\/da\/vare\/bow-skale-gra-saet-af-2\/#breadcrumb"},"inLanguage":"da-DK","potentialAction":[{"@type":"ReadAction","target":["https:\/\/hubsch-interior.com\/da\/vare\/bow-skale-gra-saet-af-2\/"]}]},{"@type":"ImageObject","inLanguage":"da-DK","@id":"https:\/\/hubsch-interior.com\/da\/vare\/bow-skale-gra-saet-af-2\/#primaryimage","url":"https:\/\/hubsch-interior.com\/wp-content\/uploads\/2026\/02\/bow-bowls-grey-set-of-2-fd7c6915f59695d010691d6bd1c82c09.jpg","contentUrl":"https:\/\/hubsch-interior.com\/wp-content\/uploads\/2026\/02\/bow-bowls-grey-set-of-2-fd7c6915f59695d010691d6bd1c82c09.jpg","width":1024,"height":1024},{"@type":"BreadcrumbList","@id":"https:\/\/hubsch-interior.com\/da\/vare\/bow-skale-gra-saet-af-2\/#breadcrumb","itemListElement":[{"@type":"ListItem","position":1,"name":"Forside","item":"https:\/\/hubsch-interior.com\/da\/"},{"@type":"ListItem","position":2,"name":"Produkter","item":"https:\/\/hubsch-interior.com\/da\/produkter\/"},{"@type":"ListItem","position":3,"name":"K\u00f8kken","item":"https:\/\/hubsch-interior.com\/da\/vare-kategori\/koekken\/"},{"@type":"ListItem","position":4,"name":"Bordservice","item":"https:\/\/hubsch-interior.com\/da\/vare-kategori\/koekken\/bordservice-da-2\/"},{"@type":"ListItem","position":5,"name":"Bakker","item":"https:\/\/hubsch-interior.com\/da\/vare-kategori\/koekken\/bordservice-da-2\/koekken-bakker-da\/"},{"@type":"ListItem","position":6,"name":"Bow Sk\u00e5le Gr\u00e5 (s\u00e6t af 2)"}]},{"@type":"WebSite","@id":"https:\/\/hubsch-interior.com\/da\/#website","url":"https:\/\/hubsch-interior.com\/da\/","name":"H\u00fcbsch","description":"Danish Home Interior and Design","publisher":{"@id":"https:\/\/hubsch-interior.com\/da\/#organization"},"potentialAction":[{"@type":"SearchAction","target":{"@type":"EntryPoint","urlTemplate":"https:\/\/hubsch-interior.com\/da\/?s={search_term_string}"},"query-input":{"@type":"PropertyValueSpecification","valueRequired":true,"valueName":"search_term_string"}}],"inLanguage":"da-DK"},{"@type":"Organization","@id":"https:\/\/hubsch-interior.com\/da\/#organization","name":"H\u00fcbsch","url":"https:\/\/hubsch-interior.com\/da\/","logo":{"@type":"ImageObject","inLanguage":"da-DK","@id":"https:\/\/hubsch-interior.com\/da\/#\/schema\/logo\/image\/","url":"https:\/\/hubsch-interior.com\/wp-content\/uploads\/2022\/12\/Hubsch_logo_black_one_line.svg","contentUrl":"https:\/\/hubsch-interior.com\/wp-content\/uploads\/2022\/12\/Hubsch_logo_black_one_line.svg","caption":"H\u00fcbsch"},"image":{"@id":"https:\/\/hubsch-interior.com\/da\/#\/schema\/logo\/image\/"}}]}},"_links":{"self":[{"href":"https:\/\/hubsch-interior.com\/da\/wp-json\/wp\/v2\/product\/390463","targetHints":{"allow":["GET"]}}],"collection":[{"href":"https:\/\/hubsch-interior.com\/da\/wp-json\/wp\/v2\/product"}],"about":[{"href":"https:\/\/hubsch-interior.com\/da\/wp-json\/wp\/v2\/types\/product"}],"wp:featuredmedia":[{"embeddable":true,"href":"https:\/\/hubsch-interior.com\/da\/wp-json\/wp\/v2\/media\/1096802"}],"wp:attachment":[{"href":"https:\/\/hubsch-interior.com\/da\/wp-json\/wp\/v2\/media?parent=390463"}],"wp:term":[{"taxonomy":"product_brand","embeddable":true,"href":"https:\/\/hubsch-interior.com\/da\/wp-json\/wp\/v2\/product_brand?post=390463"},{"taxonomy":"product_cat","embeddable":true,"href":"https:\/\/hubsch-interior.com\/da\/wp-json\/wp\/v2\/product_cat?post=390463"},{"taxonomy":"product_tag","embeddable":true,"href":"https:\/\/hubsch-interior.com\/da\/wp-json\/wp\/v2\/product_tag?post=390463"}],"curies":[{"name":"wp","href":"https:\/\/api.w.org\/{rel}","templated":true}]}}