{"id":808863,"date":"2022-08-23T14:41:30","date_gmt":"2022-08-23T12:41:30","guid":{"rendered":"https:\/\/hubsch-interior.com\/product\/product\/"},"modified":"2026-04-29T05:05:09","modified_gmt":"2026-04-29T03:05:09","slug":"stage-pendel-bla","status":"publish","type":"product","link":"https:\/\/hubsch-interior.com\/da\/vare\/stage-pendel-bla\/","title":{"rendered":"Stage Pendel Bl\u00e5"},"content":{"rendered":"<p>Denne smukke bl\u00e5 pendel er midtpunkt uanset, hvor du h\u00e6nger den op. Om det er i et lidt kedeligt hj\u00f8rne i dit hjem, eller over spisebordet, kaster denne bl\u00e5 lampe lys p\u00e5 herlige samtaler og alle dine smukke ting. Hvis du placerer den over dit spisebord, s\u00e5 er et par ved siden af hinanden en smuk installation &#8211; m\u00e5ske endda tre p\u00e5 rad og r\u00e6kke. Den moderne loftslampe har en matchende bl\u00e5 ledning, som g\u00f8r, at lampen bare er spot on. <\/p>\n","protected":false},"excerpt":{"rendered":"<p>Denne smukke bl\u00e5 pendel er midtpunkt uanset, hvor du h\u00e6nger den op. Om det er i et lidt kedeligt hj\u00f8rne i dit hjem, eller over spisebordet, kaster denne bl\u00e5 lampe lys p\u00e5 herlige samtaler og alle dine smukke ting. Hvis du placerer den over dit spisebord, s\u00e5 er et par ved siden af hinanden en [&hellip;]<\/p>\n","protected":false},"featured_media":1106408,"template":"","meta":{"_acf_changed":false,"inline_featured_image":false},"product_brand":[],"product_cat":[6378,3808,4146],"product_tag":[],"class_list":{"0":"post-808863","1":"product","2":"type-product","3":"status-publish","4":"has-post-thumbnail","6":"product_cat-always-a-twist-da","7":"product_cat-belysning","8":"product_cat-loftslamper-da","9":"product_shipping_class-pk","11":"pa_color-bl","12":"pa_material-jern-da","14":"first","15":"instock","16":"taxable","17":"shipping-taxable","18":"purchasable","19":"product-type-simple"},"exclude_global_add_ons":[],"addons":[],"acf":[],"yoast_head":"<!-- This site is optimized with the Yoast SEO plugin v26.4 - https:\/\/yoast.com\/wordpress\/plugins\/seo\/ -->\n<title>Stage Pendel Bl\u00e5 - H\u00fcbsch<\/title>\n<meta name=\"description\" content=\"Denne smukke bl\u00e5 pendel er midtpunkt uanset, hvor du h\u00e6nger den op. Om det er i et lidt kedeligt hj\u00f8rne i dit hjem, eller over spisebordet, kaster denne\" \/>\n<meta name=\"robots\" content=\"index, follow, max-snippet:-1, max-image-preview:large, max-video-preview:-1\" \/>\n<link rel=\"canonical\" href=\"https:\/\/hubsch-interior.com\/da\/wp-json\/wp\/v2\/product\/808863\" \/>\n<meta property=\"og:locale\" content=\"da_DK\" \/>\n<meta property=\"og:type\" content=\"article\" \/>\n<meta property=\"og:title\" content=\"Stage Pendel Bl\u00e5 - H\u00fcbsch\" \/>\n<meta property=\"og:description\" content=\"Denne smukke bl\u00e5 pendel er midtpunkt uanset, hvor du h\u00e6nger den op. Om det er i et lidt kedeligt hj\u00f8rne i dit hjem, eller over spisebordet, kaster denne\" \/>\n<meta property=\"og:url\" content=\"https:\/\/hubsch-interior.com\/da\/vare\/stage-pendel-bla\/\" \/>\n<meta property=\"og:site_name\" content=\"H\u00fcbsch\" \/>\n<meta property=\"article:modified_time\" content=\"2026-04-29T03:05:09+00:00\" \/>\n<meta property=\"og:image\" content=\"https:\/\/hubsch-interior.com\/wp-content\/uploads\/2026\/02\/stage-pendant-blue-ca724ba47d2ce99c413acd12f162cdc9.jpg\" \/>\n\t<meta property=\"og:image:width\" content=\"1024\" \/>\n\t<meta property=\"og:image:height\" content=\"1024\" \/>\n\t<meta property=\"og:image:type\" content=\"image\/jpeg\" \/>\n<meta name=\"twitter:card\" content=\"summary_large_image\" \/>\n<script type=\"application\/ld+json\" class=\"yoast-schema-graph\">{\"@context\":\"https:\/\/schema.org\",\"@graph\":[{\"@type\":\"WebPage\",\"@id\":\"https:\/\/hubsch-interior.com\/da\/vare\/stage-pendel-bla\/\",\"url\":\"https:\/\/hubsch-interior.com\/da\/vare\/stage-pendel-bla\/\",\"name\":\"Stage Pendel Bl\u00e5 - H\u00fcbsch\",\"isPartOf\":{\"@id\":\"https:\/\/hubsch-interior.com\/da\/#website\"},\"primaryImageOfPage\":{\"@id\":\"https:\/\/hubsch-interior.com\/da\/vare\/stage-pendel-bla\/#primaryimage\"},\"image\":{\"@id\":\"https:\/\/hubsch-interior.com\/da\/vare\/stage-pendel-bla\/#primaryimage\"},\"thumbnailUrl\":\"https:\/\/hubsch-interior.com\/wp-content\/uploads\/2026\/02\/stage-pendant-blue-ca724ba47d2ce99c413acd12f162cdc9.jpg\",\"datePublished\":\"2022-08-23T12:41:30+00:00\",\"dateModified\":\"2026-04-29T03:05:09+00:00\",\"description\":\"Denne smukke bl\u00e5 pendel er midtpunkt uanset, hvor du h\u00e6nger den op. Om det er i et lidt kedeligt hj\u00f8rne i dit hjem, eller over spisebordet, kaster denne\",\"breadcrumb\":{\"@id\":\"https:\/\/hubsch-interior.com\/da\/vare\/stage-pendel-bla\/#breadcrumb\"},\"inLanguage\":\"da-DK\",\"potentialAction\":[{\"@type\":\"ReadAction\",\"target\":[\"https:\/\/hubsch-interior.com\/da\/vare\/stage-pendel-bla\/\"]}]},{\"@type\":\"ImageObject\",\"inLanguage\":\"da-DK\",\"@id\":\"https:\/\/hubsch-interior.com\/da\/vare\/stage-pendel-bla\/#primaryimage\",\"url\":\"https:\/\/hubsch-interior.com\/wp-content\/uploads\/2026\/02\/stage-pendant-blue-ca724ba47d2ce99c413acd12f162cdc9.jpg\",\"contentUrl\":\"https:\/\/hubsch-interior.com\/wp-content\/uploads\/2026\/02\/stage-pendant-blue-ca724ba47d2ce99c413acd12f162cdc9.jpg\",\"width\":1024,\"height\":1024},{\"@type\":\"BreadcrumbList\",\"@id\":\"https:\/\/hubsch-interior.com\/da\/vare\/stage-pendel-bla\/#breadcrumb\",\"itemListElement\":[{\"@type\":\"ListItem\",\"position\":1,\"name\":\"Forside\",\"item\":\"https:\/\/hubsch-interior.com\/da\/\"},{\"@type\":\"ListItem\",\"position\":2,\"name\":\"Produkter\",\"item\":\"https:\/\/hubsch-interior.com\/da\/produkter\/\"},{\"@type\":\"ListItem\",\"position\":3,\"name\":\"Belysning\",\"item\":\"https:\/\/hubsch-interior.com\/da\/vare-kategori\/belysning\/\"},{\"@type\":\"ListItem\",\"position\":4,\"name\":\"Loftslamper\",\"item\":\"https:\/\/hubsch-interior.com\/da\/vare-kategori\/belysning\/loftslamper-da\/\"},{\"@type\":\"ListItem\",\"position\":5,\"name\":\"Stage Pendel Bl\u00e5\"}]},{\"@type\":\"WebSite\",\"@id\":\"https:\/\/hubsch-interior.com\/da\/#website\",\"url\":\"https:\/\/hubsch-interior.com\/da\/\",\"name\":\"H\u00fcbsch\",\"description\":\"Danish Home Interior and Design\",\"publisher\":{\"@id\":\"https:\/\/hubsch-interior.com\/da\/#organization\"},\"potentialAction\":[{\"@type\":\"SearchAction\",\"target\":{\"@type\":\"EntryPoint\",\"urlTemplate\":\"https:\/\/hubsch-interior.com\/da\/?s={search_term_string}\"},\"query-input\":{\"@type\":\"PropertyValueSpecification\",\"valueRequired\":true,\"valueName\":\"search_term_string\"}}],\"inLanguage\":\"da-DK\"},{\"@type\":\"Organization\",\"@id\":\"https:\/\/hubsch-interior.com\/da\/#organization\",\"name\":\"H\u00fcbsch\",\"url\":\"https:\/\/hubsch-interior.com\/da\/\",\"logo\":{\"@type\":\"ImageObject\",\"inLanguage\":\"da-DK\",\"@id\":\"https:\/\/hubsch-interior.com\/da\/#\/schema\/logo\/image\/\",\"url\":\"https:\/\/hubsch-interior.com\/wp-content\/uploads\/2022\/12\/Hubsch_logo_black_one_line.svg\",\"contentUrl\":\"https:\/\/hubsch-interior.com\/wp-content\/uploads\/2022\/12\/Hubsch_logo_black_one_line.svg\",\"caption\":\"H\u00fcbsch\"},\"image\":{\"@id\":\"https:\/\/hubsch-interior.com\/da\/#\/schema\/logo\/image\/\"}}]}<\/script>\n<!-- \/ Yoast SEO plugin. -->","yoast_head_json":{"title":"Stage Pendel Bl\u00e5 - H\u00fcbsch","description":"Denne smukke bl\u00e5 pendel er midtpunkt uanset, hvor du h\u00e6nger den op. Om det er i et lidt kedeligt hj\u00f8rne i dit hjem, eller over spisebordet, kaster denne","robots":{"index":"index","follow":"follow","max-snippet":"max-snippet:-1","max-image-preview":"max-image-preview:large","max-video-preview":"max-video-preview:-1"},"canonical":"https:\/\/hubsch-interior.com\/da\/wp-json\/wp\/v2\/product\/808863","og_locale":"da_DK","og_type":"article","og_title":"Stage Pendel Bl\u00e5 - H\u00fcbsch","og_description":"Denne smukke bl\u00e5 pendel er midtpunkt uanset, hvor du h\u00e6nger den op. Om det er i et lidt kedeligt hj\u00f8rne i dit hjem, eller over spisebordet, kaster denne","og_url":"https:\/\/hubsch-interior.com\/da\/vare\/stage-pendel-bla\/","og_site_name":"H\u00fcbsch","article_modified_time":"2026-04-29T03:05:09+00:00","og_image":[{"width":1024,"height":1024,"url":"https:\/\/hubsch-interior.com\/wp-content\/uploads\/2026\/02\/stage-pendant-blue-ca724ba47d2ce99c413acd12f162cdc9.jpg","type":"image\/jpeg"}],"twitter_card":"summary_large_image","schema":{"@context":"https:\/\/schema.org","@graph":[{"@type":"WebPage","@id":"https:\/\/hubsch-interior.com\/da\/vare\/stage-pendel-bla\/","url":"https:\/\/hubsch-interior.com\/da\/vare\/stage-pendel-bla\/","name":"Stage Pendel Bl\u00e5 - H\u00fcbsch","isPartOf":{"@id":"https:\/\/hubsch-interior.com\/da\/#website"},"primaryImageOfPage":{"@id":"https:\/\/hubsch-interior.com\/da\/vare\/stage-pendel-bla\/#primaryimage"},"image":{"@id":"https:\/\/hubsch-interior.com\/da\/vare\/stage-pendel-bla\/#primaryimage"},"thumbnailUrl":"https:\/\/hubsch-interior.com\/wp-content\/uploads\/2026\/02\/stage-pendant-blue-ca724ba47d2ce99c413acd12f162cdc9.jpg","datePublished":"2022-08-23T12:41:30+00:00","dateModified":"2026-04-29T03:05:09+00:00","description":"Denne smukke bl\u00e5 pendel er midtpunkt uanset, hvor du h\u00e6nger den op. Om det er i et lidt kedeligt hj\u00f8rne i dit hjem, eller over spisebordet, kaster denne","breadcrumb":{"@id":"https:\/\/hubsch-interior.com\/da\/vare\/stage-pendel-bla\/#breadcrumb"},"inLanguage":"da-DK","potentialAction":[{"@type":"ReadAction","target":["https:\/\/hubsch-interior.com\/da\/vare\/stage-pendel-bla\/"]}]},{"@type":"ImageObject","inLanguage":"da-DK","@id":"https:\/\/hubsch-interior.com\/da\/vare\/stage-pendel-bla\/#primaryimage","url":"https:\/\/hubsch-interior.com\/wp-content\/uploads\/2026\/02\/stage-pendant-blue-ca724ba47d2ce99c413acd12f162cdc9.jpg","contentUrl":"https:\/\/hubsch-interior.com\/wp-content\/uploads\/2026\/02\/stage-pendant-blue-ca724ba47d2ce99c413acd12f162cdc9.jpg","width":1024,"height":1024},{"@type":"BreadcrumbList","@id":"https:\/\/hubsch-interior.com\/da\/vare\/stage-pendel-bla\/#breadcrumb","itemListElement":[{"@type":"ListItem","position":1,"name":"Forside","item":"https:\/\/hubsch-interior.com\/da\/"},{"@type":"ListItem","position":2,"name":"Produkter","item":"https:\/\/hubsch-interior.com\/da\/produkter\/"},{"@type":"ListItem","position":3,"name":"Belysning","item":"https:\/\/hubsch-interior.com\/da\/vare-kategori\/belysning\/"},{"@type":"ListItem","position":4,"name":"Loftslamper","item":"https:\/\/hubsch-interior.com\/da\/vare-kategori\/belysning\/loftslamper-da\/"},{"@type":"ListItem","position":5,"name":"Stage Pendel Bl\u00e5"}]},{"@type":"WebSite","@id":"https:\/\/hubsch-interior.com\/da\/#website","url":"https:\/\/hubsch-interior.com\/da\/","name":"H\u00fcbsch","description":"Danish Home Interior and Design","publisher":{"@id":"https:\/\/hubsch-interior.com\/da\/#organization"},"potentialAction":[{"@type":"SearchAction","target":{"@type":"EntryPoint","urlTemplate":"https:\/\/hubsch-interior.com\/da\/?s={search_term_string}"},"query-input":{"@type":"PropertyValueSpecification","valueRequired":true,"valueName":"search_term_string"}}],"inLanguage":"da-DK"},{"@type":"Organization","@id":"https:\/\/hubsch-interior.com\/da\/#organization","name":"H\u00fcbsch","url":"https:\/\/hubsch-interior.com\/da\/","logo":{"@type":"ImageObject","inLanguage":"da-DK","@id":"https:\/\/hubsch-interior.com\/da\/#\/schema\/logo\/image\/","url":"https:\/\/hubsch-interior.com\/wp-content\/uploads\/2022\/12\/Hubsch_logo_black_one_line.svg","contentUrl":"https:\/\/hubsch-interior.com\/wp-content\/uploads\/2022\/12\/Hubsch_logo_black_one_line.svg","caption":"H\u00fcbsch"},"image":{"@id":"https:\/\/hubsch-interior.com\/da\/#\/schema\/logo\/image\/"}}]}},"_links":{"self":[{"href":"https:\/\/hubsch-interior.com\/da\/wp-json\/wp\/v2\/product\/808863","targetHints":{"allow":["GET"]}}],"collection":[{"href":"https:\/\/hubsch-interior.com\/da\/wp-json\/wp\/v2\/product"}],"about":[{"href":"https:\/\/hubsch-interior.com\/da\/wp-json\/wp\/v2\/types\/product"}],"wp:featuredmedia":[{"embeddable":true,"href":"https:\/\/hubsch-interior.com\/da\/wp-json\/wp\/v2\/media\/1106408"}],"wp:attachment":[{"href":"https:\/\/hubsch-interior.com\/da\/wp-json\/wp\/v2\/media?parent=808863"}],"wp:term":[{"taxonomy":"product_brand","embeddable":true,"href":"https:\/\/hubsch-interior.com\/da\/wp-json\/wp\/v2\/product_brand?post=808863"},{"taxonomy":"product_cat","embeddable":true,"href":"https:\/\/hubsch-interior.com\/da\/wp-json\/wp\/v2\/product_cat?post=808863"},{"taxonomy":"product_tag","embeddable":true,"href":"https:\/\/hubsch-interior.com\/da\/wp-json\/wp\/v2\/product_tag?post=808863"}],"curies":[{"name":"wp","href":"https:\/\/api.w.org\/{rel}","templated":true}]}}