{"id":962087,"date":"2024-01-08T09:47:55","date_gmt":"2024-01-08T08:47:55","guid":{"rendered":"https:\/\/hubsch-interior.com\/product\/product\/"},"modified":"2026-04-26T05:11:51","modified_gmt":"2026-04-26T03:11:51","slug":"serene-pendel-o32-hvid","status":"publish","type":"product","link":"https:\/\/hubsch-interior.com\/da\/vare\/serene-pendel-o32-hvid\/","title":{"rendered":"Serene Pendel \u00d832 Hvid"},"content":{"rendered":"<p>Serene h\u00e6ngelampe \u00d832 hvid er et stilfuldt belysningselement, der oplyser ethvert rum og skaber en smuk atmosf\u00e6re. Lampen er lavet af glas og metal og er et unikt designobjekt. Den giver dit interi\u00f8r et moderne og tidl\u00f8st udtryk. Lampen kan bruges alene eller i kombination med andre lamper for at lyse rummet op og skabe en hyggelig stemning. Den hvide farve giver lampen et elegant look og passer perfekt til enhver indretning.<\/p>\n","protected":false},"excerpt":{"rendered":"<p>Serene h\u00e6ngelampe \u00d832 hvid er et stilfuldt belysningselement, der oplyser ethvert rum og skaber en smuk atmosf\u00e6re. Lampen er lavet af glas og metal og er et unikt designobjekt. Den giver dit interi\u00f8r et moderne og tidl\u00f8st udtryk. Lampen kan bruges alene eller i kombination med andre lamper for at lyse rummet op og skabe [&hellip;]<\/p>\n","protected":false},"featured_media":1107174,"template":"","meta":{"_acf_changed":false,"inline_featured_image":false},"product_brand":[],"product_cat":[6942,3808,4146,5025],"product_tag":[],"class_list":{"0":"post-962087","1":"product","2":"type-product","3":"status-publish","4":"has-post-thumbnail","6":"product_cat-bestseller-2025-da","7":"product_cat-belysning","8":"product_cat-loftslamper-da","9":"product_cat-bestsellers-da","10":"product_shipping_class-pk","12":"pa_color-hvid","13":"pa_material-glas-da","14":"pa_material-jern-da","16":"first","17":"outofstock","18":"featured","19":"taxable","20":"shipping-taxable","21":"purchasable","22":"product-type-simple"},"exclude_global_add_ons":[],"addons":[],"acf":[],"yoast_head":"<!-- This site is optimized with the Yoast SEO plugin v26.4 - https:\/\/yoast.com\/wordpress\/plugins\/seo\/ -->\n<title>Serene Pendel \u00d832 Hvid - H\u00fcbsch<\/title>\n<meta name=\"description\" content=\"Serene h\u00e6ngelampe \u00d832 hvid er et stilfuldt belysningselement, der oplyser ethvert rum og skaber en smuk atmosf\u00e6re. Lampen er lavet af glas og metal og er\" \/>\n<meta name=\"robots\" content=\"index, follow, max-snippet:-1, max-image-preview:large, max-video-preview:-1\" \/>\n<link rel=\"canonical\" href=\"https:\/\/hubsch-interior.com\/da\/wp-json\/wp\/v2\/product\/962087\" \/>\n<meta property=\"og:locale\" content=\"da_DK\" \/>\n<meta property=\"og:type\" content=\"article\" \/>\n<meta property=\"og:title\" content=\"Serene Pendel \u00d832 Hvid - H\u00fcbsch\" \/>\n<meta property=\"og:description\" content=\"Serene h\u00e6ngelampe \u00d832 hvid er et stilfuldt belysningselement, der oplyser ethvert rum og skaber en smuk atmosf\u00e6re. Lampen er lavet af glas og metal og er\" \/>\n<meta property=\"og:url\" content=\"https:\/\/hubsch-interior.com\/da\/vare\/serene-pendel-o32-hvid\/\" \/>\n<meta property=\"og:site_name\" content=\"H\u00fcbsch\" \/>\n<meta property=\"article:modified_time\" content=\"2026-04-26T03:11:51+00:00\" \/>\n<meta property=\"og:image\" content=\"https:\/\/hubsch-interior.com\/wp-content\/uploads\/2026\/02\/serene-pendant-O32-white-ccb5345b7eeb1bf42ff20fcd2e3e06bc.jpg\" \/>\n\t<meta property=\"og:image:width\" content=\"1024\" \/>\n\t<meta property=\"og:image:height\" content=\"1024\" \/>\n\t<meta property=\"og:image:type\" content=\"image\/jpeg\" \/>\n<meta name=\"twitter:card\" content=\"summary_large_image\" \/>\n<script type=\"application\/ld+json\" class=\"yoast-schema-graph\">{\"@context\":\"https:\/\/schema.org\",\"@graph\":[{\"@type\":\"WebPage\",\"@id\":\"https:\/\/hubsch-interior.com\/da\/vare\/serene-pendel-o32-hvid\/\",\"url\":\"https:\/\/hubsch-interior.com\/da\/vare\/serene-pendel-o32-hvid\/\",\"name\":\"Serene Pendel \u00d832 Hvid - H\u00fcbsch\",\"isPartOf\":{\"@id\":\"https:\/\/hubsch-interior.com\/da\/#website\"},\"primaryImageOfPage\":{\"@id\":\"https:\/\/hubsch-interior.com\/da\/vare\/serene-pendel-o32-hvid\/#primaryimage\"},\"image\":{\"@id\":\"https:\/\/hubsch-interior.com\/da\/vare\/serene-pendel-o32-hvid\/#primaryimage\"},\"thumbnailUrl\":\"https:\/\/hubsch-interior.com\/wp-content\/uploads\/2026\/02\/serene-pendant-O32-white-ccb5345b7eeb1bf42ff20fcd2e3e06bc.jpg\",\"datePublished\":\"2024-01-08T08:47:55+00:00\",\"dateModified\":\"2026-04-26T03:11:51+00:00\",\"description\":\"Serene h\u00e6ngelampe \u00d832 hvid er et stilfuldt belysningselement, der oplyser ethvert rum og skaber en smuk atmosf\u00e6re. Lampen er lavet af glas og metal og er\",\"breadcrumb\":{\"@id\":\"https:\/\/hubsch-interior.com\/da\/vare\/serene-pendel-o32-hvid\/#breadcrumb\"},\"inLanguage\":\"da-DK\",\"potentialAction\":[{\"@type\":\"ReadAction\",\"target\":[\"https:\/\/hubsch-interior.com\/da\/vare\/serene-pendel-o32-hvid\/\"]}]},{\"@type\":\"ImageObject\",\"inLanguage\":\"da-DK\",\"@id\":\"https:\/\/hubsch-interior.com\/da\/vare\/serene-pendel-o32-hvid\/#primaryimage\",\"url\":\"https:\/\/hubsch-interior.com\/wp-content\/uploads\/2026\/02\/serene-pendant-O32-white-ccb5345b7eeb1bf42ff20fcd2e3e06bc.jpg\",\"contentUrl\":\"https:\/\/hubsch-interior.com\/wp-content\/uploads\/2026\/02\/serene-pendant-O32-white-ccb5345b7eeb1bf42ff20fcd2e3e06bc.jpg\",\"width\":1024,\"height\":1024},{\"@type\":\"BreadcrumbList\",\"@id\":\"https:\/\/hubsch-interior.com\/da\/vare\/serene-pendel-o32-hvid\/#breadcrumb\",\"itemListElement\":[{\"@type\":\"ListItem\",\"position\":1,\"name\":\"Forside\",\"item\":\"https:\/\/hubsch-interior.com\/da\/\"},{\"@type\":\"ListItem\",\"position\":2,\"name\":\"Produkter\",\"item\":\"https:\/\/hubsch-interior.com\/da\/produkter\/\"},{\"@type\":\"ListItem\",\"position\":3,\"name\":\"Belysning\",\"item\":\"https:\/\/hubsch-interior.com\/da\/vare-kategori\/belysning\/\"},{\"@type\":\"ListItem\",\"position\":4,\"name\":\"Loftslamper\",\"item\":\"https:\/\/hubsch-interior.com\/da\/vare-kategori\/belysning\/loftslamper-da\/\"},{\"@type\":\"ListItem\",\"position\":5,\"name\":\"Serene Pendel \u00d832 Hvid\"}]},{\"@type\":\"WebSite\",\"@id\":\"https:\/\/hubsch-interior.com\/da\/#website\",\"url\":\"https:\/\/hubsch-interior.com\/da\/\",\"name\":\"H\u00fcbsch\",\"description\":\"Danish Home Interior and Design\",\"publisher\":{\"@id\":\"https:\/\/hubsch-interior.com\/da\/#organization\"},\"potentialAction\":[{\"@type\":\"SearchAction\",\"target\":{\"@type\":\"EntryPoint\",\"urlTemplate\":\"https:\/\/hubsch-interior.com\/da\/?s={search_term_string}\"},\"query-input\":{\"@type\":\"PropertyValueSpecification\",\"valueRequired\":true,\"valueName\":\"search_term_string\"}}],\"inLanguage\":\"da-DK\"},{\"@type\":\"Organization\",\"@id\":\"https:\/\/hubsch-interior.com\/da\/#organization\",\"name\":\"H\u00fcbsch\",\"url\":\"https:\/\/hubsch-interior.com\/da\/\",\"logo\":{\"@type\":\"ImageObject\",\"inLanguage\":\"da-DK\",\"@id\":\"https:\/\/hubsch-interior.com\/da\/#\/schema\/logo\/image\/\",\"url\":\"https:\/\/hubsch-interior.com\/wp-content\/uploads\/2022\/12\/Hubsch_logo_black_one_line.svg\",\"contentUrl\":\"https:\/\/hubsch-interior.com\/wp-content\/uploads\/2022\/12\/Hubsch_logo_black_one_line.svg\",\"caption\":\"H\u00fcbsch\"},\"image\":{\"@id\":\"https:\/\/hubsch-interior.com\/da\/#\/schema\/logo\/image\/\"}}]}<\/script>\n<!-- \/ Yoast SEO plugin. -->","yoast_head_json":{"title":"Serene Pendel \u00d832 Hvid - H\u00fcbsch","description":"Serene h\u00e6ngelampe \u00d832 hvid er et stilfuldt belysningselement, der oplyser ethvert rum og skaber en smuk atmosf\u00e6re. Lampen er lavet af glas og metal og er","robots":{"index":"index","follow":"follow","max-snippet":"max-snippet:-1","max-image-preview":"max-image-preview:large","max-video-preview":"max-video-preview:-1"},"canonical":"https:\/\/hubsch-interior.com\/da\/wp-json\/wp\/v2\/product\/962087","og_locale":"da_DK","og_type":"article","og_title":"Serene Pendel \u00d832 Hvid - H\u00fcbsch","og_description":"Serene h\u00e6ngelampe \u00d832 hvid er et stilfuldt belysningselement, der oplyser ethvert rum og skaber en smuk atmosf\u00e6re. Lampen er lavet af glas og metal og er","og_url":"https:\/\/hubsch-interior.com\/da\/vare\/serene-pendel-o32-hvid\/","og_site_name":"H\u00fcbsch","article_modified_time":"2026-04-26T03:11:51+00:00","og_image":[{"width":1024,"height":1024,"url":"https:\/\/hubsch-interior.com\/wp-content\/uploads\/2026\/02\/serene-pendant-O32-white-ccb5345b7eeb1bf42ff20fcd2e3e06bc.jpg","type":"image\/jpeg"}],"twitter_card":"summary_large_image","schema":{"@context":"https:\/\/schema.org","@graph":[{"@type":"WebPage","@id":"https:\/\/hubsch-interior.com\/da\/vare\/serene-pendel-o32-hvid\/","url":"https:\/\/hubsch-interior.com\/da\/vare\/serene-pendel-o32-hvid\/","name":"Serene Pendel \u00d832 Hvid - H\u00fcbsch","isPartOf":{"@id":"https:\/\/hubsch-interior.com\/da\/#website"},"primaryImageOfPage":{"@id":"https:\/\/hubsch-interior.com\/da\/vare\/serene-pendel-o32-hvid\/#primaryimage"},"image":{"@id":"https:\/\/hubsch-interior.com\/da\/vare\/serene-pendel-o32-hvid\/#primaryimage"},"thumbnailUrl":"https:\/\/hubsch-interior.com\/wp-content\/uploads\/2026\/02\/serene-pendant-O32-white-ccb5345b7eeb1bf42ff20fcd2e3e06bc.jpg","datePublished":"2024-01-08T08:47:55+00:00","dateModified":"2026-04-26T03:11:51+00:00","description":"Serene h\u00e6ngelampe \u00d832 hvid er et stilfuldt belysningselement, der oplyser ethvert rum og skaber en smuk atmosf\u00e6re. Lampen er lavet af glas og metal og er","breadcrumb":{"@id":"https:\/\/hubsch-interior.com\/da\/vare\/serene-pendel-o32-hvid\/#breadcrumb"},"inLanguage":"da-DK","potentialAction":[{"@type":"ReadAction","target":["https:\/\/hubsch-interior.com\/da\/vare\/serene-pendel-o32-hvid\/"]}]},{"@type":"ImageObject","inLanguage":"da-DK","@id":"https:\/\/hubsch-interior.com\/da\/vare\/serene-pendel-o32-hvid\/#primaryimage","url":"https:\/\/hubsch-interior.com\/wp-content\/uploads\/2026\/02\/serene-pendant-O32-white-ccb5345b7eeb1bf42ff20fcd2e3e06bc.jpg","contentUrl":"https:\/\/hubsch-interior.com\/wp-content\/uploads\/2026\/02\/serene-pendant-O32-white-ccb5345b7eeb1bf42ff20fcd2e3e06bc.jpg","width":1024,"height":1024},{"@type":"BreadcrumbList","@id":"https:\/\/hubsch-interior.com\/da\/vare\/serene-pendel-o32-hvid\/#breadcrumb","itemListElement":[{"@type":"ListItem","position":1,"name":"Forside","item":"https:\/\/hubsch-interior.com\/da\/"},{"@type":"ListItem","position":2,"name":"Produkter","item":"https:\/\/hubsch-interior.com\/da\/produkter\/"},{"@type":"ListItem","position":3,"name":"Belysning","item":"https:\/\/hubsch-interior.com\/da\/vare-kategori\/belysning\/"},{"@type":"ListItem","position":4,"name":"Loftslamper","item":"https:\/\/hubsch-interior.com\/da\/vare-kategori\/belysning\/loftslamper-da\/"},{"@type":"ListItem","position":5,"name":"Serene Pendel \u00d832 Hvid"}]},{"@type":"WebSite","@id":"https:\/\/hubsch-interior.com\/da\/#website","url":"https:\/\/hubsch-interior.com\/da\/","name":"H\u00fcbsch","description":"Danish Home Interior and Design","publisher":{"@id":"https:\/\/hubsch-interior.com\/da\/#organization"},"potentialAction":[{"@type":"SearchAction","target":{"@type":"EntryPoint","urlTemplate":"https:\/\/hubsch-interior.com\/da\/?s={search_term_string}"},"query-input":{"@type":"PropertyValueSpecification","valueRequired":true,"valueName":"search_term_string"}}],"inLanguage":"da-DK"},{"@type":"Organization","@id":"https:\/\/hubsch-interior.com\/da\/#organization","name":"H\u00fcbsch","url":"https:\/\/hubsch-interior.com\/da\/","logo":{"@type":"ImageObject","inLanguage":"da-DK","@id":"https:\/\/hubsch-interior.com\/da\/#\/schema\/logo\/image\/","url":"https:\/\/hubsch-interior.com\/wp-content\/uploads\/2022\/12\/Hubsch_logo_black_one_line.svg","contentUrl":"https:\/\/hubsch-interior.com\/wp-content\/uploads\/2022\/12\/Hubsch_logo_black_one_line.svg","caption":"H\u00fcbsch"},"image":{"@id":"https:\/\/hubsch-interior.com\/da\/#\/schema\/logo\/image\/"}}]}},"_links":{"self":[{"href":"https:\/\/hubsch-interior.com\/da\/wp-json\/wp\/v2\/product\/962087","targetHints":{"allow":["GET"]}}],"collection":[{"href":"https:\/\/hubsch-interior.com\/da\/wp-json\/wp\/v2\/product"}],"about":[{"href":"https:\/\/hubsch-interior.com\/da\/wp-json\/wp\/v2\/types\/product"}],"wp:featuredmedia":[{"embeddable":true,"href":"https:\/\/hubsch-interior.com\/da\/wp-json\/wp\/v2\/media\/1107174"}],"wp:attachment":[{"href":"https:\/\/hubsch-interior.com\/da\/wp-json\/wp\/v2\/media?parent=962087"}],"wp:term":[{"taxonomy":"product_brand","embeddable":true,"href":"https:\/\/hubsch-interior.com\/da\/wp-json\/wp\/v2\/product_brand?post=962087"},{"taxonomy":"product_cat","embeddable":true,"href":"https:\/\/hubsch-interior.com\/da\/wp-json\/wp\/v2\/product_cat?post=962087"},{"taxonomy":"product_tag","embeddable":true,"href":"https:\/\/hubsch-interior.com\/da\/wp-json\/wp\/v2\/product_tag?post=962087"}],"curies":[{"name":"wp","href":"https:\/\/api.w.org\/{rel}","templated":true}]}}