{"id":975807,"date":"2024-01-29T08:31:55","date_gmt":"2024-01-29T07:31:55","guid":{"rendered":"https:\/\/hubsch-interior.com\/product\/product\/"},"modified":"2026-04-29T04:28:52","modified_gmt":"2026-04-29T02:28:52","slug":"deux-potte-lysegron-sand-saet-af-2","status":"publish","type":"product","link":"https:\/\/hubsch-interior.com\/da\/vare\/deux-potte-lysegron-sand-saet-af-2\/","title":{"rendered":"Deux Potte Lysegr\u00f8n\/Sand (s\u00e6t af 2)"},"content":{"rendered":"<p>Deux Potte er den perfekte tilf\u00f8jelse til dit hjem. Disse stenpulverst\u00f8bte vaser f\u00e5s i to forskellige farvevarianter, og denne lysegr\u00f8n\/sandfarvede tilf\u00f8jer et friskt og organisk touch til ethvert rum. Med Deux Potte kan du v\u00e6re kreativ og bruge dem som separate vaser eller kombinere dem for en unik og alsidig opbevaringsl\u00f8sning. Blandingen af farver tilf\u00f8jer et dynamisk twist, der passer til enhver indretning. Med disse vaser kan du skabe dit eget personlige udtryk og bruge dem til opbevaring af dine yndlingsgenstande, som du v\u00e6lger. Deux Potte er et must-have til dit hjem.<\/p>\n","protected":false},"excerpt":{"rendered":"<p>Deux Potte er den perfekte tilf\u00f8jelse til dit hjem. Disse stenpulverst\u00f8bte vaser f\u00e5s i to forskellige farvevarianter, og denne lysegr\u00f8n\/sandfarvede tilf\u00f8jer et friskt og organisk touch til ethvert rum. Med Deux Potte kan du v\u00e6re kreativ og bruge dem som separate vaser eller kombinere dem for en unik og alsidig opbevaringsl\u00f8sning. Blandingen af farver tilf\u00f8jer [&hellip;]<\/p>\n","protected":false},"featured_media":1096630,"template":"","meta":{"_acf_changed":false,"inline_featured_image":false},"product_brand":[],"product_cat":[6880,6970,4912,4923,3152],"product_tag":[],"class_list":{"0":"post-975807","1":"product","2":"type-product","3":"status-publish","4":"has-post-thumbnail","6":"product_cat-elevating-nostalgia-da","7":"product_cat-paaskeudsalg","8":"product_cat-potter-vandkander-da","9":"product_cat-potteskjulere-da","10":"product_cat-vaser-da","11":"product_shipping_class-pk","13":"pa_color-sand-da","14":"pa_color-lysegrn","15":"pa_material-stone-powder-100-2","17":"first","18":"instock","19":"taxable","20":"shipping-taxable","21":"purchasable","22":"product-type-simple"},"exclude_global_add_ons":[],"addons":[],"acf":[],"yoast_head":"<!-- This site is optimized with the Yoast SEO plugin v26.4 - https:\/\/yoast.com\/wordpress\/plugins\/seo\/ -->\n<title>Deux Potte Lysegr\u00f8n\/Sand (s\u00e6t af 2) - H\u00fcbsch<\/title>\n<meta name=\"description\" content=\"Deux Potte er den perfekte tilf\u00f8jelse til dit hjem. Disse stenpulverst\u00f8bte vaser f\u00e5s i to forskellige farvevarianter, og denne lysegr\u00f8n\/sandfarvede\" \/>\n<meta name=\"robots\" content=\"index, follow, max-snippet:-1, max-image-preview:large, max-video-preview:-1\" \/>\n<link rel=\"canonical\" href=\"https:\/\/hubsch-interior.com\/da\/wp-json\/wp\/v2\/product\/975807\" \/>\n<meta property=\"og:locale\" content=\"da_DK\" \/>\n<meta property=\"og:type\" content=\"article\" \/>\n<meta property=\"og:title\" content=\"Deux Potte Lysegr\u00f8n\/Sand (s\u00e6t af 2) - H\u00fcbsch\" \/>\n<meta property=\"og:description\" content=\"Deux Potte er den perfekte tilf\u00f8jelse til dit hjem. Disse stenpulverst\u00f8bte vaser f\u00e5s i to forskellige farvevarianter, og denne lysegr\u00f8n\/sandfarvede\" \/>\n<meta property=\"og:url\" content=\"https:\/\/hubsch-interior.com\/da\/vare\/deux-potte-lysegron-sand-saet-af-2\/\" \/>\n<meta property=\"og:site_name\" content=\"H\u00fcbsch\" \/>\n<meta property=\"article:modified_time\" content=\"2026-04-29T02:28:52+00:00\" \/>\n<meta property=\"og:image\" content=\"https:\/\/hubsch-interior.com\/wp-content\/uploads\/2025\/04\/deux-pots-light-greensand-set-of-2-7f3737c685da0df020c8e05ccd104837.jpg\" \/>\n\t<meta property=\"og:image:width\" content=\"1200\" \/>\n\t<meta property=\"og:image:height\" content=\"1200\" \/>\n\t<meta property=\"og:image:type\" content=\"image\/jpeg\" \/>\n<meta name=\"twitter:card\" content=\"summary_large_image\" \/>\n<meta name=\"twitter:label1\" content=\"Estimeret l\u00e6setid\" \/>\n\t<meta name=\"twitter:data1\" content=\"1 minut\" \/>\n<script type=\"application\/ld+json\" class=\"yoast-schema-graph\">{\"@context\":\"https:\/\/schema.org\",\"@graph\":[{\"@type\":\"WebPage\",\"@id\":\"https:\/\/hubsch-interior.com\/da\/vare\/deux-potte-lysegron-sand-saet-af-2\/\",\"url\":\"https:\/\/hubsch-interior.com\/da\/vare\/deux-potte-lysegron-sand-saet-af-2\/\",\"name\":\"Deux Potte Lysegr\u00f8n\/Sand (s\u00e6t af 2) - H\u00fcbsch\",\"isPartOf\":{\"@id\":\"https:\/\/hubsch-interior.com\/da\/#website\"},\"primaryImageOfPage\":{\"@id\":\"https:\/\/hubsch-interior.com\/da\/vare\/deux-potte-lysegron-sand-saet-af-2\/#primaryimage\"},\"image\":{\"@id\":\"https:\/\/hubsch-interior.com\/da\/vare\/deux-potte-lysegron-sand-saet-af-2\/#primaryimage\"},\"thumbnailUrl\":\"https:\/\/hubsch-interior.com\/wp-content\/uploads\/2026\/02\/deux-pots-light-greensand-set-of-2-1f4ea0643808d5af0f3df67b036b8b36.jpg\",\"datePublished\":\"2024-01-29T07:31:55+00:00\",\"dateModified\":\"2026-04-29T02:28:52+00:00\",\"description\":\"Deux Potte er den perfekte tilf\u00f8jelse til dit hjem. Disse stenpulverst\u00f8bte vaser f\u00e5s i to forskellige farvevarianter, og denne lysegr\u00f8n\/sandfarvede\",\"breadcrumb\":{\"@id\":\"https:\/\/hubsch-interior.com\/da\/vare\/deux-potte-lysegron-sand-saet-af-2\/#breadcrumb\"},\"inLanguage\":\"da-DK\",\"potentialAction\":[{\"@type\":\"ReadAction\",\"target\":[\"https:\/\/hubsch-interior.com\/da\/vare\/deux-potte-lysegron-sand-saet-af-2\/\"]}]},{\"@type\":\"ImageObject\",\"inLanguage\":\"da-DK\",\"@id\":\"https:\/\/hubsch-interior.com\/da\/vare\/deux-potte-lysegron-sand-saet-af-2\/#primaryimage\",\"url\":\"https:\/\/hubsch-interior.com\/wp-content\/uploads\/2026\/02\/deux-pots-light-greensand-set-of-2-1f4ea0643808d5af0f3df67b036b8b36.jpg\",\"contentUrl\":\"https:\/\/hubsch-interior.com\/wp-content\/uploads\/2026\/02\/deux-pots-light-greensand-set-of-2-1f4ea0643808d5af0f3df67b036b8b36.jpg\",\"width\":1024,\"height\":1024},{\"@type\":\"BreadcrumbList\",\"@id\":\"https:\/\/hubsch-interior.com\/da\/vare\/deux-potte-lysegron-sand-saet-af-2\/#breadcrumb\",\"itemListElement\":[{\"@type\":\"ListItem\",\"position\":1,\"name\":\"Forside\",\"item\":\"https:\/\/hubsch-interior.com\/da\/\"},{\"@type\":\"ListItem\",\"position\":2,\"name\":\"Produkter\",\"item\":\"https:\/\/hubsch-interior.com\/da\/produkter\/\"},{\"@type\":\"ListItem\",\"position\":3,\"name\":\"Boligtilbeh\u00f8r\",\"item\":\"https:\/\/hubsch-interior.com\/da\/vare-kategori\/boligtilbehor\/\"},{\"@type\":\"ListItem\",\"position\":4,\"name\":\"Potter &amp; vandkander\",\"item\":\"https:\/\/hubsch-interior.com\/da\/vare-kategori\/boligtilbehor\/potter-vandkander-da\/\"},{\"@type\":\"ListItem\",\"position\":5,\"name\":\"Potteskjulere\",\"item\":\"https:\/\/hubsch-interior.com\/da\/vare-kategori\/boligtilbehor\/potter-vandkander-da\/potteskjulere-da\/\"},{\"@type\":\"ListItem\",\"position\":6,\"name\":\"Deux Potte Lysegr\u00f8n\/Sand (s\u00e6t af 2)\"}]},{\"@type\":\"WebSite\",\"@id\":\"https:\/\/hubsch-interior.com\/da\/#website\",\"url\":\"https:\/\/hubsch-interior.com\/da\/\",\"name\":\"H\u00fcbsch\",\"description\":\"Danish Home Interior and Design\",\"publisher\":{\"@id\":\"https:\/\/hubsch-interior.com\/da\/#organization\"},\"potentialAction\":[{\"@type\":\"SearchAction\",\"target\":{\"@type\":\"EntryPoint\",\"urlTemplate\":\"https:\/\/hubsch-interior.com\/da\/?s={search_term_string}\"},\"query-input\":{\"@type\":\"PropertyValueSpecification\",\"valueRequired\":true,\"valueName\":\"search_term_string\"}}],\"inLanguage\":\"da-DK\"},{\"@type\":\"Organization\",\"@id\":\"https:\/\/hubsch-interior.com\/da\/#organization\",\"name\":\"H\u00fcbsch\",\"url\":\"https:\/\/hubsch-interior.com\/da\/\",\"logo\":{\"@type\":\"ImageObject\",\"inLanguage\":\"da-DK\",\"@id\":\"https:\/\/hubsch-interior.com\/da\/#\/schema\/logo\/image\/\",\"url\":\"https:\/\/hubsch-interior.com\/wp-content\/uploads\/2022\/12\/Hubsch_logo_black_one_line.svg\",\"contentUrl\":\"https:\/\/hubsch-interior.com\/wp-content\/uploads\/2022\/12\/Hubsch_logo_black_one_line.svg\",\"caption\":\"H\u00fcbsch\"},\"image\":{\"@id\":\"https:\/\/hubsch-interior.com\/da\/#\/schema\/logo\/image\/\"}}]}<\/script>\n<!-- \/ Yoast SEO plugin. -->","yoast_head_json":{"title":"Deux Potte Lysegr\u00f8n\/Sand (s\u00e6t af 2) - H\u00fcbsch","description":"Deux Potte er den perfekte tilf\u00f8jelse til dit hjem. Disse stenpulverst\u00f8bte vaser f\u00e5s i to forskellige farvevarianter, og denne lysegr\u00f8n\/sandfarvede","robots":{"index":"index","follow":"follow","max-snippet":"max-snippet:-1","max-image-preview":"max-image-preview:large","max-video-preview":"max-video-preview:-1"},"canonical":"https:\/\/hubsch-interior.com\/da\/wp-json\/wp\/v2\/product\/975807","og_locale":"da_DK","og_type":"article","og_title":"Deux Potte Lysegr\u00f8n\/Sand (s\u00e6t af 2) - H\u00fcbsch","og_description":"Deux Potte er den perfekte tilf\u00f8jelse til dit hjem. Disse stenpulverst\u00f8bte vaser f\u00e5s i to forskellige farvevarianter, og denne lysegr\u00f8n\/sandfarvede","og_url":"https:\/\/hubsch-interior.com\/da\/vare\/deux-potte-lysegron-sand-saet-af-2\/","og_site_name":"H\u00fcbsch","article_modified_time":"2026-04-29T02:28:52+00:00","og_image":[{"width":1200,"height":1200,"url":"https:\/\/hubsch-interior.com\/wp-content\/uploads\/2025\/04\/deux-pots-light-greensand-set-of-2-7f3737c685da0df020c8e05ccd104837.jpg","type":"image\/jpeg"}],"twitter_card":"summary_large_image","twitter_misc":{"Estimeret l\u00e6setid":"1 minut"},"schema":{"@context":"https:\/\/schema.org","@graph":[{"@type":"WebPage","@id":"https:\/\/hubsch-interior.com\/da\/vare\/deux-potte-lysegron-sand-saet-af-2\/","url":"https:\/\/hubsch-interior.com\/da\/vare\/deux-potte-lysegron-sand-saet-af-2\/","name":"Deux Potte Lysegr\u00f8n\/Sand (s\u00e6t af 2) - H\u00fcbsch","isPartOf":{"@id":"https:\/\/hubsch-interior.com\/da\/#website"},"primaryImageOfPage":{"@id":"https:\/\/hubsch-interior.com\/da\/vare\/deux-potte-lysegron-sand-saet-af-2\/#primaryimage"},"image":{"@id":"https:\/\/hubsch-interior.com\/da\/vare\/deux-potte-lysegron-sand-saet-af-2\/#primaryimage"},"thumbnailUrl":"https:\/\/hubsch-interior.com\/wp-content\/uploads\/2026\/02\/deux-pots-light-greensand-set-of-2-1f4ea0643808d5af0f3df67b036b8b36.jpg","datePublished":"2024-01-29T07:31:55+00:00","dateModified":"2026-04-29T02:28:52+00:00","description":"Deux Potte er den perfekte tilf\u00f8jelse til dit hjem. Disse stenpulverst\u00f8bte vaser f\u00e5s i to forskellige farvevarianter, og denne lysegr\u00f8n\/sandfarvede","breadcrumb":{"@id":"https:\/\/hubsch-interior.com\/da\/vare\/deux-potte-lysegron-sand-saet-af-2\/#breadcrumb"},"inLanguage":"da-DK","potentialAction":[{"@type":"ReadAction","target":["https:\/\/hubsch-interior.com\/da\/vare\/deux-potte-lysegron-sand-saet-af-2\/"]}]},{"@type":"ImageObject","inLanguage":"da-DK","@id":"https:\/\/hubsch-interior.com\/da\/vare\/deux-potte-lysegron-sand-saet-af-2\/#primaryimage","url":"https:\/\/hubsch-interior.com\/wp-content\/uploads\/2026\/02\/deux-pots-light-greensand-set-of-2-1f4ea0643808d5af0f3df67b036b8b36.jpg","contentUrl":"https:\/\/hubsch-interior.com\/wp-content\/uploads\/2026\/02\/deux-pots-light-greensand-set-of-2-1f4ea0643808d5af0f3df67b036b8b36.jpg","width":1024,"height":1024},{"@type":"BreadcrumbList","@id":"https:\/\/hubsch-interior.com\/da\/vare\/deux-potte-lysegron-sand-saet-af-2\/#breadcrumb","itemListElement":[{"@type":"ListItem","position":1,"name":"Forside","item":"https:\/\/hubsch-interior.com\/da\/"},{"@type":"ListItem","position":2,"name":"Produkter","item":"https:\/\/hubsch-interior.com\/da\/produkter\/"},{"@type":"ListItem","position":3,"name":"Boligtilbeh\u00f8r","item":"https:\/\/hubsch-interior.com\/da\/vare-kategori\/boligtilbehor\/"},{"@type":"ListItem","position":4,"name":"Potter &amp; vandkander","item":"https:\/\/hubsch-interior.com\/da\/vare-kategori\/boligtilbehor\/potter-vandkander-da\/"},{"@type":"ListItem","position":5,"name":"Potteskjulere","item":"https:\/\/hubsch-interior.com\/da\/vare-kategori\/boligtilbehor\/potter-vandkander-da\/potteskjulere-da\/"},{"@type":"ListItem","position":6,"name":"Deux Potte Lysegr\u00f8n\/Sand (s\u00e6t af 2)"}]},{"@type":"WebSite","@id":"https:\/\/hubsch-interior.com\/da\/#website","url":"https:\/\/hubsch-interior.com\/da\/","name":"H\u00fcbsch","description":"Danish Home Interior and Design","publisher":{"@id":"https:\/\/hubsch-interior.com\/da\/#organization"},"potentialAction":[{"@type":"SearchAction","target":{"@type":"EntryPoint","urlTemplate":"https:\/\/hubsch-interior.com\/da\/?s={search_term_string}"},"query-input":{"@type":"PropertyValueSpecification","valueRequired":true,"valueName":"search_term_string"}}],"inLanguage":"da-DK"},{"@type":"Organization","@id":"https:\/\/hubsch-interior.com\/da\/#organization","name":"H\u00fcbsch","url":"https:\/\/hubsch-interior.com\/da\/","logo":{"@type":"ImageObject","inLanguage":"da-DK","@id":"https:\/\/hubsch-interior.com\/da\/#\/schema\/logo\/image\/","url":"https:\/\/hubsch-interior.com\/wp-content\/uploads\/2022\/12\/Hubsch_logo_black_one_line.svg","contentUrl":"https:\/\/hubsch-interior.com\/wp-content\/uploads\/2022\/12\/Hubsch_logo_black_one_line.svg","caption":"H\u00fcbsch"},"image":{"@id":"https:\/\/hubsch-interior.com\/da\/#\/schema\/logo\/image\/"}}]}},"_links":{"self":[{"href":"https:\/\/hubsch-interior.com\/da\/wp-json\/wp\/v2\/product\/975807","targetHints":{"allow":["GET"]}}],"collection":[{"href":"https:\/\/hubsch-interior.com\/da\/wp-json\/wp\/v2\/product"}],"about":[{"href":"https:\/\/hubsch-interior.com\/da\/wp-json\/wp\/v2\/types\/product"}],"wp:featuredmedia":[{"embeddable":true,"href":"https:\/\/hubsch-interior.com\/da\/wp-json\/wp\/v2\/media\/1096630"}],"wp:attachment":[{"href":"https:\/\/hubsch-interior.com\/da\/wp-json\/wp\/v2\/media?parent=975807"}],"wp:term":[{"taxonomy":"product_brand","embeddable":true,"href":"https:\/\/hubsch-interior.com\/da\/wp-json\/wp\/v2\/product_brand?post=975807"},{"taxonomy":"product_cat","embeddable":true,"href":"https:\/\/hubsch-interior.com\/da\/wp-json\/wp\/v2\/product_cat?post=975807"},{"taxonomy":"product_tag","embeddable":true,"href":"https:\/\/hubsch-interior.com\/da\/wp-json\/wp\/v2\/product_tag?post=975807"}],"curies":[{"name":"wp","href":"https:\/\/api.w.org\/{rel}","templated":true}]}}