{"id":976163,"date":"2024-01-29T09:13:04","date_gmt":"2024-01-29T08:13:04","guid":{"rendered":"https:\/\/hubsch-interior.com\/product\/product\/"},"modified":"2026-04-30T04:32:38","modified_gmt":"2026-04-30T02:32:38","slug":"rest-kontorstol-morkegra","status":"publish","type":"product","link":"https:\/\/hubsch-interior.com\/da\/vare\/rest-kontorstol-morkegra\/","title":{"rendered":"Rest Kontorstol M\u00f8rkegr\u00e5"},"content":{"rendered":"<p>G\u00f8r din arbejdsdag mere behagelig med vores Rest kontorstol i m\u00f8rkegr\u00e5. Det elegante og moderne design passer perfekt til ethvert kontormilj\u00f8. Den kommer i to forskellige varianter og har en klassisk farve med drys af neutrale toner. Med let justerbar s\u00e6deh\u00f8jde kan du nemt skabe den perfekte siddekomfort. G\u00f8r arbejdet til en leg med vores Rest kontorstol.<\/p>\n","protected":false},"excerpt":{"rendered":"<p>G\u00f8r din arbejdsdag mere behagelig med vores Rest kontorstol i m\u00f8rkegr\u00e5. Det elegante og moderne design passer perfekt til ethvert kontormilj\u00f8. Den kommer i to forskellige varianter og har en klassisk farve med drys af neutrale toner. Med let justerbar s\u00e6deh\u00f8jde kan du nemt skabe den perfekte siddekomfort. G\u00f8r arbejdet til en leg med vores [&hellip;]<\/p>\n","protected":false},"featured_media":1097733,"template":"","meta":{"_acf_changed":false,"inline_featured_image":false},"product_brand":[],"product_cat":[6880,2841,5449,5025],"product_tag":[],"class_list":{"0":"post-976163","1":"product","2":"type-product","3":"status-publish","4":"has-post-thumbnail","6":"product_cat-elevating-nostalgia-da","7":"product_cat-siddemoebler-da","8":"product_cat-spisestole-da","9":"product_cat-bestsellers-da","10":"product_shipping_class-pk","11":"pa_color-mrkegr","12":"pa_material-polyester-100-da","13":"pa_material-stl","15":"first","16":"instock","17":"featured","18":"taxable","19":"shipping-taxable","20":"purchasable","21":"product-type-simple"},"exclude_global_add_ons":[],"addons":[],"acf":[],"yoast_head":"<!-- This site is optimized with the Yoast SEO plugin v26.4 - https:\/\/yoast.com\/wordpress\/plugins\/seo\/ -->\n<title>Rest Kontorstol M\u00f8rkegr\u00e5 - H\u00fcbsch<\/title>\n<meta name=\"description\" content=\"G\u00f8r din arbejdsdag mere behagelig med vores Rest kontorstol i m\u00f8rkegr\u00e5. Det elegante og moderne design passer perfekt til ethvert kontormilj\u00f8. Den kommer\" \/>\n<meta name=\"robots\" content=\"index, follow, max-snippet:-1, max-image-preview:large, max-video-preview:-1\" \/>\n<link rel=\"canonical\" href=\"https:\/\/hubsch-interior.com\/da\/wp-json\/wp\/v2\/product\/976163\" \/>\n<meta property=\"og:locale\" content=\"da_DK\" \/>\n<meta property=\"og:type\" content=\"article\" \/>\n<meta property=\"og:title\" content=\"Rest Kontorstol M\u00f8rkegr\u00e5 - H\u00fcbsch\" \/>\n<meta property=\"og:description\" content=\"G\u00f8r din arbejdsdag mere behagelig med vores Rest kontorstol i m\u00f8rkegr\u00e5. Det elegante og moderne design passer perfekt til ethvert kontormilj\u00f8. Den kommer\" \/>\n<meta property=\"og:url\" content=\"https:\/\/hubsch-interior.com\/da\/vare\/rest-kontorstol-morkegra\/\" \/>\n<meta property=\"og:site_name\" content=\"H\u00fcbsch\" \/>\n<meta property=\"article:modified_time\" content=\"2026-04-30T02:32:38+00:00\" \/>\n<meta property=\"og:image\" content=\"https:\/\/hubsch-interior.com\/wp-content\/uploads\/2025\/08\/rest-office-chair-dark-grey-cb7b6a81af5cce37157613f6377eecdf.jpg\" \/>\n\t<meta property=\"og:image:width\" content=\"1200\" \/>\n\t<meta property=\"og:image:height\" content=\"1200\" \/>\n\t<meta property=\"og:image:type\" content=\"image\/jpeg\" \/>\n<meta name=\"twitter:card\" content=\"summary_large_image\" \/>\n<script type=\"application\/ld+json\" class=\"yoast-schema-graph\">{\"@context\":\"https:\/\/schema.org\",\"@graph\":[{\"@type\":\"WebPage\",\"@id\":\"https:\/\/hubsch-interior.com\/da\/vare\/rest-kontorstol-morkegra\/\",\"url\":\"https:\/\/hubsch-interior.com\/da\/vare\/rest-kontorstol-morkegra\/\",\"name\":\"Rest Kontorstol M\u00f8rkegr\u00e5 - H\u00fcbsch\",\"isPartOf\":{\"@id\":\"https:\/\/hubsch-interior.com\/da\/#website\"},\"primaryImageOfPage\":{\"@id\":\"https:\/\/hubsch-interior.com\/da\/vare\/rest-kontorstol-morkegra\/#primaryimage\"},\"image\":{\"@id\":\"https:\/\/hubsch-interior.com\/da\/vare\/rest-kontorstol-morkegra\/#primaryimage\"},\"thumbnailUrl\":\"https:\/\/hubsch-interior.com\/wp-content\/uploads\/2026\/02\/rest-office-chair-dark-grey-172270ee088ab574d36bc12f6cb44d7d.jpg\",\"datePublished\":\"2024-01-29T08:13:04+00:00\",\"dateModified\":\"2026-04-30T02:32:38+00:00\",\"description\":\"G\u00f8r din arbejdsdag mere behagelig med vores Rest kontorstol i m\u00f8rkegr\u00e5. Det elegante og moderne design passer perfekt til ethvert kontormilj\u00f8. Den kommer\",\"breadcrumb\":{\"@id\":\"https:\/\/hubsch-interior.com\/da\/vare\/rest-kontorstol-morkegra\/#breadcrumb\"},\"inLanguage\":\"da-DK\",\"potentialAction\":[{\"@type\":\"ReadAction\",\"target\":[\"https:\/\/hubsch-interior.com\/da\/vare\/rest-kontorstol-morkegra\/\"]}]},{\"@type\":\"ImageObject\",\"inLanguage\":\"da-DK\",\"@id\":\"https:\/\/hubsch-interior.com\/da\/vare\/rest-kontorstol-morkegra\/#primaryimage\",\"url\":\"https:\/\/hubsch-interior.com\/wp-content\/uploads\/2026\/02\/rest-office-chair-dark-grey-172270ee088ab574d36bc12f6cb44d7d.jpg\",\"contentUrl\":\"https:\/\/hubsch-interior.com\/wp-content\/uploads\/2026\/02\/rest-office-chair-dark-grey-172270ee088ab574d36bc12f6cb44d7d.jpg\",\"width\":1024,\"height\":1024},{\"@type\":\"BreadcrumbList\",\"@id\":\"https:\/\/hubsch-interior.com\/da\/vare\/rest-kontorstol-morkegra\/#breadcrumb\",\"itemListElement\":[{\"@type\":\"ListItem\",\"position\":1,\"name\":\"Forside\",\"item\":\"https:\/\/hubsch-interior.com\/da\/\"},{\"@type\":\"ListItem\",\"position\":2,\"name\":\"Produkter\",\"item\":\"https:\/\/hubsch-interior.com\/da\/produkter\/\"},{\"@type\":\"ListItem\",\"position\":3,\"name\":\"M\u00f8bler\",\"item\":\"https:\/\/hubsch-interior.com\/da\/vare-kategori\/mobler\/\"},{\"@type\":\"ListItem\",\"position\":4,\"name\":\"Siddem&oslash;bler\",\"item\":\"https:\/\/hubsch-interior.com\/da\/vare-kategori\/mobler\/siddemoebler-da\/\"},{\"@type\":\"ListItem\",\"position\":5,\"name\":\"Spisestole\",\"item\":\"https:\/\/hubsch-interior.com\/da\/vare-kategori\/mobler\/siddemoebler-da\/spisestole-da\/\"},{\"@type\":\"ListItem\",\"position\":6,\"name\":\"Rest Kontorstol M\u00f8rkegr\u00e5\"}]},{\"@type\":\"WebSite\",\"@id\":\"https:\/\/hubsch-interior.com\/da\/#website\",\"url\":\"https:\/\/hubsch-interior.com\/da\/\",\"name\":\"H\u00fcbsch\",\"description\":\"Danish Home Interior and Design\",\"publisher\":{\"@id\":\"https:\/\/hubsch-interior.com\/da\/#organization\"},\"potentialAction\":[{\"@type\":\"SearchAction\",\"target\":{\"@type\":\"EntryPoint\",\"urlTemplate\":\"https:\/\/hubsch-interior.com\/da\/?s={search_term_string}\"},\"query-input\":{\"@type\":\"PropertyValueSpecification\",\"valueRequired\":true,\"valueName\":\"search_term_string\"}}],\"inLanguage\":\"da-DK\"},{\"@type\":\"Organization\",\"@id\":\"https:\/\/hubsch-interior.com\/da\/#organization\",\"name\":\"H\u00fcbsch\",\"url\":\"https:\/\/hubsch-interior.com\/da\/\",\"logo\":{\"@type\":\"ImageObject\",\"inLanguage\":\"da-DK\",\"@id\":\"https:\/\/hubsch-interior.com\/da\/#\/schema\/logo\/image\/\",\"url\":\"https:\/\/hubsch-interior.com\/wp-content\/uploads\/2022\/12\/Hubsch_logo_black_one_line.svg\",\"contentUrl\":\"https:\/\/hubsch-interior.com\/wp-content\/uploads\/2022\/12\/Hubsch_logo_black_one_line.svg\",\"caption\":\"H\u00fcbsch\"},\"image\":{\"@id\":\"https:\/\/hubsch-interior.com\/da\/#\/schema\/logo\/image\/\"}}]}<\/script>\n<!-- \/ Yoast SEO plugin. -->","yoast_head_json":{"title":"Rest Kontorstol M\u00f8rkegr\u00e5 - H\u00fcbsch","description":"G\u00f8r din arbejdsdag mere behagelig med vores Rest kontorstol i m\u00f8rkegr\u00e5. Det elegante og moderne design passer perfekt til ethvert kontormilj\u00f8. Den kommer","robots":{"index":"index","follow":"follow","max-snippet":"max-snippet:-1","max-image-preview":"max-image-preview:large","max-video-preview":"max-video-preview:-1"},"canonical":"https:\/\/hubsch-interior.com\/da\/wp-json\/wp\/v2\/product\/976163","og_locale":"da_DK","og_type":"article","og_title":"Rest Kontorstol M\u00f8rkegr\u00e5 - H\u00fcbsch","og_description":"G\u00f8r din arbejdsdag mere behagelig med vores Rest kontorstol i m\u00f8rkegr\u00e5. Det elegante og moderne design passer perfekt til ethvert kontormilj\u00f8. Den kommer","og_url":"https:\/\/hubsch-interior.com\/da\/vare\/rest-kontorstol-morkegra\/","og_site_name":"H\u00fcbsch","article_modified_time":"2026-04-30T02:32:38+00:00","og_image":[{"width":1200,"height":1200,"url":"https:\/\/hubsch-interior.com\/wp-content\/uploads\/2025\/08\/rest-office-chair-dark-grey-cb7b6a81af5cce37157613f6377eecdf.jpg","type":"image\/jpeg"}],"twitter_card":"summary_large_image","schema":{"@context":"https:\/\/schema.org","@graph":[{"@type":"WebPage","@id":"https:\/\/hubsch-interior.com\/da\/vare\/rest-kontorstol-morkegra\/","url":"https:\/\/hubsch-interior.com\/da\/vare\/rest-kontorstol-morkegra\/","name":"Rest Kontorstol M\u00f8rkegr\u00e5 - H\u00fcbsch","isPartOf":{"@id":"https:\/\/hubsch-interior.com\/da\/#website"},"primaryImageOfPage":{"@id":"https:\/\/hubsch-interior.com\/da\/vare\/rest-kontorstol-morkegra\/#primaryimage"},"image":{"@id":"https:\/\/hubsch-interior.com\/da\/vare\/rest-kontorstol-morkegra\/#primaryimage"},"thumbnailUrl":"https:\/\/hubsch-interior.com\/wp-content\/uploads\/2026\/02\/rest-office-chair-dark-grey-172270ee088ab574d36bc12f6cb44d7d.jpg","datePublished":"2024-01-29T08:13:04+00:00","dateModified":"2026-04-30T02:32:38+00:00","description":"G\u00f8r din arbejdsdag mere behagelig med vores Rest kontorstol i m\u00f8rkegr\u00e5. Det elegante og moderne design passer perfekt til ethvert kontormilj\u00f8. Den kommer","breadcrumb":{"@id":"https:\/\/hubsch-interior.com\/da\/vare\/rest-kontorstol-morkegra\/#breadcrumb"},"inLanguage":"da-DK","potentialAction":[{"@type":"ReadAction","target":["https:\/\/hubsch-interior.com\/da\/vare\/rest-kontorstol-morkegra\/"]}]},{"@type":"ImageObject","inLanguage":"da-DK","@id":"https:\/\/hubsch-interior.com\/da\/vare\/rest-kontorstol-morkegra\/#primaryimage","url":"https:\/\/hubsch-interior.com\/wp-content\/uploads\/2026\/02\/rest-office-chair-dark-grey-172270ee088ab574d36bc12f6cb44d7d.jpg","contentUrl":"https:\/\/hubsch-interior.com\/wp-content\/uploads\/2026\/02\/rest-office-chair-dark-grey-172270ee088ab574d36bc12f6cb44d7d.jpg","width":1024,"height":1024},{"@type":"BreadcrumbList","@id":"https:\/\/hubsch-interior.com\/da\/vare\/rest-kontorstol-morkegra\/#breadcrumb","itemListElement":[{"@type":"ListItem","position":1,"name":"Forside","item":"https:\/\/hubsch-interior.com\/da\/"},{"@type":"ListItem","position":2,"name":"Produkter","item":"https:\/\/hubsch-interior.com\/da\/produkter\/"},{"@type":"ListItem","position":3,"name":"M\u00f8bler","item":"https:\/\/hubsch-interior.com\/da\/vare-kategori\/mobler\/"},{"@type":"ListItem","position":4,"name":"Siddem&oslash;bler","item":"https:\/\/hubsch-interior.com\/da\/vare-kategori\/mobler\/siddemoebler-da\/"},{"@type":"ListItem","position":5,"name":"Spisestole","item":"https:\/\/hubsch-interior.com\/da\/vare-kategori\/mobler\/siddemoebler-da\/spisestole-da\/"},{"@type":"ListItem","position":6,"name":"Rest Kontorstol M\u00f8rkegr\u00e5"}]},{"@type":"WebSite","@id":"https:\/\/hubsch-interior.com\/da\/#website","url":"https:\/\/hubsch-interior.com\/da\/","name":"H\u00fcbsch","description":"Danish Home Interior and Design","publisher":{"@id":"https:\/\/hubsch-interior.com\/da\/#organization"},"potentialAction":[{"@type":"SearchAction","target":{"@type":"EntryPoint","urlTemplate":"https:\/\/hubsch-interior.com\/da\/?s={search_term_string}"},"query-input":{"@type":"PropertyValueSpecification","valueRequired":true,"valueName":"search_term_string"}}],"inLanguage":"da-DK"},{"@type":"Organization","@id":"https:\/\/hubsch-interior.com\/da\/#organization","name":"H\u00fcbsch","url":"https:\/\/hubsch-interior.com\/da\/","logo":{"@type":"ImageObject","inLanguage":"da-DK","@id":"https:\/\/hubsch-interior.com\/da\/#\/schema\/logo\/image\/","url":"https:\/\/hubsch-interior.com\/wp-content\/uploads\/2022\/12\/Hubsch_logo_black_one_line.svg","contentUrl":"https:\/\/hubsch-interior.com\/wp-content\/uploads\/2022\/12\/Hubsch_logo_black_one_line.svg","caption":"H\u00fcbsch"},"image":{"@id":"https:\/\/hubsch-interior.com\/da\/#\/schema\/logo\/image\/"}}]}},"_links":{"self":[{"href":"https:\/\/hubsch-interior.com\/da\/wp-json\/wp\/v2\/product\/976163","targetHints":{"allow":["GET"]}}],"collection":[{"href":"https:\/\/hubsch-interior.com\/da\/wp-json\/wp\/v2\/product"}],"about":[{"href":"https:\/\/hubsch-interior.com\/da\/wp-json\/wp\/v2\/types\/product"}],"wp:featuredmedia":[{"embeddable":true,"href":"https:\/\/hubsch-interior.com\/da\/wp-json\/wp\/v2\/media\/1097733"}],"wp:attachment":[{"href":"https:\/\/hubsch-interior.com\/da\/wp-json\/wp\/v2\/media?parent=976163"}],"wp:term":[{"taxonomy":"product_brand","embeddable":true,"href":"https:\/\/hubsch-interior.com\/da\/wp-json\/wp\/v2\/product_brand?post=976163"},{"taxonomy":"product_cat","embeddable":true,"href":"https:\/\/hubsch-interior.com\/da\/wp-json\/wp\/v2\/product_cat?post=976163"},{"taxonomy":"product_tag","embeddable":true,"href":"https:\/\/hubsch-interior.com\/da\/wp-json\/wp\/v2\/product_tag?post=976163"}],"curies":[{"name":"wp","href":"https:\/\/api.w.org\/{rel}","templated":true}]}}