{"id":976327,"date":"2024-01-29T09:15:28","date_gmt":"2024-01-29T08:15:28","guid":{"rendered":"https:\/\/hubsch-interior.com\/product\/product\/"},"modified":"2026-04-29T04:39:16","modified_gmt":"2026-04-29T02:39:16","slug":"heir-lysestage-gul","status":"publish","type":"product","link":"https:\/\/hubsch-interior.com\/da\/vare\/heir-lysestage-gul\/","title":{"rendered":"Heir Lysestage Gul"},"content":{"rendered":"<p>Giv dit hjem et moderne og elegant touch med Heir Lysestage i gul. Det unikke swirl m\u00f8nster i pastelfarver g\u00f8r lysestagen til en smuk og unik tilf\u00f8jelse til ethvert rum. Lavet af glas og h\u00e5ndlavet, skaber den en hyggelig atmosf\u00e6re med sine bl\u00f8de nuancer og form. Den kompakte og lette st\u00f8rrelse g\u00f8r den nem at placere og flytte rundt p\u00e5. V\u00e6lg mellem to varianter og tilf\u00f8j et strejf af personlighed til dit hjem.<\/p>\n","protected":false},"excerpt":{"rendered":"<p>Giv dit hjem et moderne og elegant touch med Heir Lysestage i gul. Det unikke swirl m\u00f8nster i pastelfarver g\u00f8r lysestagen til en smuk og unik tilf\u00f8jelse til ethvert rum. Lavet af glas og h\u00e5ndlavet, skaber den en hyggelig atmosf\u00e6re med sine bl\u00f8de nuancer og form. Den kompakte og lette st\u00f8rrelse g\u00f8r den nem at [&hellip;]<\/p>\n","protected":false},"featured_media":1099394,"template":"","meta":{"_acf_changed":false,"inline_featured_image":false},"product_brand":[],"product_cat":[6880,6970,4063,4064],"product_tag":[],"class_list":{"0":"post-976327","1":"product","2":"type-product","3":"status-publish","4":"has-post-thumbnail","6":"product_cat-elevating-nostalgia-da","7":"product_cat-paaskeudsalg","8":"product_cat-lysestager-lanterner-da","9":"product_cat-lysestager-da","10":"product_shipping_class-pk","12":"pa_color-gul","13":"pa_material-glas-da","15":"first","16":"instock","17":"taxable","18":"shipping-taxable","19":"purchasable","20":"product-type-simple"},"exclude_global_add_ons":[],"addons":[],"acf":[],"yoast_head":"<!-- This site is optimized with the Yoast SEO plugin v26.4 - https:\/\/yoast.com\/wordpress\/plugins\/seo\/ -->\n<title>Heir Lysestage Gul - H\u00fcbsch<\/title>\n<meta name=\"description\" content=\"Giv dit hjem et moderne og elegant touch med Heir Lysestage i gul. Det unikke swirl m\u00f8nster i pastelfarver g\u00f8r lysestagen til en smuk og unik tilf\u00f8jelse\" \/>\n<meta name=\"robots\" content=\"index, follow, max-snippet:-1, max-image-preview:large, max-video-preview:-1\" \/>\n<link rel=\"canonical\" href=\"https:\/\/hubsch-interior.com\/da\/wp-json\/wp\/v2\/product\/976327\" \/>\n<meta property=\"og:locale\" content=\"da_DK\" \/>\n<meta property=\"og:type\" content=\"article\" \/>\n<meta property=\"og:title\" content=\"Heir Lysestage Gul - H\u00fcbsch\" \/>\n<meta property=\"og:description\" content=\"Giv dit hjem et moderne og elegant touch med Heir Lysestage i gul. Det unikke swirl m\u00f8nster i pastelfarver g\u00f8r lysestagen til en smuk og unik tilf\u00f8jelse\" \/>\n<meta property=\"og:url\" content=\"https:\/\/hubsch-interior.com\/da\/vare\/heir-lysestage-gul\/\" \/>\n<meta property=\"og:site_name\" content=\"H\u00fcbsch\" \/>\n<meta property=\"article:modified_time\" content=\"2026-04-29T02:39:16+00:00\" \/>\n<meta property=\"og:image\" content=\"https:\/\/hubsch-interior.com\/wp-content\/uploads\/2024\/01\/heir-candleholder-yellow-08cf2ca9a404775c28d9f32254c18362.jpg\" \/>\n\t<meta property=\"og:image:width\" content=\"1200\" \/>\n\t<meta property=\"og:image:height\" content=\"1200\" \/>\n\t<meta property=\"og:image:type\" content=\"image\/jpeg\" \/>\n<meta name=\"twitter:card\" content=\"summary_large_image\" \/>\n<script type=\"application\/ld+json\" class=\"yoast-schema-graph\">{\"@context\":\"https:\/\/schema.org\",\"@graph\":[{\"@type\":\"WebPage\",\"@id\":\"https:\/\/hubsch-interior.com\/da\/vare\/heir-lysestage-gul\/\",\"url\":\"https:\/\/hubsch-interior.com\/da\/vare\/heir-lysestage-gul\/\",\"name\":\"Heir Lysestage Gul - H\u00fcbsch\",\"isPartOf\":{\"@id\":\"https:\/\/hubsch-interior.com\/da\/#website\"},\"primaryImageOfPage\":{\"@id\":\"https:\/\/hubsch-interior.com\/da\/vare\/heir-lysestage-gul\/#primaryimage\"},\"image\":{\"@id\":\"https:\/\/hubsch-interior.com\/da\/vare\/heir-lysestage-gul\/#primaryimage\"},\"thumbnailUrl\":\"https:\/\/hubsch-interior.com\/wp-content\/uploads\/2026\/02\/heir-candleholder-yellow-16e0ee54015fe14853b3e15bd1c62d5a.jpg\",\"datePublished\":\"2024-01-29T08:15:28+00:00\",\"dateModified\":\"2026-04-29T02:39:16+00:00\",\"description\":\"Giv dit hjem et moderne og elegant touch med Heir Lysestage i gul. Det unikke swirl m\u00f8nster i pastelfarver g\u00f8r lysestagen til en smuk og unik tilf\u00f8jelse\",\"breadcrumb\":{\"@id\":\"https:\/\/hubsch-interior.com\/da\/vare\/heir-lysestage-gul\/#breadcrumb\"},\"inLanguage\":\"da-DK\",\"potentialAction\":[{\"@type\":\"ReadAction\",\"target\":[\"https:\/\/hubsch-interior.com\/da\/vare\/heir-lysestage-gul\/\"]}]},{\"@type\":\"ImageObject\",\"inLanguage\":\"da-DK\",\"@id\":\"https:\/\/hubsch-interior.com\/da\/vare\/heir-lysestage-gul\/#primaryimage\",\"url\":\"https:\/\/hubsch-interior.com\/wp-content\/uploads\/2026\/02\/heir-candleholder-yellow-16e0ee54015fe14853b3e15bd1c62d5a.jpg\",\"contentUrl\":\"https:\/\/hubsch-interior.com\/wp-content\/uploads\/2026\/02\/heir-candleholder-yellow-16e0ee54015fe14853b3e15bd1c62d5a.jpg\",\"width\":1024,\"height\":1024},{\"@type\":\"BreadcrumbList\",\"@id\":\"https:\/\/hubsch-interior.com\/da\/vare\/heir-lysestage-gul\/#breadcrumb\",\"itemListElement\":[{\"@type\":\"ListItem\",\"position\":1,\"name\":\"Forside\",\"item\":\"https:\/\/hubsch-interior.com\/da\/\"},{\"@type\":\"ListItem\",\"position\":2,\"name\":\"Produkter\",\"item\":\"https:\/\/hubsch-interior.com\/da\/produkter\/\"},{\"@type\":\"ListItem\",\"position\":3,\"name\":\"Boligtilbeh\u00f8r\",\"item\":\"https:\/\/hubsch-interior.com\/da\/vare-kategori\/boligtilbehor\/\"},{\"@type\":\"ListItem\",\"position\":4,\"name\":\"Lysestager &amp; Lanterner\",\"item\":\"https:\/\/hubsch-interior.com\/da\/vare-kategori\/boligtilbehor\/lysestager-lanterner-da\/\"},{\"@type\":\"ListItem\",\"position\":5,\"name\":\"Lysestager\",\"item\":\"https:\/\/hubsch-interior.com\/da\/vare-kategori\/boligtilbehor\/lysestager-lanterner-da\/lysestager-da\/\"},{\"@type\":\"ListItem\",\"position\":6,\"name\":\"Heir Lysestage Gul\"}]},{\"@type\":\"WebSite\",\"@id\":\"https:\/\/hubsch-interior.com\/da\/#website\",\"url\":\"https:\/\/hubsch-interior.com\/da\/\",\"name\":\"H\u00fcbsch\",\"description\":\"Danish Home Interior and Design\",\"publisher\":{\"@id\":\"https:\/\/hubsch-interior.com\/da\/#organization\"},\"potentialAction\":[{\"@type\":\"SearchAction\",\"target\":{\"@type\":\"EntryPoint\",\"urlTemplate\":\"https:\/\/hubsch-interior.com\/da\/?s={search_term_string}\"},\"query-input\":{\"@type\":\"PropertyValueSpecification\",\"valueRequired\":true,\"valueName\":\"search_term_string\"}}],\"inLanguage\":\"da-DK\"},{\"@type\":\"Organization\",\"@id\":\"https:\/\/hubsch-interior.com\/da\/#organization\",\"name\":\"H\u00fcbsch\",\"url\":\"https:\/\/hubsch-interior.com\/da\/\",\"logo\":{\"@type\":\"ImageObject\",\"inLanguage\":\"da-DK\",\"@id\":\"https:\/\/hubsch-interior.com\/da\/#\/schema\/logo\/image\/\",\"url\":\"https:\/\/hubsch-interior.com\/wp-content\/uploads\/2022\/12\/Hubsch_logo_black_one_line.svg\",\"contentUrl\":\"https:\/\/hubsch-interior.com\/wp-content\/uploads\/2022\/12\/Hubsch_logo_black_one_line.svg\",\"caption\":\"H\u00fcbsch\"},\"image\":{\"@id\":\"https:\/\/hubsch-interior.com\/da\/#\/schema\/logo\/image\/\"}}]}<\/script>\n<!-- \/ Yoast SEO plugin. -->","yoast_head_json":{"title":"Heir Lysestage Gul - H\u00fcbsch","description":"Giv dit hjem et moderne og elegant touch med Heir Lysestage i gul. Det unikke swirl m\u00f8nster i pastelfarver g\u00f8r lysestagen til en smuk og unik tilf\u00f8jelse","robots":{"index":"index","follow":"follow","max-snippet":"max-snippet:-1","max-image-preview":"max-image-preview:large","max-video-preview":"max-video-preview:-1"},"canonical":"https:\/\/hubsch-interior.com\/da\/wp-json\/wp\/v2\/product\/976327","og_locale":"da_DK","og_type":"article","og_title":"Heir Lysestage Gul - H\u00fcbsch","og_description":"Giv dit hjem et moderne og elegant touch med Heir Lysestage i gul. Det unikke swirl m\u00f8nster i pastelfarver g\u00f8r lysestagen til en smuk og unik tilf\u00f8jelse","og_url":"https:\/\/hubsch-interior.com\/da\/vare\/heir-lysestage-gul\/","og_site_name":"H\u00fcbsch","article_modified_time":"2026-04-29T02:39:16+00:00","og_image":[{"width":1200,"height":1200,"url":"https:\/\/hubsch-interior.com\/wp-content\/uploads\/2024\/01\/heir-candleholder-yellow-08cf2ca9a404775c28d9f32254c18362.jpg","type":"image\/jpeg"}],"twitter_card":"summary_large_image","schema":{"@context":"https:\/\/schema.org","@graph":[{"@type":"WebPage","@id":"https:\/\/hubsch-interior.com\/da\/vare\/heir-lysestage-gul\/","url":"https:\/\/hubsch-interior.com\/da\/vare\/heir-lysestage-gul\/","name":"Heir Lysestage Gul - H\u00fcbsch","isPartOf":{"@id":"https:\/\/hubsch-interior.com\/da\/#website"},"primaryImageOfPage":{"@id":"https:\/\/hubsch-interior.com\/da\/vare\/heir-lysestage-gul\/#primaryimage"},"image":{"@id":"https:\/\/hubsch-interior.com\/da\/vare\/heir-lysestage-gul\/#primaryimage"},"thumbnailUrl":"https:\/\/hubsch-interior.com\/wp-content\/uploads\/2026\/02\/heir-candleholder-yellow-16e0ee54015fe14853b3e15bd1c62d5a.jpg","datePublished":"2024-01-29T08:15:28+00:00","dateModified":"2026-04-29T02:39:16+00:00","description":"Giv dit hjem et moderne og elegant touch med Heir Lysestage i gul. Det unikke swirl m\u00f8nster i pastelfarver g\u00f8r lysestagen til en smuk og unik tilf\u00f8jelse","breadcrumb":{"@id":"https:\/\/hubsch-interior.com\/da\/vare\/heir-lysestage-gul\/#breadcrumb"},"inLanguage":"da-DK","potentialAction":[{"@type":"ReadAction","target":["https:\/\/hubsch-interior.com\/da\/vare\/heir-lysestage-gul\/"]}]},{"@type":"ImageObject","inLanguage":"da-DK","@id":"https:\/\/hubsch-interior.com\/da\/vare\/heir-lysestage-gul\/#primaryimage","url":"https:\/\/hubsch-interior.com\/wp-content\/uploads\/2026\/02\/heir-candleholder-yellow-16e0ee54015fe14853b3e15bd1c62d5a.jpg","contentUrl":"https:\/\/hubsch-interior.com\/wp-content\/uploads\/2026\/02\/heir-candleholder-yellow-16e0ee54015fe14853b3e15bd1c62d5a.jpg","width":1024,"height":1024},{"@type":"BreadcrumbList","@id":"https:\/\/hubsch-interior.com\/da\/vare\/heir-lysestage-gul\/#breadcrumb","itemListElement":[{"@type":"ListItem","position":1,"name":"Forside","item":"https:\/\/hubsch-interior.com\/da\/"},{"@type":"ListItem","position":2,"name":"Produkter","item":"https:\/\/hubsch-interior.com\/da\/produkter\/"},{"@type":"ListItem","position":3,"name":"Boligtilbeh\u00f8r","item":"https:\/\/hubsch-interior.com\/da\/vare-kategori\/boligtilbehor\/"},{"@type":"ListItem","position":4,"name":"Lysestager &amp; Lanterner","item":"https:\/\/hubsch-interior.com\/da\/vare-kategori\/boligtilbehor\/lysestager-lanterner-da\/"},{"@type":"ListItem","position":5,"name":"Lysestager","item":"https:\/\/hubsch-interior.com\/da\/vare-kategori\/boligtilbehor\/lysestager-lanterner-da\/lysestager-da\/"},{"@type":"ListItem","position":6,"name":"Heir Lysestage Gul"}]},{"@type":"WebSite","@id":"https:\/\/hubsch-interior.com\/da\/#website","url":"https:\/\/hubsch-interior.com\/da\/","name":"H\u00fcbsch","description":"Danish Home Interior and Design","publisher":{"@id":"https:\/\/hubsch-interior.com\/da\/#organization"},"potentialAction":[{"@type":"SearchAction","target":{"@type":"EntryPoint","urlTemplate":"https:\/\/hubsch-interior.com\/da\/?s={search_term_string}"},"query-input":{"@type":"PropertyValueSpecification","valueRequired":true,"valueName":"search_term_string"}}],"inLanguage":"da-DK"},{"@type":"Organization","@id":"https:\/\/hubsch-interior.com\/da\/#organization","name":"H\u00fcbsch","url":"https:\/\/hubsch-interior.com\/da\/","logo":{"@type":"ImageObject","inLanguage":"da-DK","@id":"https:\/\/hubsch-interior.com\/da\/#\/schema\/logo\/image\/","url":"https:\/\/hubsch-interior.com\/wp-content\/uploads\/2022\/12\/Hubsch_logo_black_one_line.svg","contentUrl":"https:\/\/hubsch-interior.com\/wp-content\/uploads\/2022\/12\/Hubsch_logo_black_one_line.svg","caption":"H\u00fcbsch"},"image":{"@id":"https:\/\/hubsch-interior.com\/da\/#\/schema\/logo\/image\/"}}]}},"_links":{"self":[{"href":"https:\/\/hubsch-interior.com\/da\/wp-json\/wp\/v2\/product\/976327","targetHints":{"allow":["GET"]}}],"collection":[{"href":"https:\/\/hubsch-interior.com\/da\/wp-json\/wp\/v2\/product"}],"about":[{"href":"https:\/\/hubsch-interior.com\/da\/wp-json\/wp\/v2\/types\/product"}],"wp:featuredmedia":[{"embeddable":true,"href":"https:\/\/hubsch-interior.com\/da\/wp-json\/wp\/v2\/media\/1099394"}],"wp:attachment":[{"href":"https:\/\/hubsch-interior.com\/da\/wp-json\/wp\/v2\/media?parent=976327"}],"wp:term":[{"taxonomy":"product_brand","embeddable":true,"href":"https:\/\/hubsch-interior.com\/da\/wp-json\/wp\/v2\/product_brand?post=976327"},{"taxonomy":"product_cat","embeddable":true,"href":"https:\/\/hubsch-interior.com\/da\/wp-json\/wp\/v2\/product_cat?post=976327"},{"taxonomy":"product_tag","embeddable":true,"href":"https:\/\/hubsch-interior.com\/da\/wp-json\/wp\/v2\/product_tag?post=976327"}],"curies":[{"name":"wp","href":"https:\/\/api.w.org\/{rel}","templated":true}]}}