{"id":1009231,"date":"2025-01-24T09:42:28","date_gmt":"2025-01-24T08:42:28","guid":{"rendered":"https:\/\/hubsch-interior.com\/product\/product\/"},"modified":"2026-04-29T04:57:21","modified_gmt":"2026-04-29T02:57:21","slug":"noblesse-regal-naturfarben","status":"publish","type":"product","link":"https:\/\/hubsch-interior.com\/de\/produkt\/noblesse-regal-naturfarben\/","title":{"rendered":"Noblesse Regal Naturfarben"},"content":{"rendered":"<p>Wir pr\u00e4sentieren das Noblesse Regal, eine edle Wahl f\u00fcr B\u00fccherliebhaber und Dekorationsbegeisterte gleicherma\u00dfen. Gefertigt aus FSC-zertifiziertem Holz, vermittelt dieses hohe und schlanke Regal ein sehr warmes und nat\u00fcrliches Gef\u00fchl. Ideal als Einsteiger-B\u00fccherregal, passt sein Design m\u00fchelos in die meisten R\u00e4ume und nimmt nicht viel Platz in Anspruch. Platzieren Sie Ihre geliebten Romane und gesch\u00e4tzten Kleinigkeiten auf diesem eleganten M\u00f6belst\u00fcck, das praktischen Nutzen mit klassischem Stil nahtlos verbindet. Perfekt f\u00fcr gem\u00fctliche Leseecken oder stilvolle Wohnbereiche.<\/p>\n","protected":false},"excerpt":{"rendered":"<p>Wir pr\u00e4sentieren das Noblesse Regal, eine edle Wahl f\u00fcr B\u00fccherliebhaber und Dekorationsbegeisterte gleicherma\u00dfen. Gefertigt aus FSC-zertifiziertem Holz, vermittelt dieses hohe und schlanke Regal ein sehr warmes und nat\u00fcrliches Gef\u00fchl. Ideal als Einsteiger-B\u00fccherregal, passt sein Design m\u00fchelos in die meisten R\u00e4ume und nimmt nicht viel Platz in Anspruch. Platzieren Sie Ihre geliebten Romane und gesch\u00e4tzten Kleinigkeiten [&hellip;]<\/p>\n","protected":false},"featured_media":1104501,"template":"","meta":{"_acf_changed":false,"inline_featured_image":false},"product_brand":[],"product_cat":[5027,6323,4012,4003,6998],"product_tag":[],"class_list":{"0":"post-1009231","1":"product","2":"type-product","3":"status-publish","4":"has-post-thumbnail","6":"product_cat-bestsellers-de","7":"product_cat-fsc-de","8":"product_cat-regale-de","9":"product_cat-regale-aufbewahrung-de","10":"product_cat-the-buzz-de","11":"product_shipping_class-p05","13":"pa_color-naturfarben-2","14":"pa_material-eichenfurnier","15":"pa_material-eichenholz","16":"pa_material-mdf-de","18":"first","19":"instock","20":"featured","21":"taxable","22":"shipping-taxable","23":"purchasable","24":"product-type-simple"},"exclude_global_add_ons":[],"addons":[],"acf":[],"yoast_head":"<!-- This site is optimized with the Yoast SEO plugin v26.4 - https:\/\/yoast.com\/wordpress\/plugins\/seo\/ -->\n<title>Noblesse Regal Naturfarben - H\u00fcbsch<\/title>\n<meta name=\"description\" content=\"Wir pr\u00e4sentieren das Noblesse Regal, eine edle Wahl f\u00fcr B\u00fccherliebhaber und Dekorationsbegeisterte gleicherma\u00dfen. Gefertigt aus FSC-zertifiziertem Holz,\" \/>\n<meta name=\"robots\" content=\"index, follow, max-snippet:-1, max-image-preview:large, max-video-preview:-1\" \/>\n<link rel=\"canonical\" href=\"https:\/\/hubsch-interior.com\/de\/wp-json\/wp\/v2\/product\/1009231\" \/>\n<meta property=\"og:locale\" content=\"de_DE\" \/>\n<meta property=\"og:type\" content=\"article\" \/>\n<meta property=\"og:title\" content=\"Noblesse Regal Naturfarben - H\u00fcbsch\" \/>\n<meta property=\"og:description\" content=\"Wir pr\u00e4sentieren das Noblesse Regal, eine edle Wahl f\u00fcr B\u00fccherliebhaber und Dekorationsbegeisterte gleicherma\u00dfen. Gefertigt aus FSC-zertifiziertem Holz,\" \/>\n<meta property=\"og:url\" content=\"https:\/\/hubsch-interior.com\/de\/produkt\/noblesse-regal-naturfarben\/\" \/>\n<meta property=\"og:site_name\" content=\"H\u00fcbsch\" \/>\n<meta property=\"article:modified_time\" content=\"2026-04-29T02:57:21+00:00\" \/>\n<meta property=\"og:image\" content=\"https:\/\/hubsch-interior.com\/wp-content\/uploads\/2026\/02\/noblesse-shelf-unit-natural-484404ce6617c315d7838574d718d8db.jpg\" \/>\n\t<meta property=\"og:image:width\" content=\"1024\" \/>\n\t<meta property=\"og:image:height\" content=\"1024\" \/>\n\t<meta property=\"og:image:type\" content=\"image\/jpeg\" \/>\n<meta name=\"twitter:card\" content=\"summary_large_image\" \/>\n<script type=\"application\/ld+json\" class=\"yoast-schema-graph\">{\"@context\":\"https:\/\/schema.org\",\"@graph\":[{\"@type\":\"WebPage\",\"@id\":\"https:\/\/hubsch-interior.com\/de\/produkt\/noblesse-regal-naturfarben\/\",\"url\":\"https:\/\/hubsch-interior.com\/de\/produkt\/noblesse-regal-naturfarben\/\",\"name\":\"Noblesse Regal Naturfarben - H\u00fcbsch\",\"isPartOf\":{\"@id\":\"https:\/\/hubsch-interior.com\/de\/#website\"},\"primaryImageOfPage\":{\"@id\":\"https:\/\/hubsch-interior.com\/de\/produkt\/noblesse-regal-naturfarben\/#primaryimage\"},\"image\":{\"@id\":\"https:\/\/hubsch-interior.com\/de\/produkt\/noblesse-regal-naturfarben\/#primaryimage\"},\"thumbnailUrl\":\"https:\/\/hubsch-interior.com\/wp-content\/uploads\/2026\/02\/noblesse-shelf-unit-natural-484404ce6617c315d7838574d718d8db.jpg\",\"datePublished\":\"2025-01-24T08:42:28+00:00\",\"dateModified\":\"2026-04-29T02:57:21+00:00\",\"description\":\"Wir pr\u00e4sentieren das Noblesse Regal, eine edle Wahl f\u00fcr B\u00fccherliebhaber und Dekorationsbegeisterte gleicherma\u00dfen. Gefertigt aus FSC-zertifiziertem Holz,\",\"breadcrumb\":{\"@id\":\"https:\/\/hubsch-interior.com\/de\/produkt\/noblesse-regal-naturfarben\/#breadcrumb\"},\"inLanguage\":\"de\",\"potentialAction\":[{\"@type\":\"ReadAction\",\"target\":[\"https:\/\/hubsch-interior.com\/de\/produkt\/noblesse-regal-naturfarben\/\"]}]},{\"@type\":\"ImageObject\",\"inLanguage\":\"de\",\"@id\":\"https:\/\/hubsch-interior.com\/de\/produkt\/noblesse-regal-naturfarben\/#primaryimage\",\"url\":\"https:\/\/hubsch-interior.com\/wp-content\/uploads\/2026\/02\/noblesse-shelf-unit-natural-484404ce6617c315d7838574d718d8db.jpg\",\"contentUrl\":\"https:\/\/hubsch-interior.com\/wp-content\/uploads\/2026\/02\/noblesse-shelf-unit-natural-484404ce6617c315d7838574d718d8db.jpg\",\"width\":1024,\"height\":1024},{\"@type\":\"BreadcrumbList\",\"@id\":\"https:\/\/hubsch-interior.com\/de\/produkt\/noblesse-regal-naturfarben\/#breadcrumb\",\"itemListElement\":[{\"@type\":\"ListItem\",\"position\":1,\"name\":\"Startseite\",\"item\":\"https:\/\/hubsch-interior.com\/de\/\"},{\"@type\":\"ListItem\",\"position\":2,\"name\":\"Produkte\",\"item\":\"https:\/\/hubsch-interior.com\/de\/shop-2\/\"},{\"@type\":\"ListItem\",\"position\":3,\"name\":\"M\u00f6bel\",\"item\":\"https:\/\/hubsch-interior.com\/de\/produkt-kategorie\/moebel\/\"},{\"@type\":\"ListItem\",\"position\":4,\"name\":\"Regale &amp; Aufbewahrung\",\"item\":\"https:\/\/hubsch-interior.com\/de\/produkt-kategorie\/moebel\/regale-aufbewahrung-de\/\"},{\"@type\":\"ListItem\",\"position\":5,\"name\":\"Regale\",\"item\":\"https:\/\/hubsch-interior.com\/de\/produkt-kategorie\/moebel\/regale-aufbewahrung-de\/regale-de\/\"},{\"@type\":\"ListItem\",\"position\":6,\"name\":\"Noblesse Regal Naturfarben\"}]},{\"@type\":\"WebSite\",\"@id\":\"https:\/\/hubsch-interior.com\/de\/#website\",\"url\":\"https:\/\/hubsch-interior.com\/de\/\",\"name\":\"H\u00fcbsch\",\"description\":\"Danish Home Interior and Design\",\"publisher\":{\"@id\":\"https:\/\/hubsch-interior.com\/de\/#organization\"},\"potentialAction\":[{\"@type\":\"SearchAction\",\"target\":{\"@type\":\"EntryPoint\",\"urlTemplate\":\"https:\/\/hubsch-interior.com\/de\/?s={search_term_string}\"},\"query-input\":{\"@type\":\"PropertyValueSpecification\",\"valueRequired\":true,\"valueName\":\"search_term_string\"}}],\"inLanguage\":\"de\"},{\"@type\":\"Organization\",\"@id\":\"https:\/\/hubsch-interior.com\/de\/#organization\",\"name\":\"H\u00fcbsch\",\"url\":\"https:\/\/hubsch-interior.com\/de\/\",\"logo\":{\"@type\":\"ImageObject\",\"inLanguage\":\"de\",\"@id\":\"https:\/\/hubsch-interior.com\/de\/#\/schema\/logo\/image\/\",\"url\":\"https:\/\/hubsch-interior.com\/wp-content\/uploads\/2022\/12\/Hubsch_logo_black_one_line.svg\",\"contentUrl\":\"https:\/\/hubsch-interior.com\/wp-content\/uploads\/2022\/12\/Hubsch_logo_black_one_line.svg\",\"caption\":\"H\u00fcbsch\"},\"image\":{\"@id\":\"https:\/\/hubsch-interior.com\/de\/#\/schema\/logo\/image\/\"}}]}<\/script>\n<!-- \/ Yoast SEO plugin. -->","yoast_head_json":{"title":"Noblesse Regal Naturfarben - H\u00fcbsch","description":"Wir pr\u00e4sentieren das Noblesse Regal, eine edle Wahl f\u00fcr B\u00fccherliebhaber und Dekorationsbegeisterte gleicherma\u00dfen. Gefertigt aus FSC-zertifiziertem Holz,","robots":{"index":"index","follow":"follow","max-snippet":"max-snippet:-1","max-image-preview":"max-image-preview:large","max-video-preview":"max-video-preview:-1"},"canonical":"https:\/\/hubsch-interior.com\/de\/wp-json\/wp\/v2\/product\/1009231","og_locale":"de_DE","og_type":"article","og_title":"Noblesse Regal Naturfarben - H\u00fcbsch","og_description":"Wir pr\u00e4sentieren das Noblesse Regal, eine edle Wahl f\u00fcr B\u00fccherliebhaber und Dekorationsbegeisterte gleicherma\u00dfen. Gefertigt aus FSC-zertifiziertem Holz,","og_url":"https:\/\/hubsch-interior.com\/de\/produkt\/noblesse-regal-naturfarben\/","og_site_name":"H\u00fcbsch","article_modified_time":"2026-04-29T02:57:21+00:00","og_image":[{"width":1024,"height":1024,"url":"https:\/\/hubsch-interior.com\/wp-content\/uploads\/2026\/02\/noblesse-shelf-unit-natural-484404ce6617c315d7838574d718d8db.jpg","type":"image\/jpeg"}],"twitter_card":"summary_large_image","schema":{"@context":"https:\/\/schema.org","@graph":[{"@type":"WebPage","@id":"https:\/\/hubsch-interior.com\/de\/produkt\/noblesse-regal-naturfarben\/","url":"https:\/\/hubsch-interior.com\/de\/produkt\/noblesse-regal-naturfarben\/","name":"Noblesse Regal Naturfarben - H\u00fcbsch","isPartOf":{"@id":"https:\/\/hubsch-interior.com\/de\/#website"},"primaryImageOfPage":{"@id":"https:\/\/hubsch-interior.com\/de\/produkt\/noblesse-regal-naturfarben\/#primaryimage"},"image":{"@id":"https:\/\/hubsch-interior.com\/de\/produkt\/noblesse-regal-naturfarben\/#primaryimage"},"thumbnailUrl":"https:\/\/hubsch-interior.com\/wp-content\/uploads\/2026\/02\/noblesse-shelf-unit-natural-484404ce6617c315d7838574d718d8db.jpg","datePublished":"2025-01-24T08:42:28+00:00","dateModified":"2026-04-29T02:57:21+00:00","description":"Wir pr\u00e4sentieren das Noblesse Regal, eine edle Wahl f\u00fcr B\u00fccherliebhaber und Dekorationsbegeisterte gleicherma\u00dfen. Gefertigt aus FSC-zertifiziertem Holz,","breadcrumb":{"@id":"https:\/\/hubsch-interior.com\/de\/produkt\/noblesse-regal-naturfarben\/#breadcrumb"},"inLanguage":"de","potentialAction":[{"@type":"ReadAction","target":["https:\/\/hubsch-interior.com\/de\/produkt\/noblesse-regal-naturfarben\/"]}]},{"@type":"ImageObject","inLanguage":"de","@id":"https:\/\/hubsch-interior.com\/de\/produkt\/noblesse-regal-naturfarben\/#primaryimage","url":"https:\/\/hubsch-interior.com\/wp-content\/uploads\/2026\/02\/noblesse-shelf-unit-natural-484404ce6617c315d7838574d718d8db.jpg","contentUrl":"https:\/\/hubsch-interior.com\/wp-content\/uploads\/2026\/02\/noblesse-shelf-unit-natural-484404ce6617c315d7838574d718d8db.jpg","width":1024,"height":1024},{"@type":"BreadcrumbList","@id":"https:\/\/hubsch-interior.com\/de\/produkt\/noblesse-regal-naturfarben\/#breadcrumb","itemListElement":[{"@type":"ListItem","position":1,"name":"Startseite","item":"https:\/\/hubsch-interior.com\/de\/"},{"@type":"ListItem","position":2,"name":"Produkte","item":"https:\/\/hubsch-interior.com\/de\/shop-2\/"},{"@type":"ListItem","position":3,"name":"M\u00f6bel","item":"https:\/\/hubsch-interior.com\/de\/produkt-kategorie\/moebel\/"},{"@type":"ListItem","position":4,"name":"Regale &amp; Aufbewahrung","item":"https:\/\/hubsch-interior.com\/de\/produkt-kategorie\/moebel\/regale-aufbewahrung-de\/"},{"@type":"ListItem","position":5,"name":"Regale","item":"https:\/\/hubsch-interior.com\/de\/produkt-kategorie\/moebel\/regale-aufbewahrung-de\/regale-de\/"},{"@type":"ListItem","position":6,"name":"Noblesse Regal Naturfarben"}]},{"@type":"WebSite","@id":"https:\/\/hubsch-interior.com\/de\/#website","url":"https:\/\/hubsch-interior.com\/de\/","name":"H\u00fcbsch","description":"Danish Home Interior and Design","publisher":{"@id":"https:\/\/hubsch-interior.com\/de\/#organization"},"potentialAction":[{"@type":"SearchAction","target":{"@type":"EntryPoint","urlTemplate":"https:\/\/hubsch-interior.com\/de\/?s={search_term_string}"},"query-input":{"@type":"PropertyValueSpecification","valueRequired":true,"valueName":"search_term_string"}}],"inLanguage":"de"},{"@type":"Organization","@id":"https:\/\/hubsch-interior.com\/de\/#organization","name":"H\u00fcbsch","url":"https:\/\/hubsch-interior.com\/de\/","logo":{"@type":"ImageObject","inLanguage":"de","@id":"https:\/\/hubsch-interior.com\/de\/#\/schema\/logo\/image\/","url":"https:\/\/hubsch-interior.com\/wp-content\/uploads\/2022\/12\/Hubsch_logo_black_one_line.svg","contentUrl":"https:\/\/hubsch-interior.com\/wp-content\/uploads\/2022\/12\/Hubsch_logo_black_one_line.svg","caption":"H\u00fcbsch"},"image":{"@id":"https:\/\/hubsch-interior.com\/de\/#\/schema\/logo\/image\/"}}]}},"_links":{"self":[{"href":"https:\/\/hubsch-interior.com\/de\/wp-json\/wp\/v2\/product\/1009231","targetHints":{"allow":["GET"]}}],"collection":[{"href":"https:\/\/hubsch-interior.com\/de\/wp-json\/wp\/v2\/product"}],"about":[{"href":"https:\/\/hubsch-interior.com\/de\/wp-json\/wp\/v2\/types\/product"}],"wp:featuredmedia":[{"embeddable":true,"href":"https:\/\/hubsch-interior.com\/de\/wp-json\/wp\/v2\/media\/1104501"}],"wp:attachment":[{"href":"https:\/\/hubsch-interior.com\/de\/wp-json\/wp\/v2\/media?parent=1009231"}],"wp:term":[{"taxonomy":"product_brand","embeddable":true,"href":"https:\/\/hubsch-interior.com\/de\/wp-json\/wp\/v2\/product_brand?post=1009231"},{"taxonomy":"product_cat","embeddable":true,"href":"https:\/\/hubsch-interior.com\/de\/wp-json\/wp\/v2\/product_cat?post=1009231"},{"taxonomy":"product_tag","embeddable":true,"href":"https:\/\/hubsch-interior.com\/de\/wp-json\/wp\/v2\/product_tag?post=1009231"}],"curies":[{"name":"wp","href":"https:\/\/api.w.org\/{rel}","templated":true}]}}