{"id":1071312,"date":"2025-09-25T13:16:22","date_gmt":"2025-09-25T11:16:22","guid":{"rendered":"https:\/\/hubsch-interior.com\/product\/product\/"},"modified":"2026-05-01T05:11:46","modified_gmt":"2026-05-01T03:11:46","slug":"bringme-tragbare-lampe-matt-schwarz","status":"publish","type":"product","link":"https:\/\/hubsch-interior.com\/de\/produkt\/bringme-tragbare-lampe-matt-schwarz\/","title":{"rendered":"BringMe Tragbare Lampe Matt Schwarz"},"content":{"rendered":"<p>Erhellen Sie jede Ecke Ihres Zuhauses mit der BringMe Tragbare Lampe in klassischem Mattschwarz. Diese kabellose Lampe ist f\u00fcr Flexibilit\u00e4t entworfen, l\u00e4dt sich in 11 Stunden vollst\u00e4ndig auf und bietet bis zu 10 Stunden gleichm\u00e4\u00dfige Beleuchtung. Verf\u00fcgbar in 8 stilvollen Varianten, ist sie perfekt zum Lesen, Arbeiten oder um eine gem\u00fctliche Atmosph\u00e4re zu schaffen \u2013 sie bringt Licht genau dorthin, wo Sie es ben\u00f6tigen.<\/p>\n","protected":false},"excerpt":{"rendered":"<p>Erhellen Sie jede Ecke Ihres Zuhauses mit der BringMe Tragbare Lampe in klassischem Mattschwarz. Diese kabellose Lampe ist f\u00fcr Flexibilit\u00e4t entworfen, l\u00e4dt sich in 11 Stunden vollst\u00e4ndig auf und bietet bis zu 10 Stunden gleichm\u00e4\u00dfige Beleuchtung. Verf\u00fcgbar in 8 stilvollen Varianten, ist sie perfekt zum Lesen, Arbeiten oder um eine gem\u00fctliche Atmosph\u00e4re zu schaffen \u2013 [&hellip;]<\/p>\n","protected":false},"featured_media":1107928,"template":"","meta":{"_acf_changed":false,"inline_featured_image":false},"product_brand":[],"product_cat":[6940,6998,6963,3809,3501,5047],"product_tag":[],"class_list":{"0":"post-1071312","1":"product","2":"type-product","3":"status-publish","4":"has-post-thumbnail","6":"product_cat-additions-de","7":"product_cat-the-buzz-de","8":"product_cat-tragbare-lampen-de","9":"product_cat-beleuchtung","10":"product_cat-tischlampen-de","11":"product_cat-neuheiten-de","12":"product_shipping_class-pk","14":"pa_color-matt-schwarz","15":"pa_material-acrylic-5-de","16":"pa_material-eisen-de","18":"first","19":"instock","20":"taxable","21":"shipping-taxable","22":"purchasable","23":"product-type-simple"},"exclude_global_add_ons":[],"addons":[],"acf":[],"yoast_head":"<!-- This site is optimized with the Yoast SEO plugin v26.4 - https:\/\/yoast.com\/wordpress\/plugins\/seo\/ -->\n<title>BringMe Tragbare Lampe Matt Schwarz - H\u00fcbsch<\/title>\n<meta name=\"description\" content=\"Erhellen Sie jede Ecke Ihres Zuhauses mit der BringMe Tragbare Lampe in klassischem Mattschwarz. Diese kabellose Lampe ist f\u00fcr Flexibilit\u00e4t entworfen,\" \/>\n<meta name=\"robots\" content=\"index, follow, max-snippet:-1, max-image-preview:large, max-video-preview:-1\" \/>\n<link rel=\"canonical\" href=\"https:\/\/hubsch-interior.com\/de\/wp-json\/wp\/v2\/product\/1071312\" \/>\n<meta property=\"og:locale\" content=\"de_DE\" \/>\n<meta property=\"og:type\" content=\"article\" \/>\n<meta property=\"og:title\" content=\"BringMe Tragbare Lampe Matt Schwarz - H\u00fcbsch\" \/>\n<meta property=\"og:description\" content=\"Erhellen Sie jede Ecke Ihres Zuhauses mit der BringMe Tragbare Lampe in klassischem Mattschwarz. Diese kabellose Lampe ist f\u00fcr Flexibilit\u00e4t entworfen,\" \/>\n<meta property=\"og:url\" content=\"https:\/\/hubsch-interior.com\/de\/produkt\/bringme-tragbare-lampe-matt-schwarz\/\" \/>\n<meta property=\"og:site_name\" content=\"H\u00fcbsch\" \/>\n<meta property=\"article:modified_time\" content=\"2026-05-01T03:11:46+00:00\" \/>\n<meta property=\"og:image\" content=\"https:\/\/hubsch-interior.com\/wp-content\/uploads\/2025\/09\/bringme-portable-lamp-matt-black-d64706edf22173bf96f9c98a33de74ff.jpg\" \/>\n\t<meta property=\"og:image:width\" content=\"1200\" \/>\n\t<meta property=\"og:image:height\" content=\"1200\" \/>\n\t<meta property=\"og:image:type\" content=\"image\/jpeg\" \/>\n<meta name=\"twitter:card\" content=\"summary_large_image\" \/>\n<script type=\"application\/ld+json\" class=\"yoast-schema-graph\">{\"@context\":\"https:\/\/schema.org\",\"@graph\":[{\"@type\":\"WebPage\",\"@id\":\"https:\/\/hubsch-interior.com\/de\/produkt\/bringme-tragbare-lampe-matt-schwarz\/\",\"url\":\"https:\/\/hubsch-interior.com\/de\/produkt\/bringme-tragbare-lampe-matt-schwarz\/\",\"name\":\"BringMe Tragbare Lampe Matt Schwarz - H\u00fcbsch\",\"isPartOf\":{\"@id\":\"https:\/\/hubsch-interior.com\/de\/#website\"},\"primaryImageOfPage\":{\"@id\":\"https:\/\/hubsch-interior.com\/de\/produkt\/bringme-tragbare-lampe-matt-schwarz\/#primaryimage\"},\"image\":{\"@id\":\"https:\/\/hubsch-interior.com\/de\/produkt\/bringme-tragbare-lampe-matt-schwarz\/#primaryimage\"},\"thumbnailUrl\":\"https:\/\/hubsch-interior.com\/wp-content\/uploads\/2026\/02\/bringme-portable-lamp-matt-black-0474d5574cc3857a958bb3ef3c630ea3.jpg\",\"datePublished\":\"2025-09-25T11:16:22+00:00\",\"dateModified\":\"2026-05-01T03:11:46+00:00\",\"description\":\"Erhellen Sie jede Ecke Ihres Zuhauses mit der BringMe Tragbare Lampe in klassischem Mattschwarz. Diese kabellose Lampe ist f\u00fcr Flexibilit\u00e4t entworfen,\",\"breadcrumb\":{\"@id\":\"https:\/\/hubsch-interior.com\/de\/produkt\/bringme-tragbare-lampe-matt-schwarz\/#breadcrumb\"},\"inLanguage\":\"de\",\"potentialAction\":[{\"@type\":\"ReadAction\",\"target\":[\"https:\/\/hubsch-interior.com\/de\/produkt\/bringme-tragbare-lampe-matt-schwarz\/\"]}]},{\"@type\":\"ImageObject\",\"inLanguage\":\"de\",\"@id\":\"https:\/\/hubsch-interior.com\/de\/produkt\/bringme-tragbare-lampe-matt-schwarz\/#primaryimage\",\"url\":\"https:\/\/hubsch-interior.com\/wp-content\/uploads\/2026\/02\/bringme-portable-lamp-matt-black-0474d5574cc3857a958bb3ef3c630ea3.jpg\",\"contentUrl\":\"https:\/\/hubsch-interior.com\/wp-content\/uploads\/2026\/02\/bringme-portable-lamp-matt-black-0474d5574cc3857a958bb3ef3c630ea3.jpg\",\"width\":1024,\"height\":1024},{\"@type\":\"BreadcrumbList\",\"@id\":\"https:\/\/hubsch-interior.com\/de\/produkt\/bringme-tragbare-lampe-matt-schwarz\/#breadcrumb\",\"itemListElement\":[{\"@type\":\"ListItem\",\"position\":1,\"name\":\"Startseite\",\"item\":\"https:\/\/hubsch-interior.com\/de\/\"},{\"@type\":\"ListItem\",\"position\":2,\"name\":\"Produkte\",\"item\":\"https:\/\/hubsch-interior.com\/de\/shop-2\/\"},{\"@type\":\"ListItem\",\"position\":3,\"name\":\"Beleuchtung\",\"item\":\"https:\/\/hubsch-interior.com\/de\/produkt-kategorie\/beleuchtung\/\"},{\"@type\":\"ListItem\",\"position\":4,\"name\":\"Tragbare Lampen\",\"item\":\"https:\/\/hubsch-interior.com\/de\/produkt-kategorie\/beleuchtung\/tragbare-lampen-de\/\"},{\"@type\":\"ListItem\",\"position\":5,\"name\":\"BringMe Tragbare Lampe Matt Schwarz\"}]},{\"@type\":\"WebSite\",\"@id\":\"https:\/\/hubsch-interior.com\/de\/#website\",\"url\":\"https:\/\/hubsch-interior.com\/de\/\",\"name\":\"H\u00fcbsch\",\"description\":\"Danish Home Interior and Design\",\"publisher\":{\"@id\":\"https:\/\/hubsch-interior.com\/de\/#organization\"},\"potentialAction\":[{\"@type\":\"SearchAction\",\"target\":{\"@type\":\"EntryPoint\",\"urlTemplate\":\"https:\/\/hubsch-interior.com\/de\/?s={search_term_string}\"},\"query-input\":{\"@type\":\"PropertyValueSpecification\",\"valueRequired\":true,\"valueName\":\"search_term_string\"}}],\"inLanguage\":\"de\"},{\"@type\":\"Organization\",\"@id\":\"https:\/\/hubsch-interior.com\/de\/#organization\",\"name\":\"H\u00fcbsch\",\"url\":\"https:\/\/hubsch-interior.com\/de\/\",\"logo\":{\"@type\":\"ImageObject\",\"inLanguage\":\"de\",\"@id\":\"https:\/\/hubsch-interior.com\/de\/#\/schema\/logo\/image\/\",\"url\":\"https:\/\/hubsch-interior.com\/wp-content\/uploads\/2022\/12\/Hubsch_logo_black_one_line.svg\",\"contentUrl\":\"https:\/\/hubsch-interior.com\/wp-content\/uploads\/2022\/12\/Hubsch_logo_black_one_line.svg\",\"caption\":\"H\u00fcbsch\"},\"image\":{\"@id\":\"https:\/\/hubsch-interior.com\/de\/#\/schema\/logo\/image\/\"}}]}<\/script>\n<!-- \/ Yoast SEO plugin. -->","yoast_head_json":{"title":"BringMe Tragbare Lampe Matt Schwarz - H\u00fcbsch","description":"Erhellen Sie jede Ecke Ihres Zuhauses mit der BringMe Tragbare Lampe in klassischem Mattschwarz. Diese kabellose Lampe ist f\u00fcr Flexibilit\u00e4t entworfen,","robots":{"index":"index","follow":"follow","max-snippet":"max-snippet:-1","max-image-preview":"max-image-preview:large","max-video-preview":"max-video-preview:-1"},"canonical":"https:\/\/hubsch-interior.com\/de\/wp-json\/wp\/v2\/product\/1071312","og_locale":"de_DE","og_type":"article","og_title":"BringMe Tragbare Lampe Matt Schwarz - H\u00fcbsch","og_description":"Erhellen Sie jede Ecke Ihres Zuhauses mit der BringMe Tragbare Lampe in klassischem Mattschwarz. Diese kabellose Lampe ist f\u00fcr Flexibilit\u00e4t entworfen,","og_url":"https:\/\/hubsch-interior.com\/de\/produkt\/bringme-tragbare-lampe-matt-schwarz\/","og_site_name":"H\u00fcbsch","article_modified_time":"2026-05-01T03:11:46+00:00","og_image":[{"width":1200,"height":1200,"url":"https:\/\/hubsch-interior.com\/wp-content\/uploads\/2025\/09\/bringme-portable-lamp-matt-black-d64706edf22173bf96f9c98a33de74ff.jpg","type":"image\/jpeg"}],"twitter_card":"summary_large_image","schema":{"@context":"https:\/\/schema.org","@graph":[{"@type":"WebPage","@id":"https:\/\/hubsch-interior.com\/de\/produkt\/bringme-tragbare-lampe-matt-schwarz\/","url":"https:\/\/hubsch-interior.com\/de\/produkt\/bringme-tragbare-lampe-matt-schwarz\/","name":"BringMe Tragbare Lampe Matt Schwarz - H\u00fcbsch","isPartOf":{"@id":"https:\/\/hubsch-interior.com\/de\/#website"},"primaryImageOfPage":{"@id":"https:\/\/hubsch-interior.com\/de\/produkt\/bringme-tragbare-lampe-matt-schwarz\/#primaryimage"},"image":{"@id":"https:\/\/hubsch-interior.com\/de\/produkt\/bringme-tragbare-lampe-matt-schwarz\/#primaryimage"},"thumbnailUrl":"https:\/\/hubsch-interior.com\/wp-content\/uploads\/2026\/02\/bringme-portable-lamp-matt-black-0474d5574cc3857a958bb3ef3c630ea3.jpg","datePublished":"2025-09-25T11:16:22+00:00","dateModified":"2026-05-01T03:11:46+00:00","description":"Erhellen Sie jede Ecke Ihres Zuhauses mit der BringMe Tragbare Lampe in klassischem Mattschwarz. Diese kabellose Lampe ist f\u00fcr Flexibilit\u00e4t entworfen,","breadcrumb":{"@id":"https:\/\/hubsch-interior.com\/de\/produkt\/bringme-tragbare-lampe-matt-schwarz\/#breadcrumb"},"inLanguage":"de","potentialAction":[{"@type":"ReadAction","target":["https:\/\/hubsch-interior.com\/de\/produkt\/bringme-tragbare-lampe-matt-schwarz\/"]}]},{"@type":"ImageObject","inLanguage":"de","@id":"https:\/\/hubsch-interior.com\/de\/produkt\/bringme-tragbare-lampe-matt-schwarz\/#primaryimage","url":"https:\/\/hubsch-interior.com\/wp-content\/uploads\/2026\/02\/bringme-portable-lamp-matt-black-0474d5574cc3857a958bb3ef3c630ea3.jpg","contentUrl":"https:\/\/hubsch-interior.com\/wp-content\/uploads\/2026\/02\/bringme-portable-lamp-matt-black-0474d5574cc3857a958bb3ef3c630ea3.jpg","width":1024,"height":1024},{"@type":"BreadcrumbList","@id":"https:\/\/hubsch-interior.com\/de\/produkt\/bringme-tragbare-lampe-matt-schwarz\/#breadcrumb","itemListElement":[{"@type":"ListItem","position":1,"name":"Startseite","item":"https:\/\/hubsch-interior.com\/de\/"},{"@type":"ListItem","position":2,"name":"Produkte","item":"https:\/\/hubsch-interior.com\/de\/shop-2\/"},{"@type":"ListItem","position":3,"name":"Beleuchtung","item":"https:\/\/hubsch-interior.com\/de\/produkt-kategorie\/beleuchtung\/"},{"@type":"ListItem","position":4,"name":"Tragbare Lampen","item":"https:\/\/hubsch-interior.com\/de\/produkt-kategorie\/beleuchtung\/tragbare-lampen-de\/"},{"@type":"ListItem","position":5,"name":"BringMe Tragbare Lampe Matt Schwarz"}]},{"@type":"WebSite","@id":"https:\/\/hubsch-interior.com\/de\/#website","url":"https:\/\/hubsch-interior.com\/de\/","name":"H\u00fcbsch","description":"Danish Home Interior and Design","publisher":{"@id":"https:\/\/hubsch-interior.com\/de\/#organization"},"potentialAction":[{"@type":"SearchAction","target":{"@type":"EntryPoint","urlTemplate":"https:\/\/hubsch-interior.com\/de\/?s={search_term_string}"},"query-input":{"@type":"PropertyValueSpecification","valueRequired":true,"valueName":"search_term_string"}}],"inLanguage":"de"},{"@type":"Organization","@id":"https:\/\/hubsch-interior.com\/de\/#organization","name":"H\u00fcbsch","url":"https:\/\/hubsch-interior.com\/de\/","logo":{"@type":"ImageObject","inLanguage":"de","@id":"https:\/\/hubsch-interior.com\/de\/#\/schema\/logo\/image\/","url":"https:\/\/hubsch-interior.com\/wp-content\/uploads\/2022\/12\/Hubsch_logo_black_one_line.svg","contentUrl":"https:\/\/hubsch-interior.com\/wp-content\/uploads\/2022\/12\/Hubsch_logo_black_one_line.svg","caption":"H\u00fcbsch"},"image":{"@id":"https:\/\/hubsch-interior.com\/de\/#\/schema\/logo\/image\/"}}]}},"_links":{"self":[{"href":"https:\/\/hubsch-interior.com\/de\/wp-json\/wp\/v2\/product\/1071312","targetHints":{"allow":["GET"]}}],"collection":[{"href":"https:\/\/hubsch-interior.com\/de\/wp-json\/wp\/v2\/product"}],"about":[{"href":"https:\/\/hubsch-interior.com\/de\/wp-json\/wp\/v2\/types\/product"}],"wp:featuredmedia":[{"embeddable":true,"href":"https:\/\/hubsch-interior.com\/de\/wp-json\/wp\/v2\/media\/1107928"}],"wp:attachment":[{"href":"https:\/\/hubsch-interior.com\/de\/wp-json\/wp\/v2\/media?parent=1071312"}],"wp:term":[{"taxonomy":"product_brand","embeddable":true,"href":"https:\/\/hubsch-interior.com\/de\/wp-json\/wp\/v2\/product_brand?post=1071312"},{"taxonomy":"product_cat","embeddable":true,"href":"https:\/\/hubsch-interior.com\/de\/wp-json\/wp\/v2\/product_cat?post=1071312"},{"taxonomy":"product_tag","embeddable":true,"href":"https:\/\/hubsch-interior.com\/de\/wp-json\/wp\/v2\/product_tag?post=1071312"}],"curies":[{"name":"wp","href":"https:\/\/api.w.org\/{rel}","templated":true}]}}