{"id":396181,"date":"2021-06-04T10:13:02","date_gmt":"2021-06-04T08:13:02","guid":{"rendered":"https:\/\/hubsch-interior.com\/shop-b2c\/product\/product-6\/"},"modified":"2026-04-27T05:04:45","modified_gmt":"2026-04-27T03:04:45","slug":"podium-topfe-small-schwarz-2er-set","status":"publish","type":"product","link":"https:\/\/hubsch-interior.com\/de\/produkt\/podium-topfe-small-schwarz-2er-set\/","title":{"rendered":"Podium T\u00f6pfe Small Schwarz (2er Set)"},"content":{"rendered":"<p>Die schwarzen T\u00f6pfe mit Untersetzer aus Stein sind in zwei verschiedenen Gr\u00f6\u00dfen erh\u00e4ltlich. Stellen Sie die T\u00f6pfe auf eine Kommode, in die K\u00fcche oder in einen anderen Raum Ihres Hauses. Der Topf ist klassisch mit oder ohne Pflanze. Dieses Produkt ist handgefertigt und kann daher variieren.<\/p>\n","protected":false},"excerpt":{"rendered":"<p>Die schwarzen T\u00f6pfe mit Untersetzer aus Stein sind in zwei verschiedenen Gr\u00f6\u00dfen erh\u00e4ltlich. Stellen Sie die T\u00f6pfe auf eine Kommode, in die K\u00fcche oder in einen anderen Raum Ihres Hauses. Der Topf ist klassisch mit oder ohne Pflanze. Dieses Produkt ist handgefertigt und kann daher variieren.<\/p>\n","protected":false},"featured_media":1105966,"template":"","meta":{"_acf_changed":false,"inline_featured_image":false},"product_brand":[],"product_cat":[5027,4925,6349,4916],"product_tag":[],"class_list":{"0":"post-396181","1":"product","2":"type-product","3":"status-publish","4":"has-post-thumbnail","6":"product_cat-bestsellers-de","7":"product_cat-blumentoepfe-de","8":"product_cat-garden-selection-de","9":"product_cat-toepfe-giesskannen-de","10":"product_shipping_class-pk","12":"pa_color-schwarz","13":"pa_material-polyresin-30-de","14":"pa_material-stone-powder-70-de","16":"first","17":"instock","18":"featured","19":"taxable","20":"shipping-taxable","21":"purchasable","22":"product-type-simple"},"exclude_global_add_ons":[],"addons":[],"acf":[],"yoast_head":"<!-- This site is optimized with the Yoast SEO plugin v26.4 - https:\/\/yoast.com\/wordpress\/plugins\/seo\/ -->\n<title>Podium T\u00f6pfe Small Schwarz (2er Set) - H\u00fcbsch<\/title>\n<meta name=\"description\" content=\"Die schwarzen T\u00f6pfe mit Untersetzer aus Stein sind in zwei verschiedenen Gr\u00f6\u00dfen erh\u00e4ltlich. Stellen Sie die T\u00f6pfe auf eine Kommode, in die K\u00fcche oder in\" \/>\n<meta name=\"robots\" content=\"index, follow, max-snippet:-1, max-image-preview:large, max-video-preview:-1\" \/>\n<link rel=\"canonical\" href=\"https:\/\/hubsch-interior.com\/de\/wp-json\/wp\/v2\/product\/396181\" \/>\n<meta property=\"og:locale\" content=\"de_DE\" \/>\n<meta property=\"og:type\" content=\"article\" \/>\n<meta property=\"og:title\" content=\"Podium T\u00f6pfe Small Schwarz (2er Set) - H\u00fcbsch\" \/>\n<meta property=\"og:description\" content=\"Die schwarzen T\u00f6pfe mit Untersetzer aus Stein sind in zwei verschiedenen Gr\u00f6\u00dfen erh\u00e4ltlich. Stellen Sie die T\u00f6pfe auf eine Kommode, in die K\u00fcche oder in\" \/>\n<meta property=\"og:url\" content=\"https:\/\/hubsch-interior.com\/de\/produkt\/podium-topfe-small-schwarz-2er-set\/\" \/>\n<meta property=\"og:site_name\" content=\"H\u00fcbsch\" \/>\n<meta property=\"article:modified_time\" content=\"2026-04-27T03:04:45+00:00\" \/>\n<meta property=\"og:image\" content=\"https:\/\/hubsch-interior.com\/wp-content\/uploads\/2025\/05\/podium-pots-small-black-set-of-2-689709eac6387dc776024e7ba08590df.jpg\" \/>\n\t<meta property=\"og:image:width\" content=\"1200\" \/>\n\t<meta property=\"og:image:height\" content=\"1200\" \/>\n\t<meta property=\"og:image:type\" content=\"image\/jpeg\" \/>\n<meta name=\"twitter:card\" content=\"summary_large_image\" \/>\n<script type=\"application\/ld+json\" class=\"yoast-schema-graph\">{\"@context\":\"https:\/\/schema.org\",\"@graph\":[{\"@type\":\"WebPage\",\"@id\":\"https:\/\/hubsch-interior.com\/de\/produkt\/podium-topfe-small-schwarz-2er-set\/\",\"url\":\"https:\/\/hubsch-interior.com\/de\/produkt\/podium-topfe-small-schwarz-2er-set\/\",\"name\":\"Podium T\u00f6pfe Small Schwarz (2er Set) - H\u00fcbsch\",\"isPartOf\":{\"@id\":\"https:\/\/hubsch-interior.com\/de\/#website\"},\"primaryImageOfPage\":{\"@id\":\"https:\/\/hubsch-interior.com\/de\/produkt\/podium-topfe-small-schwarz-2er-set\/#primaryimage\"},\"image\":{\"@id\":\"https:\/\/hubsch-interior.com\/de\/produkt\/podium-topfe-small-schwarz-2er-set\/#primaryimage\"},\"thumbnailUrl\":\"https:\/\/hubsch-interior.com\/wp-content\/uploads\/2026\/02\/podium-pots-small-black-set-of-2-bd39c800df7ecaeb1451fc4d48043235.jpg\",\"datePublished\":\"2021-06-04T08:13:02+00:00\",\"dateModified\":\"2026-04-27T03:04:45+00:00\",\"description\":\"Die schwarzen T\u00f6pfe mit Untersetzer aus Stein sind in zwei verschiedenen Gr\u00f6\u00dfen erh\u00e4ltlich. Stellen Sie die T\u00f6pfe auf eine Kommode, in die K\u00fcche oder in\",\"breadcrumb\":{\"@id\":\"https:\/\/hubsch-interior.com\/de\/produkt\/podium-topfe-small-schwarz-2er-set\/#breadcrumb\"},\"inLanguage\":\"de\",\"potentialAction\":[{\"@type\":\"ReadAction\",\"target\":[\"https:\/\/hubsch-interior.com\/de\/produkt\/podium-topfe-small-schwarz-2er-set\/\"]}]},{\"@type\":\"ImageObject\",\"inLanguage\":\"de\",\"@id\":\"https:\/\/hubsch-interior.com\/de\/produkt\/podium-topfe-small-schwarz-2er-set\/#primaryimage\",\"url\":\"https:\/\/hubsch-interior.com\/wp-content\/uploads\/2026\/02\/podium-pots-small-black-set-of-2-bd39c800df7ecaeb1451fc4d48043235.jpg\",\"contentUrl\":\"https:\/\/hubsch-interior.com\/wp-content\/uploads\/2026\/02\/podium-pots-small-black-set-of-2-bd39c800df7ecaeb1451fc4d48043235.jpg\",\"width\":1024,\"height\":1024},{\"@type\":\"BreadcrumbList\",\"@id\":\"https:\/\/hubsch-interior.com\/de\/produkt\/podium-topfe-small-schwarz-2er-set\/#breadcrumb\",\"itemListElement\":[{\"@type\":\"ListItem\",\"position\":1,\"name\":\"Startseite\",\"item\":\"https:\/\/hubsch-interior.com\/de\/\"},{\"@type\":\"ListItem\",\"position\":2,\"name\":\"Produkte\",\"item\":\"https:\/\/hubsch-interior.com\/de\/shop-2\/\"},{\"@type\":\"ListItem\",\"position\":3,\"name\":\"Wohnaccessoires\",\"item\":\"https:\/\/hubsch-interior.com\/de\/produkt-kategorie\/wohnaccessoires\/\"},{\"@type\":\"ListItem\",\"position\":4,\"name\":\"T&ouml;pfe &amp; Gie&szlig;kannen\",\"item\":\"https:\/\/hubsch-interior.com\/de\/produkt-kategorie\/wohnaccessoires\/toepfe-giesskannen-de\/\"},{\"@type\":\"ListItem\",\"position\":5,\"name\":\"Blument&ouml;pfe\",\"item\":\"https:\/\/hubsch-interior.com\/de\/produkt-kategorie\/wohnaccessoires\/toepfe-giesskannen-de\/blumentoepfe-de\/\"},{\"@type\":\"ListItem\",\"position\":6,\"name\":\"Podium T\u00f6pfe Small Schwarz (2er Set)\"}]},{\"@type\":\"WebSite\",\"@id\":\"https:\/\/hubsch-interior.com\/de\/#website\",\"url\":\"https:\/\/hubsch-interior.com\/de\/\",\"name\":\"H\u00fcbsch\",\"description\":\"Danish Home Interior and Design\",\"publisher\":{\"@id\":\"https:\/\/hubsch-interior.com\/de\/#organization\"},\"potentialAction\":[{\"@type\":\"SearchAction\",\"target\":{\"@type\":\"EntryPoint\",\"urlTemplate\":\"https:\/\/hubsch-interior.com\/de\/?s={search_term_string}\"},\"query-input\":{\"@type\":\"PropertyValueSpecification\",\"valueRequired\":true,\"valueName\":\"search_term_string\"}}],\"inLanguage\":\"de\"},{\"@type\":\"Organization\",\"@id\":\"https:\/\/hubsch-interior.com\/de\/#organization\",\"name\":\"H\u00fcbsch\",\"url\":\"https:\/\/hubsch-interior.com\/de\/\",\"logo\":{\"@type\":\"ImageObject\",\"inLanguage\":\"de\",\"@id\":\"https:\/\/hubsch-interior.com\/de\/#\/schema\/logo\/image\/\",\"url\":\"https:\/\/hubsch-interior.com\/wp-content\/uploads\/2022\/12\/Hubsch_logo_black_one_line.svg\",\"contentUrl\":\"https:\/\/hubsch-interior.com\/wp-content\/uploads\/2022\/12\/Hubsch_logo_black_one_line.svg\",\"caption\":\"H\u00fcbsch\"},\"image\":{\"@id\":\"https:\/\/hubsch-interior.com\/de\/#\/schema\/logo\/image\/\"}}]}<\/script>\n<!-- \/ Yoast SEO plugin. -->","yoast_head_json":{"title":"Podium T\u00f6pfe Small Schwarz (2er Set) - H\u00fcbsch","description":"Die schwarzen T\u00f6pfe mit Untersetzer aus Stein sind in zwei verschiedenen Gr\u00f6\u00dfen erh\u00e4ltlich. Stellen Sie die T\u00f6pfe auf eine Kommode, in die K\u00fcche oder in","robots":{"index":"index","follow":"follow","max-snippet":"max-snippet:-1","max-image-preview":"max-image-preview:large","max-video-preview":"max-video-preview:-1"},"canonical":"https:\/\/hubsch-interior.com\/de\/wp-json\/wp\/v2\/product\/396181","og_locale":"de_DE","og_type":"article","og_title":"Podium T\u00f6pfe Small Schwarz (2er Set) - H\u00fcbsch","og_description":"Die schwarzen T\u00f6pfe mit Untersetzer aus Stein sind in zwei verschiedenen Gr\u00f6\u00dfen erh\u00e4ltlich. Stellen Sie die T\u00f6pfe auf eine Kommode, in die K\u00fcche oder in","og_url":"https:\/\/hubsch-interior.com\/de\/produkt\/podium-topfe-small-schwarz-2er-set\/","og_site_name":"H\u00fcbsch","article_modified_time":"2026-04-27T03:04:45+00:00","og_image":[{"width":1200,"height":1200,"url":"https:\/\/hubsch-interior.com\/wp-content\/uploads\/2025\/05\/podium-pots-small-black-set-of-2-689709eac6387dc776024e7ba08590df.jpg","type":"image\/jpeg"}],"twitter_card":"summary_large_image","schema":{"@context":"https:\/\/schema.org","@graph":[{"@type":"WebPage","@id":"https:\/\/hubsch-interior.com\/de\/produkt\/podium-topfe-small-schwarz-2er-set\/","url":"https:\/\/hubsch-interior.com\/de\/produkt\/podium-topfe-small-schwarz-2er-set\/","name":"Podium T\u00f6pfe Small Schwarz (2er Set) - H\u00fcbsch","isPartOf":{"@id":"https:\/\/hubsch-interior.com\/de\/#website"},"primaryImageOfPage":{"@id":"https:\/\/hubsch-interior.com\/de\/produkt\/podium-topfe-small-schwarz-2er-set\/#primaryimage"},"image":{"@id":"https:\/\/hubsch-interior.com\/de\/produkt\/podium-topfe-small-schwarz-2er-set\/#primaryimage"},"thumbnailUrl":"https:\/\/hubsch-interior.com\/wp-content\/uploads\/2026\/02\/podium-pots-small-black-set-of-2-bd39c800df7ecaeb1451fc4d48043235.jpg","datePublished":"2021-06-04T08:13:02+00:00","dateModified":"2026-04-27T03:04:45+00:00","description":"Die schwarzen T\u00f6pfe mit Untersetzer aus Stein sind in zwei verschiedenen Gr\u00f6\u00dfen erh\u00e4ltlich. Stellen Sie die T\u00f6pfe auf eine Kommode, in die K\u00fcche oder in","breadcrumb":{"@id":"https:\/\/hubsch-interior.com\/de\/produkt\/podium-topfe-small-schwarz-2er-set\/#breadcrumb"},"inLanguage":"de","potentialAction":[{"@type":"ReadAction","target":["https:\/\/hubsch-interior.com\/de\/produkt\/podium-topfe-small-schwarz-2er-set\/"]}]},{"@type":"ImageObject","inLanguage":"de","@id":"https:\/\/hubsch-interior.com\/de\/produkt\/podium-topfe-small-schwarz-2er-set\/#primaryimage","url":"https:\/\/hubsch-interior.com\/wp-content\/uploads\/2026\/02\/podium-pots-small-black-set-of-2-bd39c800df7ecaeb1451fc4d48043235.jpg","contentUrl":"https:\/\/hubsch-interior.com\/wp-content\/uploads\/2026\/02\/podium-pots-small-black-set-of-2-bd39c800df7ecaeb1451fc4d48043235.jpg","width":1024,"height":1024},{"@type":"BreadcrumbList","@id":"https:\/\/hubsch-interior.com\/de\/produkt\/podium-topfe-small-schwarz-2er-set\/#breadcrumb","itemListElement":[{"@type":"ListItem","position":1,"name":"Startseite","item":"https:\/\/hubsch-interior.com\/de\/"},{"@type":"ListItem","position":2,"name":"Produkte","item":"https:\/\/hubsch-interior.com\/de\/shop-2\/"},{"@type":"ListItem","position":3,"name":"Wohnaccessoires","item":"https:\/\/hubsch-interior.com\/de\/produkt-kategorie\/wohnaccessoires\/"},{"@type":"ListItem","position":4,"name":"T&ouml;pfe &amp; Gie&szlig;kannen","item":"https:\/\/hubsch-interior.com\/de\/produkt-kategorie\/wohnaccessoires\/toepfe-giesskannen-de\/"},{"@type":"ListItem","position":5,"name":"Blument&ouml;pfe","item":"https:\/\/hubsch-interior.com\/de\/produkt-kategorie\/wohnaccessoires\/toepfe-giesskannen-de\/blumentoepfe-de\/"},{"@type":"ListItem","position":6,"name":"Podium T\u00f6pfe Small Schwarz (2er Set)"}]},{"@type":"WebSite","@id":"https:\/\/hubsch-interior.com\/de\/#website","url":"https:\/\/hubsch-interior.com\/de\/","name":"H\u00fcbsch","description":"Danish Home Interior and Design","publisher":{"@id":"https:\/\/hubsch-interior.com\/de\/#organization"},"potentialAction":[{"@type":"SearchAction","target":{"@type":"EntryPoint","urlTemplate":"https:\/\/hubsch-interior.com\/de\/?s={search_term_string}"},"query-input":{"@type":"PropertyValueSpecification","valueRequired":true,"valueName":"search_term_string"}}],"inLanguage":"de"},{"@type":"Organization","@id":"https:\/\/hubsch-interior.com\/de\/#organization","name":"H\u00fcbsch","url":"https:\/\/hubsch-interior.com\/de\/","logo":{"@type":"ImageObject","inLanguage":"de","@id":"https:\/\/hubsch-interior.com\/de\/#\/schema\/logo\/image\/","url":"https:\/\/hubsch-interior.com\/wp-content\/uploads\/2022\/12\/Hubsch_logo_black_one_line.svg","contentUrl":"https:\/\/hubsch-interior.com\/wp-content\/uploads\/2022\/12\/Hubsch_logo_black_one_line.svg","caption":"H\u00fcbsch"},"image":{"@id":"https:\/\/hubsch-interior.com\/de\/#\/schema\/logo\/image\/"}}]}},"_links":{"self":[{"href":"https:\/\/hubsch-interior.com\/de\/wp-json\/wp\/v2\/product\/396181","targetHints":{"allow":["GET"]}}],"collection":[{"href":"https:\/\/hubsch-interior.com\/de\/wp-json\/wp\/v2\/product"}],"about":[{"href":"https:\/\/hubsch-interior.com\/de\/wp-json\/wp\/v2\/types\/product"}],"wp:featuredmedia":[{"embeddable":true,"href":"https:\/\/hubsch-interior.com\/de\/wp-json\/wp\/v2\/media\/1105966"}],"wp:attachment":[{"href":"https:\/\/hubsch-interior.com\/de\/wp-json\/wp\/v2\/media?parent=396181"}],"wp:term":[{"taxonomy":"product_brand","embeddable":true,"href":"https:\/\/hubsch-interior.com\/de\/wp-json\/wp\/v2\/product_brand?post=396181"},{"taxonomy":"product_cat","embeddable":true,"href":"https:\/\/hubsch-interior.com\/de\/wp-json\/wp\/v2\/product_cat?post=396181"},{"taxonomy":"product_tag","embeddable":true,"href":"https:\/\/hubsch-interior.com\/de\/wp-json\/wp\/v2\/product_tag?post=396181"}],"curies":[{"name":"wp","href":"https:\/\/api.w.org\/{rel}","templated":true}]}}