{"id":694077,"date":"2021-08-31T09:30:35","date_gmt":"2021-08-31T07:30:35","guid":{"rendered":"https:\/\/hubsch-interior.com\/shop-b2c\/product\/product\/"},"modified":"2026-04-30T04:24:25","modified_gmt":"2026-04-30T02:24:25","slug":"blackie-korbe-schwarz-naturfarben-2er-set","status":"publish","type":"product","link":"https:\/\/hubsch-interior.com\/de\/produkt\/blackie-korbe-schwarz-naturfarben-2er-set\/","title":{"rendered":"Blackie K\u00f6rbe Schwarz\/Naturfarben (2er Set)"},"content":{"rendered":"<p>Dieses 2er-Set Blackie K\u00f6rbe in Schwarz und Naturfarben ist aus Rattan gefertigt und ein Blickfang f\u00fcr jeden Raum. Die K\u00f6rbe sind von hoher Qualit\u00e4t und sehr robust. Sie k\u00f6nnen durch ihre nat\u00fcrliche Farbe jede Art von Einrichtung erg\u00e4nzen und eine wunderbare Dekoration f\u00fcr Ihr Zuhause schaffen. Mit ihren stabilen Griffen sind sie einfach zu transportieren und bieten viel Platz f\u00fcr Ihre Gegenst\u00e4nde. Holen Sie sich ein St\u00fcck Natur in Ihr Zuhause mit diesem sch\u00f6nen 2er-Set Rattan K\u00f6rbe!<\/p>\n","protected":false},"excerpt":{"rendered":"<p>Dieses 2er-Set Blackie K\u00f6rbe in Schwarz und Naturfarben ist aus Rattan gefertigt und ein Blickfang f\u00fcr jeden Raum. Die K\u00f6rbe sind von hoher Qualit\u00e4t und sehr robust. Sie k\u00f6nnen durch ihre nat\u00fcrliche Farbe jede Art von Einrichtung erg\u00e4nzen und eine wunderbare Dekoration f\u00fcr Ihr Zuhause schaffen. Mit ihren stabilen Griffen sind sie einfach zu transportieren [&hellip;]<\/p>\n","protected":false},"featured_media":1095565,"template":"","meta":{"_acf_changed":false,"inline_featured_image":false},"product_brand":[],"product_cat":[3111,4076],"product_tag":[],"class_list":{"0":"post-694077","1":"product","2":"type-product","3":"status-publish","4":"has-post-thumbnail","6":"product_cat-aufbewahrung-de","7":"product_cat-koerbe-de","8":"product_shipping_class-pk","9":"pa_color-naturfarben-2","10":"pa_color-schwarz","11":"pa_material-rattan-de","13":"first","14":"instock","15":"taxable","16":"shipping-taxable","17":"purchasable","18":"product-type-simple"},"exclude_global_add_ons":[],"addons":[],"acf":[],"yoast_head":"<!-- This site is optimized with the Yoast SEO plugin v26.4 - https:\/\/yoast.com\/wordpress\/plugins\/seo\/ -->\n<title>Blackie K\u00f6rbe Schwarz\/Naturfarben (2er Set) - H\u00fcbsch<\/title>\n<meta name=\"description\" content=\"Dieses 2er-Set Blackie K\u00f6rbe in Schwarz und Naturfarben ist aus Rattan gefertigt und ein Blickfang f\u00fcr jeden Raum. Die K\u00f6rbe sind von hoher Qualit\u00e4t und\" \/>\n<meta name=\"robots\" content=\"index, follow, max-snippet:-1, max-image-preview:large, max-video-preview:-1\" \/>\n<link rel=\"canonical\" href=\"https:\/\/hubsch-interior.com\/de\/wp-json\/wp\/v2\/product\/694077\" \/>\n<meta property=\"og:locale\" content=\"de_DE\" \/>\n<meta property=\"og:type\" content=\"article\" \/>\n<meta property=\"og:title\" content=\"Blackie K\u00f6rbe Schwarz\/Naturfarben (2er Set) - H\u00fcbsch\" \/>\n<meta property=\"og:description\" content=\"Dieses 2er-Set Blackie K\u00f6rbe in Schwarz und Naturfarben ist aus Rattan gefertigt und ein Blickfang f\u00fcr jeden Raum. Die K\u00f6rbe sind von hoher Qualit\u00e4t und\" \/>\n<meta property=\"og:url\" content=\"https:\/\/hubsch-interior.com\/de\/produkt\/blackie-korbe-schwarz-naturfarben-2er-set\/\" \/>\n<meta property=\"og:site_name\" content=\"H\u00fcbsch\" \/>\n<meta property=\"article:modified_time\" content=\"2026-04-30T02:24:25+00:00\" \/>\n<meta property=\"og:image\" content=\"https:\/\/hubsch-interior.com\/wp-content\/uploads\/2025\/04\/blackie-baskets-blacknatural-set-of-2-51791fa8f01b764303ae20cc52a2b31f.jpg\" \/>\n\t<meta property=\"og:image:width\" content=\"1200\" \/>\n\t<meta property=\"og:image:height\" content=\"1200\" \/>\n\t<meta property=\"og:image:type\" content=\"image\/jpeg\" \/>\n<meta name=\"twitter:card\" content=\"summary_large_image\" \/>\n<script type=\"application\/ld+json\" class=\"yoast-schema-graph\">{\"@context\":\"https:\/\/schema.org\",\"@graph\":[{\"@type\":\"WebPage\",\"@id\":\"https:\/\/hubsch-interior.com\/de\/produkt\/blackie-korbe-schwarz-naturfarben-2er-set\/\",\"url\":\"https:\/\/hubsch-interior.com\/de\/produkt\/blackie-korbe-schwarz-naturfarben-2er-set\/\",\"name\":\"Blackie K\u00f6rbe Schwarz\/Naturfarben (2er Set) - H\u00fcbsch\",\"isPartOf\":{\"@id\":\"https:\/\/hubsch-interior.com\/de\/#website\"},\"primaryImageOfPage\":{\"@id\":\"https:\/\/hubsch-interior.com\/de\/produkt\/blackie-korbe-schwarz-naturfarben-2er-set\/#primaryimage\"},\"image\":{\"@id\":\"https:\/\/hubsch-interior.com\/de\/produkt\/blackie-korbe-schwarz-naturfarben-2er-set\/#primaryimage\"},\"thumbnailUrl\":\"https:\/\/hubsch-interior.com\/wp-content\/uploads\/2026\/02\/blackie-baskets-blacknatural-set-of-2-49b9e8e8741eb81bd90e4b71bea8dbf7.jpg\",\"datePublished\":\"2021-08-31T07:30:35+00:00\",\"dateModified\":\"2026-04-30T02:24:25+00:00\",\"description\":\"Dieses 2er-Set Blackie K\u00f6rbe in Schwarz und Naturfarben ist aus Rattan gefertigt und ein Blickfang f\u00fcr jeden Raum. Die K\u00f6rbe sind von hoher Qualit\u00e4t und\",\"breadcrumb\":{\"@id\":\"https:\/\/hubsch-interior.com\/de\/produkt\/blackie-korbe-schwarz-naturfarben-2er-set\/#breadcrumb\"},\"inLanguage\":\"de\",\"potentialAction\":[{\"@type\":\"ReadAction\",\"target\":[\"https:\/\/hubsch-interior.com\/de\/produkt\/blackie-korbe-schwarz-naturfarben-2er-set\/\"]}]},{\"@type\":\"ImageObject\",\"inLanguage\":\"de\",\"@id\":\"https:\/\/hubsch-interior.com\/de\/produkt\/blackie-korbe-schwarz-naturfarben-2er-set\/#primaryimage\",\"url\":\"https:\/\/hubsch-interior.com\/wp-content\/uploads\/2026\/02\/blackie-baskets-blacknatural-set-of-2-49b9e8e8741eb81bd90e4b71bea8dbf7.jpg\",\"contentUrl\":\"https:\/\/hubsch-interior.com\/wp-content\/uploads\/2026\/02\/blackie-baskets-blacknatural-set-of-2-49b9e8e8741eb81bd90e4b71bea8dbf7.jpg\",\"width\":1024,\"height\":1024},{\"@type\":\"BreadcrumbList\",\"@id\":\"https:\/\/hubsch-interior.com\/de\/produkt\/blackie-korbe-schwarz-naturfarben-2er-set\/#breadcrumb\",\"itemListElement\":[{\"@type\":\"ListItem\",\"position\":1,\"name\":\"Startseite\",\"item\":\"https:\/\/hubsch-interior.com\/de\/\"},{\"@type\":\"ListItem\",\"position\":2,\"name\":\"Produkte\",\"item\":\"https:\/\/hubsch-interior.com\/de\/shop-2\/\"},{\"@type\":\"ListItem\",\"position\":3,\"name\":\"Wohnaccessoires\",\"item\":\"https:\/\/hubsch-interior.com\/de\/produkt-kategorie\/wohnaccessoires\/\"},{\"@type\":\"ListItem\",\"position\":4,\"name\":\"Aufbewahrung\",\"item\":\"https:\/\/hubsch-interior.com\/de\/produkt-kategorie\/wohnaccessoires\/aufbewahrung-de\/\"},{\"@type\":\"ListItem\",\"position\":5,\"name\":\"K&ouml;rbe\",\"item\":\"https:\/\/hubsch-interior.com\/de\/produkt-kategorie\/wohnaccessoires\/aufbewahrung-de\/koerbe-de\/\"},{\"@type\":\"ListItem\",\"position\":6,\"name\":\"Blackie K\u00f6rbe Schwarz\/Naturfarben (2er Set)\"}]},{\"@type\":\"WebSite\",\"@id\":\"https:\/\/hubsch-interior.com\/de\/#website\",\"url\":\"https:\/\/hubsch-interior.com\/de\/\",\"name\":\"H\u00fcbsch\",\"description\":\"Danish Home Interior and Design\",\"publisher\":{\"@id\":\"https:\/\/hubsch-interior.com\/de\/#organization\"},\"potentialAction\":[{\"@type\":\"SearchAction\",\"target\":{\"@type\":\"EntryPoint\",\"urlTemplate\":\"https:\/\/hubsch-interior.com\/de\/?s={search_term_string}\"},\"query-input\":{\"@type\":\"PropertyValueSpecification\",\"valueRequired\":true,\"valueName\":\"search_term_string\"}}],\"inLanguage\":\"de\"},{\"@type\":\"Organization\",\"@id\":\"https:\/\/hubsch-interior.com\/de\/#organization\",\"name\":\"H\u00fcbsch\",\"url\":\"https:\/\/hubsch-interior.com\/de\/\",\"logo\":{\"@type\":\"ImageObject\",\"inLanguage\":\"de\",\"@id\":\"https:\/\/hubsch-interior.com\/de\/#\/schema\/logo\/image\/\",\"url\":\"https:\/\/hubsch-interior.com\/wp-content\/uploads\/2022\/12\/Hubsch_logo_black_one_line.svg\",\"contentUrl\":\"https:\/\/hubsch-interior.com\/wp-content\/uploads\/2022\/12\/Hubsch_logo_black_one_line.svg\",\"caption\":\"H\u00fcbsch\"},\"image\":{\"@id\":\"https:\/\/hubsch-interior.com\/de\/#\/schema\/logo\/image\/\"}}]}<\/script>\n<!-- \/ Yoast SEO plugin. -->","yoast_head_json":{"title":"Blackie K\u00f6rbe Schwarz\/Naturfarben (2er Set) - H\u00fcbsch","description":"Dieses 2er-Set Blackie K\u00f6rbe in Schwarz und Naturfarben ist aus Rattan gefertigt und ein Blickfang f\u00fcr jeden Raum. Die K\u00f6rbe sind von hoher Qualit\u00e4t und","robots":{"index":"index","follow":"follow","max-snippet":"max-snippet:-1","max-image-preview":"max-image-preview:large","max-video-preview":"max-video-preview:-1"},"canonical":"https:\/\/hubsch-interior.com\/de\/wp-json\/wp\/v2\/product\/694077","og_locale":"de_DE","og_type":"article","og_title":"Blackie K\u00f6rbe Schwarz\/Naturfarben (2er Set) - H\u00fcbsch","og_description":"Dieses 2er-Set Blackie K\u00f6rbe in Schwarz und Naturfarben ist aus Rattan gefertigt und ein Blickfang f\u00fcr jeden Raum. Die K\u00f6rbe sind von hoher Qualit\u00e4t und","og_url":"https:\/\/hubsch-interior.com\/de\/produkt\/blackie-korbe-schwarz-naturfarben-2er-set\/","og_site_name":"H\u00fcbsch","article_modified_time":"2026-04-30T02:24:25+00:00","og_image":[{"width":1200,"height":1200,"url":"https:\/\/hubsch-interior.com\/wp-content\/uploads\/2025\/04\/blackie-baskets-blacknatural-set-of-2-51791fa8f01b764303ae20cc52a2b31f.jpg","type":"image\/jpeg"}],"twitter_card":"summary_large_image","schema":{"@context":"https:\/\/schema.org","@graph":[{"@type":"WebPage","@id":"https:\/\/hubsch-interior.com\/de\/produkt\/blackie-korbe-schwarz-naturfarben-2er-set\/","url":"https:\/\/hubsch-interior.com\/de\/produkt\/blackie-korbe-schwarz-naturfarben-2er-set\/","name":"Blackie K\u00f6rbe Schwarz\/Naturfarben (2er Set) - H\u00fcbsch","isPartOf":{"@id":"https:\/\/hubsch-interior.com\/de\/#website"},"primaryImageOfPage":{"@id":"https:\/\/hubsch-interior.com\/de\/produkt\/blackie-korbe-schwarz-naturfarben-2er-set\/#primaryimage"},"image":{"@id":"https:\/\/hubsch-interior.com\/de\/produkt\/blackie-korbe-schwarz-naturfarben-2er-set\/#primaryimage"},"thumbnailUrl":"https:\/\/hubsch-interior.com\/wp-content\/uploads\/2026\/02\/blackie-baskets-blacknatural-set-of-2-49b9e8e8741eb81bd90e4b71bea8dbf7.jpg","datePublished":"2021-08-31T07:30:35+00:00","dateModified":"2026-04-30T02:24:25+00:00","description":"Dieses 2er-Set Blackie K\u00f6rbe in Schwarz und Naturfarben ist aus Rattan gefertigt und ein Blickfang f\u00fcr jeden Raum. Die K\u00f6rbe sind von hoher Qualit\u00e4t und","breadcrumb":{"@id":"https:\/\/hubsch-interior.com\/de\/produkt\/blackie-korbe-schwarz-naturfarben-2er-set\/#breadcrumb"},"inLanguage":"de","potentialAction":[{"@type":"ReadAction","target":["https:\/\/hubsch-interior.com\/de\/produkt\/blackie-korbe-schwarz-naturfarben-2er-set\/"]}]},{"@type":"ImageObject","inLanguage":"de","@id":"https:\/\/hubsch-interior.com\/de\/produkt\/blackie-korbe-schwarz-naturfarben-2er-set\/#primaryimage","url":"https:\/\/hubsch-interior.com\/wp-content\/uploads\/2026\/02\/blackie-baskets-blacknatural-set-of-2-49b9e8e8741eb81bd90e4b71bea8dbf7.jpg","contentUrl":"https:\/\/hubsch-interior.com\/wp-content\/uploads\/2026\/02\/blackie-baskets-blacknatural-set-of-2-49b9e8e8741eb81bd90e4b71bea8dbf7.jpg","width":1024,"height":1024},{"@type":"BreadcrumbList","@id":"https:\/\/hubsch-interior.com\/de\/produkt\/blackie-korbe-schwarz-naturfarben-2er-set\/#breadcrumb","itemListElement":[{"@type":"ListItem","position":1,"name":"Startseite","item":"https:\/\/hubsch-interior.com\/de\/"},{"@type":"ListItem","position":2,"name":"Produkte","item":"https:\/\/hubsch-interior.com\/de\/shop-2\/"},{"@type":"ListItem","position":3,"name":"Wohnaccessoires","item":"https:\/\/hubsch-interior.com\/de\/produkt-kategorie\/wohnaccessoires\/"},{"@type":"ListItem","position":4,"name":"Aufbewahrung","item":"https:\/\/hubsch-interior.com\/de\/produkt-kategorie\/wohnaccessoires\/aufbewahrung-de\/"},{"@type":"ListItem","position":5,"name":"K&ouml;rbe","item":"https:\/\/hubsch-interior.com\/de\/produkt-kategorie\/wohnaccessoires\/aufbewahrung-de\/koerbe-de\/"},{"@type":"ListItem","position":6,"name":"Blackie K\u00f6rbe Schwarz\/Naturfarben (2er Set)"}]},{"@type":"WebSite","@id":"https:\/\/hubsch-interior.com\/de\/#website","url":"https:\/\/hubsch-interior.com\/de\/","name":"H\u00fcbsch","description":"Danish Home Interior and Design","publisher":{"@id":"https:\/\/hubsch-interior.com\/de\/#organization"},"potentialAction":[{"@type":"SearchAction","target":{"@type":"EntryPoint","urlTemplate":"https:\/\/hubsch-interior.com\/de\/?s={search_term_string}"},"query-input":{"@type":"PropertyValueSpecification","valueRequired":true,"valueName":"search_term_string"}}],"inLanguage":"de"},{"@type":"Organization","@id":"https:\/\/hubsch-interior.com\/de\/#organization","name":"H\u00fcbsch","url":"https:\/\/hubsch-interior.com\/de\/","logo":{"@type":"ImageObject","inLanguage":"de","@id":"https:\/\/hubsch-interior.com\/de\/#\/schema\/logo\/image\/","url":"https:\/\/hubsch-interior.com\/wp-content\/uploads\/2022\/12\/Hubsch_logo_black_one_line.svg","contentUrl":"https:\/\/hubsch-interior.com\/wp-content\/uploads\/2022\/12\/Hubsch_logo_black_one_line.svg","caption":"H\u00fcbsch"},"image":{"@id":"https:\/\/hubsch-interior.com\/de\/#\/schema\/logo\/image\/"}}]}},"_links":{"self":[{"href":"https:\/\/hubsch-interior.com\/de\/wp-json\/wp\/v2\/product\/694077","targetHints":{"allow":["GET"]}}],"collection":[{"href":"https:\/\/hubsch-interior.com\/de\/wp-json\/wp\/v2\/product"}],"about":[{"href":"https:\/\/hubsch-interior.com\/de\/wp-json\/wp\/v2\/types\/product"}],"wp:featuredmedia":[{"embeddable":true,"href":"https:\/\/hubsch-interior.com\/de\/wp-json\/wp\/v2\/media\/1095565"}],"wp:attachment":[{"href":"https:\/\/hubsch-interior.com\/de\/wp-json\/wp\/v2\/media?parent=694077"}],"wp:term":[{"taxonomy":"product_brand","embeddable":true,"href":"https:\/\/hubsch-interior.com\/de\/wp-json\/wp\/v2\/product_brand?post=694077"},{"taxonomy":"product_cat","embeddable":true,"href":"https:\/\/hubsch-interior.com\/de\/wp-json\/wp\/v2\/product_cat?post=694077"},{"taxonomy":"product_tag","embeddable":true,"href":"https:\/\/hubsch-interior.com\/de\/wp-json\/wp\/v2\/product_tag?post=694077"}],"curies":[{"name":"wp","href":"https:\/\/api.w.org\/{rel}","templated":true}]}}