{"id":809249,"date":"2022-08-23T14:47:36","date_gmt":"2022-08-23T12:47:36","guid":{"rendered":"https:\/\/hubsch-interior.com\/product\/product\/"},"modified":"2026-04-30T05:21:07","modified_gmt":"2026-04-30T03:21:07","slug":"ray-hangelampe-schwarz","status":"publish","type":"product","link":"https:\/\/hubsch-interior.com\/de\/produkt\/ray-hangelampe-schwarz\/","title":{"rendered":"Ray H\u00e4ngelampe Schwarz"},"content":{"rendered":"<p>Wir lieben diese gro\u00dfe schwarze Netz-Deckenleuchte! Wenn sie leuchtet, wirft das Netzmuster faszinierende Lichtstrahlen an die Decke und die Wand und schafft ein stimmungsvolles und stilvolles Ambiente in Ihren R\u00e4umen. Der k\u00fchne und grafische Look bildet einen besonderen Kontrast zum sanften, ruhigen Licht und die dramatische Form verleiht einen coolen, modernen Twist. Geeignet f\u00fcr Wohnzimmer, Flure und Schlafzimmer: diese Lampe ist immer eine gute Wahl. <\/p>\n","protected":false},"excerpt":{"rendered":"<p>Wir lieben diese gro\u00dfe schwarze Netz-Deckenleuchte! Wenn sie leuchtet, wirft das Netzmuster faszinierende Lichtstrahlen an die Decke und die Wand und schafft ein stimmungsvolles und stilvolles Ambiente in Ihren R\u00e4umen. Der k\u00fchne und grafische Look bildet einen besonderen Kontrast zum sanften, ruhigen Licht und die dramatische Form verleiht einen coolen, modernen Twist. Geeignet f\u00fcr Wohnzimmer, [&hellip;]<\/p>\n","protected":false},"featured_media":1113270,"template":"","meta":{"_acf_changed":false,"inline_featured_image":false},"product_brand":[],"product_cat":[6380,3809,4148],"product_tag":[],"class_list":{"0":"post-809249","1":"product","2":"type-product","3":"status-publish","4":"has-post-thumbnail","6":"product_cat-always-a-twist-de","7":"product_cat-beleuchtung","8":"product_cat-haengelampen-de","9":"product_shipping_class-pk","10":"pa_color-schwarz","11":"pa_material-eisen-de","13":"first","14":"instock","15":"taxable","16":"shipping-taxable","17":"purchasable","18":"product-type-simple"},"exclude_global_add_ons":[],"addons":[],"acf":[],"yoast_head":"<!-- This site is optimized with the Yoast SEO plugin v26.4 - https:\/\/yoast.com\/wordpress\/plugins\/seo\/ -->\n<title>Ray H\u00e4ngelampe Schwarz - H\u00fcbsch<\/title>\n<meta name=\"description\" content=\"Wir lieben diese gro\u00dfe schwarze Netz-Deckenleuchte! Wenn sie leuchtet, wirft das Netzmuster faszinierende Lichtstrahlen an die Decke und die Wand und\" \/>\n<meta name=\"robots\" content=\"index, follow, max-snippet:-1, max-image-preview:large, max-video-preview:-1\" \/>\n<link rel=\"canonical\" href=\"https:\/\/hubsch-interior.com\/de\/wp-json\/wp\/v2\/product\/809249\" \/>\n<meta property=\"og:locale\" content=\"de_DE\" \/>\n<meta property=\"og:type\" content=\"article\" \/>\n<meta property=\"og:title\" content=\"Ray H\u00e4ngelampe Schwarz - H\u00fcbsch\" \/>\n<meta property=\"og:description\" content=\"Wir lieben diese gro\u00dfe schwarze Netz-Deckenleuchte! Wenn sie leuchtet, wirft das Netzmuster faszinierende Lichtstrahlen an die Decke und die Wand und\" \/>\n<meta property=\"og:url\" content=\"https:\/\/hubsch-interior.com\/de\/produkt\/ray-hangelampe-schwarz\/\" \/>\n<meta property=\"og:site_name\" content=\"H\u00fcbsch\" \/>\n<meta property=\"article:modified_time\" content=\"2026-04-30T03:21:07+00:00\" \/>\n<meta property=\"og:image\" content=\"https:\/\/hubsch-interior.com\/wp-content\/uploads\/2025\/05\/ray-pendant-black-84dc8a2b9ecd76460a0807d95dea2370.jpg\" \/>\n\t<meta property=\"og:image:width\" content=\"1200\" \/>\n\t<meta property=\"og:image:height\" content=\"1200\" \/>\n\t<meta property=\"og:image:type\" content=\"image\/jpeg\" \/>\n<meta name=\"twitter:card\" content=\"summary_large_image\" \/>\n<script type=\"application\/ld+json\" class=\"yoast-schema-graph\">{\"@context\":\"https:\/\/schema.org\",\"@graph\":[{\"@type\":\"WebPage\",\"@id\":\"https:\/\/hubsch-interior.com\/de\/produkt\/ray-hangelampe-schwarz\/\",\"url\":\"https:\/\/hubsch-interior.com\/de\/produkt\/ray-hangelampe-schwarz\/\",\"name\":\"Ray H\u00e4ngelampe Schwarz - H\u00fcbsch\",\"isPartOf\":{\"@id\":\"https:\/\/hubsch-interior.com\/de\/#website\"},\"primaryImageOfPage\":{\"@id\":\"https:\/\/hubsch-interior.com\/de\/produkt\/ray-hangelampe-schwarz\/#primaryimage\"},\"image\":{\"@id\":\"https:\/\/hubsch-interior.com\/de\/produkt\/ray-hangelampe-schwarz\/#primaryimage\"},\"thumbnailUrl\":\"https:\/\/hubsch-interior.com\/wp-content\/uploads\/2026\/02\/ray-pendant-black-7194febd09e9c0d308b6cbcf7fbdc2be.jpg\",\"datePublished\":\"2022-08-23T12:47:36+00:00\",\"dateModified\":\"2026-04-30T03:21:07+00:00\",\"description\":\"Wir lieben diese gro\u00dfe schwarze Netz-Deckenleuchte! Wenn sie leuchtet, wirft das Netzmuster faszinierende Lichtstrahlen an die Decke und die Wand und\",\"breadcrumb\":{\"@id\":\"https:\/\/hubsch-interior.com\/de\/produkt\/ray-hangelampe-schwarz\/#breadcrumb\"},\"inLanguage\":\"de\",\"potentialAction\":[{\"@type\":\"ReadAction\",\"target\":[\"https:\/\/hubsch-interior.com\/de\/produkt\/ray-hangelampe-schwarz\/\"]}]},{\"@type\":\"ImageObject\",\"inLanguage\":\"de\",\"@id\":\"https:\/\/hubsch-interior.com\/de\/produkt\/ray-hangelampe-schwarz\/#primaryimage\",\"url\":\"https:\/\/hubsch-interior.com\/wp-content\/uploads\/2026\/02\/ray-pendant-black-7194febd09e9c0d308b6cbcf7fbdc2be.jpg\",\"contentUrl\":\"https:\/\/hubsch-interior.com\/wp-content\/uploads\/2026\/02\/ray-pendant-black-7194febd09e9c0d308b6cbcf7fbdc2be.jpg\",\"width\":1024,\"height\":1024},{\"@type\":\"BreadcrumbList\",\"@id\":\"https:\/\/hubsch-interior.com\/de\/produkt\/ray-hangelampe-schwarz\/#breadcrumb\",\"itemListElement\":[{\"@type\":\"ListItem\",\"position\":1,\"name\":\"Startseite\",\"item\":\"https:\/\/hubsch-interior.com\/de\/\"},{\"@type\":\"ListItem\",\"position\":2,\"name\":\"Produkte\",\"item\":\"https:\/\/hubsch-interior.com\/de\/shop-2\/\"},{\"@type\":\"ListItem\",\"position\":3,\"name\":\"Beleuchtung\",\"item\":\"https:\/\/hubsch-interior.com\/de\/produkt-kategorie\/beleuchtung\/\"},{\"@type\":\"ListItem\",\"position\":4,\"name\":\"H&auml;ngelampen\",\"item\":\"https:\/\/hubsch-interior.com\/de\/produkt-kategorie\/beleuchtung\/haengelampen-de\/\"},{\"@type\":\"ListItem\",\"position\":5,\"name\":\"Ray H\u00e4ngelampe Schwarz\"}]},{\"@type\":\"WebSite\",\"@id\":\"https:\/\/hubsch-interior.com\/de\/#website\",\"url\":\"https:\/\/hubsch-interior.com\/de\/\",\"name\":\"H\u00fcbsch\",\"description\":\"Danish Home Interior and Design\",\"publisher\":{\"@id\":\"https:\/\/hubsch-interior.com\/de\/#organization\"},\"potentialAction\":[{\"@type\":\"SearchAction\",\"target\":{\"@type\":\"EntryPoint\",\"urlTemplate\":\"https:\/\/hubsch-interior.com\/de\/?s={search_term_string}\"},\"query-input\":{\"@type\":\"PropertyValueSpecification\",\"valueRequired\":true,\"valueName\":\"search_term_string\"}}],\"inLanguage\":\"de\"},{\"@type\":\"Organization\",\"@id\":\"https:\/\/hubsch-interior.com\/de\/#organization\",\"name\":\"H\u00fcbsch\",\"url\":\"https:\/\/hubsch-interior.com\/de\/\",\"logo\":{\"@type\":\"ImageObject\",\"inLanguage\":\"de\",\"@id\":\"https:\/\/hubsch-interior.com\/de\/#\/schema\/logo\/image\/\",\"url\":\"https:\/\/hubsch-interior.com\/wp-content\/uploads\/2022\/12\/Hubsch_logo_black_one_line.svg\",\"contentUrl\":\"https:\/\/hubsch-interior.com\/wp-content\/uploads\/2022\/12\/Hubsch_logo_black_one_line.svg\",\"caption\":\"H\u00fcbsch\"},\"image\":{\"@id\":\"https:\/\/hubsch-interior.com\/de\/#\/schema\/logo\/image\/\"}}]}<\/script>\n<!-- \/ Yoast SEO plugin. -->","yoast_head_json":{"title":"Ray H\u00e4ngelampe Schwarz - H\u00fcbsch","description":"Wir lieben diese gro\u00dfe schwarze Netz-Deckenleuchte! Wenn sie leuchtet, wirft das Netzmuster faszinierende Lichtstrahlen an die Decke und die Wand und","robots":{"index":"index","follow":"follow","max-snippet":"max-snippet:-1","max-image-preview":"max-image-preview:large","max-video-preview":"max-video-preview:-1"},"canonical":"https:\/\/hubsch-interior.com\/de\/wp-json\/wp\/v2\/product\/809249","og_locale":"de_DE","og_type":"article","og_title":"Ray H\u00e4ngelampe Schwarz - H\u00fcbsch","og_description":"Wir lieben diese gro\u00dfe schwarze Netz-Deckenleuchte! Wenn sie leuchtet, wirft das Netzmuster faszinierende Lichtstrahlen an die Decke und die Wand und","og_url":"https:\/\/hubsch-interior.com\/de\/produkt\/ray-hangelampe-schwarz\/","og_site_name":"H\u00fcbsch","article_modified_time":"2026-04-30T03:21:07+00:00","og_image":[{"width":1200,"height":1200,"url":"https:\/\/hubsch-interior.com\/wp-content\/uploads\/2025\/05\/ray-pendant-black-84dc8a2b9ecd76460a0807d95dea2370.jpg","type":"image\/jpeg"}],"twitter_card":"summary_large_image","schema":{"@context":"https:\/\/schema.org","@graph":[{"@type":"WebPage","@id":"https:\/\/hubsch-interior.com\/de\/produkt\/ray-hangelampe-schwarz\/","url":"https:\/\/hubsch-interior.com\/de\/produkt\/ray-hangelampe-schwarz\/","name":"Ray H\u00e4ngelampe Schwarz - H\u00fcbsch","isPartOf":{"@id":"https:\/\/hubsch-interior.com\/de\/#website"},"primaryImageOfPage":{"@id":"https:\/\/hubsch-interior.com\/de\/produkt\/ray-hangelampe-schwarz\/#primaryimage"},"image":{"@id":"https:\/\/hubsch-interior.com\/de\/produkt\/ray-hangelampe-schwarz\/#primaryimage"},"thumbnailUrl":"https:\/\/hubsch-interior.com\/wp-content\/uploads\/2026\/02\/ray-pendant-black-7194febd09e9c0d308b6cbcf7fbdc2be.jpg","datePublished":"2022-08-23T12:47:36+00:00","dateModified":"2026-04-30T03:21:07+00:00","description":"Wir lieben diese gro\u00dfe schwarze Netz-Deckenleuchte! Wenn sie leuchtet, wirft das Netzmuster faszinierende Lichtstrahlen an die Decke und die Wand und","breadcrumb":{"@id":"https:\/\/hubsch-interior.com\/de\/produkt\/ray-hangelampe-schwarz\/#breadcrumb"},"inLanguage":"de","potentialAction":[{"@type":"ReadAction","target":["https:\/\/hubsch-interior.com\/de\/produkt\/ray-hangelampe-schwarz\/"]}]},{"@type":"ImageObject","inLanguage":"de","@id":"https:\/\/hubsch-interior.com\/de\/produkt\/ray-hangelampe-schwarz\/#primaryimage","url":"https:\/\/hubsch-interior.com\/wp-content\/uploads\/2026\/02\/ray-pendant-black-7194febd09e9c0d308b6cbcf7fbdc2be.jpg","contentUrl":"https:\/\/hubsch-interior.com\/wp-content\/uploads\/2026\/02\/ray-pendant-black-7194febd09e9c0d308b6cbcf7fbdc2be.jpg","width":1024,"height":1024},{"@type":"BreadcrumbList","@id":"https:\/\/hubsch-interior.com\/de\/produkt\/ray-hangelampe-schwarz\/#breadcrumb","itemListElement":[{"@type":"ListItem","position":1,"name":"Startseite","item":"https:\/\/hubsch-interior.com\/de\/"},{"@type":"ListItem","position":2,"name":"Produkte","item":"https:\/\/hubsch-interior.com\/de\/shop-2\/"},{"@type":"ListItem","position":3,"name":"Beleuchtung","item":"https:\/\/hubsch-interior.com\/de\/produkt-kategorie\/beleuchtung\/"},{"@type":"ListItem","position":4,"name":"H&auml;ngelampen","item":"https:\/\/hubsch-interior.com\/de\/produkt-kategorie\/beleuchtung\/haengelampen-de\/"},{"@type":"ListItem","position":5,"name":"Ray H\u00e4ngelampe Schwarz"}]},{"@type":"WebSite","@id":"https:\/\/hubsch-interior.com\/de\/#website","url":"https:\/\/hubsch-interior.com\/de\/","name":"H\u00fcbsch","description":"Danish Home Interior and Design","publisher":{"@id":"https:\/\/hubsch-interior.com\/de\/#organization"},"potentialAction":[{"@type":"SearchAction","target":{"@type":"EntryPoint","urlTemplate":"https:\/\/hubsch-interior.com\/de\/?s={search_term_string}"},"query-input":{"@type":"PropertyValueSpecification","valueRequired":true,"valueName":"search_term_string"}}],"inLanguage":"de"},{"@type":"Organization","@id":"https:\/\/hubsch-interior.com\/de\/#organization","name":"H\u00fcbsch","url":"https:\/\/hubsch-interior.com\/de\/","logo":{"@type":"ImageObject","inLanguage":"de","@id":"https:\/\/hubsch-interior.com\/de\/#\/schema\/logo\/image\/","url":"https:\/\/hubsch-interior.com\/wp-content\/uploads\/2022\/12\/Hubsch_logo_black_one_line.svg","contentUrl":"https:\/\/hubsch-interior.com\/wp-content\/uploads\/2022\/12\/Hubsch_logo_black_one_line.svg","caption":"H\u00fcbsch"},"image":{"@id":"https:\/\/hubsch-interior.com\/de\/#\/schema\/logo\/image\/"}}]}},"_links":{"self":[{"href":"https:\/\/hubsch-interior.com\/de\/wp-json\/wp\/v2\/product\/809249","targetHints":{"allow":["GET"]}}],"collection":[{"href":"https:\/\/hubsch-interior.com\/de\/wp-json\/wp\/v2\/product"}],"about":[{"href":"https:\/\/hubsch-interior.com\/de\/wp-json\/wp\/v2\/types\/product"}],"wp:featuredmedia":[{"embeddable":true,"href":"https:\/\/hubsch-interior.com\/de\/wp-json\/wp\/v2\/media\/1113270"}],"wp:attachment":[{"href":"https:\/\/hubsch-interior.com\/de\/wp-json\/wp\/v2\/media?parent=809249"}],"wp:term":[{"taxonomy":"product_brand","embeddable":true,"href":"https:\/\/hubsch-interior.com\/de\/wp-json\/wp\/v2\/product_brand?post=809249"},{"taxonomy":"product_cat","embeddable":true,"href":"https:\/\/hubsch-interior.com\/de\/wp-json\/wp\/v2\/product_cat?post=809249"},{"taxonomy":"product_tag","embeddable":true,"href":"https:\/\/hubsch-interior.com\/de\/wp-json\/wp\/v2\/product_tag?post=809249"}],"curies":[{"name":"wp","href":"https:\/\/api.w.org\/{rel}","templated":true}]}}