{"id":975693,"date":"2024-01-29T08:30:54","date_gmt":"2024-01-29T07:30:54","guid":{"rendered":"https:\/\/hubsch-interior.com\/product\/product\/"},"modified":"2026-04-29T04:28:18","modified_gmt":"2026-04-29T02:28:18","slug":"amare-schale-small-grun","status":"publish","type":"product","link":"https:\/\/hubsch-interior.com\/de\/produkt\/amare-schale-small-grun\/","title":{"rendered":"Amare Schale Small Gr\u00fcn"},"content":{"rendered":"<p>Lernen Sie die neueste Erg\u00e4nzung zu unserer Amare-Serie kennen, die Amare Schale in einer atemberaubenden gr\u00fcnen Farbe! Aus strapazierf\u00e4higem Steinpulver gefertigt, ist diese moderne und vielseitige Schale die perfekte multifunktionale Erg\u00e4nzung f\u00fcr Ihr Zuhause. Egal, ob Sie sie f\u00fcr die Aufbewahrung von Obst oder Gem\u00fcse verwenden oder als hitzebest\u00e4ndige Salatsch\u00fcssel f\u00fcr zwei Personen, die Amare Schale verleiht jeder Umgebung eine elegante Note. Vervollst\u00e4ndigen Sie Ihr Amare-Erlebnis und beeindrucken Sie Ihre G\u00e4ste mit dieser stilvollen und funktionalen Schale. W\u00e4hlen Sie aus 4 verschiedenen Varianten, um Ihren pers\u00f6nlichen Geschmack zu treffen.<\/p>\n","protected":false},"excerpt":{"rendered":"<p>Lernen Sie die neueste Erg\u00e4nzung zu unserer Amare-Serie kennen, die Amare Schale in einer atemberaubenden gr\u00fcnen Farbe! Aus strapazierf\u00e4higem Steinpulver gefertigt, ist diese moderne und vielseitige Schale die perfekte multifunktionale Erg\u00e4nzung f\u00fcr Ihr Zuhause. Egal, ob Sie sie f\u00fcr die Aufbewahrung von Obst oder Gem\u00fcse verwenden oder als hitzebest\u00e4ndige Salatsch\u00fcssel f\u00fcr zwei Personen, die Amare [&hellip;]<\/p>\n","protected":false},"featured_media":1096528,"template":"","meta":{"_acf_changed":false,"inline_featured_image":false},"product_brand":[],"product_cat":[6674,6884,4055,6972,7044,7078,7029,4096],"product_tag":[],"class_list":{"0":"post-975693","1":"product","2":"type-product","3":"status-publish","4":"has-post-thumbnail","6":"product_cat-amare-tafelgeschirr-de","7":"product_cat-elevating-nostalgia-de","8":"product_cat-kuechenzubehoer-de","9":"product_cat-oster-sale","10":"product_cat-servierschalen-de","11":"product_cat-teller-und-schuesseln-de","12":"product_cat-tischgeschirr-de-2","13":"product_cat-tischgeschirr-de","14":"product_shipping_class-pk","16":"pa_color-grn-2","17":"pa_material-stone-powder-100-4","19":"first","20":"instock","21":"taxable","22":"shipping-taxable","23":"purchasable","24":"product-type-simple"},"exclude_global_add_ons":[],"addons":[],"acf":[],"yoast_head":"<!-- This site is optimized with the Yoast SEO plugin v26.4 - https:\/\/yoast.com\/wordpress\/plugins\/seo\/ -->\n<title>Amare Schale Small Gr\u00fcn - H\u00fcbsch<\/title>\n<meta name=\"description\" content=\"Lernen Sie die neueste Erg\u00e4nzung zu unserer Amare-Serie kennen, die Amare Schale in einer atemberaubenden gr\u00fcnen Farbe! Aus strapazierf\u00e4higem Steinpulver\" \/>\n<meta name=\"robots\" content=\"index, follow, max-snippet:-1, max-image-preview:large, max-video-preview:-1\" \/>\n<link rel=\"canonical\" href=\"https:\/\/hubsch-interior.com\/de\/wp-json\/wp\/v2\/product\/975693\" \/>\n<meta property=\"og:locale\" content=\"de_DE\" \/>\n<meta property=\"og:type\" content=\"article\" \/>\n<meta property=\"og:title\" content=\"Amare Schale Small Gr\u00fcn - H\u00fcbsch\" \/>\n<meta property=\"og:description\" content=\"Lernen Sie die neueste Erg\u00e4nzung zu unserer Amare-Serie kennen, die Amare Schale in einer atemberaubenden gr\u00fcnen Farbe! Aus strapazierf\u00e4higem Steinpulver\" \/>\n<meta property=\"og:url\" content=\"https:\/\/hubsch-interior.com\/de\/produkt\/amare-schale-small-grun\/\" \/>\n<meta property=\"og:site_name\" content=\"H\u00fcbsch\" \/>\n<meta property=\"article:modified_time\" content=\"2026-04-29T02:28:18+00:00\" \/>\n<meta property=\"og:image\" content=\"https:\/\/hubsch-interior.com\/wp-content\/uploads\/2025\/04\/amare-bowl-small-green-959559a9d944d693a2481d3ae9aa40cb.jpg\" \/>\n\t<meta property=\"og:image:width\" content=\"1200\" \/>\n\t<meta property=\"og:image:height\" content=\"1200\" \/>\n\t<meta property=\"og:image:type\" content=\"image\/jpeg\" \/>\n<meta name=\"twitter:card\" content=\"summary_large_image\" \/>\n<meta name=\"twitter:label1\" content=\"Gesch\u00e4tzte Lesezeit\" \/>\n\t<meta name=\"twitter:data1\" content=\"1\u00a0Minute\" \/>\n<script type=\"application\/ld+json\" class=\"yoast-schema-graph\">{\"@context\":\"https:\/\/schema.org\",\"@graph\":[{\"@type\":\"WebPage\",\"@id\":\"https:\/\/hubsch-interior.com\/de\/produkt\/amare-schale-small-grun\/\",\"url\":\"https:\/\/hubsch-interior.com\/de\/produkt\/amare-schale-small-grun\/\",\"name\":\"Amare Schale Small Gr\u00fcn - H\u00fcbsch\",\"isPartOf\":{\"@id\":\"https:\/\/hubsch-interior.com\/de\/#website\"},\"primaryImageOfPage\":{\"@id\":\"https:\/\/hubsch-interior.com\/de\/produkt\/amare-schale-small-grun\/#primaryimage\"},\"image\":{\"@id\":\"https:\/\/hubsch-interior.com\/de\/produkt\/amare-schale-small-grun\/#primaryimage\"},\"thumbnailUrl\":\"https:\/\/hubsch-interior.com\/wp-content\/uploads\/2026\/02\/amare-bowl-small-green-f5254a6e4c7202fb6147ca4643d3264b.jpg\",\"datePublished\":\"2024-01-29T07:30:54+00:00\",\"dateModified\":\"2026-04-29T02:28:18+00:00\",\"description\":\"Lernen Sie die neueste Erg\u00e4nzung zu unserer Amare-Serie kennen, die Amare Schale in einer atemberaubenden gr\u00fcnen Farbe! Aus strapazierf\u00e4higem Steinpulver\",\"breadcrumb\":{\"@id\":\"https:\/\/hubsch-interior.com\/de\/produkt\/amare-schale-small-grun\/#breadcrumb\"},\"inLanguage\":\"de\",\"potentialAction\":[{\"@type\":\"ReadAction\",\"target\":[\"https:\/\/hubsch-interior.com\/de\/produkt\/amare-schale-small-grun\/\"]}]},{\"@type\":\"ImageObject\",\"inLanguage\":\"de\",\"@id\":\"https:\/\/hubsch-interior.com\/de\/produkt\/amare-schale-small-grun\/#primaryimage\",\"url\":\"https:\/\/hubsch-interior.com\/wp-content\/uploads\/2026\/02\/amare-bowl-small-green-f5254a6e4c7202fb6147ca4643d3264b.jpg\",\"contentUrl\":\"https:\/\/hubsch-interior.com\/wp-content\/uploads\/2026\/02\/amare-bowl-small-green-f5254a6e4c7202fb6147ca4643d3264b.jpg\",\"width\":1024,\"height\":1024},{\"@type\":\"BreadcrumbList\",\"@id\":\"https:\/\/hubsch-interior.com\/de\/produkt\/amare-schale-small-grun\/#breadcrumb\",\"itemListElement\":[{\"@type\":\"ListItem\",\"position\":1,\"name\":\"Startseite\",\"item\":\"https:\/\/hubsch-interior.com\/de\/\"},{\"@type\":\"ListItem\",\"position\":2,\"name\":\"Produkte\",\"item\":\"https:\/\/hubsch-interior.com\/de\/shop-2\/\"},{\"@type\":\"ListItem\",\"position\":3,\"name\":\"K\u00fcche\",\"item\":\"https:\/\/hubsch-interior.com\/de\/produkt-kategorie\/kuche\/\"},{\"@type\":\"ListItem\",\"position\":4,\"name\":\"Tischgeschirr\",\"item\":\"https:\/\/hubsch-interior.com\/de\/produkt-kategorie\/kuche\/tischgeschirr-de-2\/\"},{\"@type\":\"ListItem\",\"position\":5,\"name\":\"Servierschalen\",\"item\":\"https:\/\/hubsch-interior.com\/de\/produkt-kategorie\/kuche\/tischgeschirr-de-2\/servierschalen-de\/\"},{\"@type\":\"ListItem\",\"position\":6,\"name\":\"Amare Schale Small Gr\u00fcn\"}]},{\"@type\":\"WebSite\",\"@id\":\"https:\/\/hubsch-interior.com\/de\/#website\",\"url\":\"https:\/\/hubsch-interior.com\/de\/\",\"name\":\"H\u00fcbsch\",\"description\":\"Danish Home Interior and Design\",\"publisher\":{\"@id\":\"https:\/\/hubsch-interior.com\/de\/#organization\"},\"potentialAction\":[{\"@type\":\"SearchAction\",\"target\":{\"@type\":\"EntryPoint\",\"urlTemplate\":\"https:\/\/hubsch-interior.com\/de\/?s={search_term_string}\"},\"query-input\":{\"@type\":\"PropertyValueSpecification\",\"valueRequired\":true,\"valueName\":\"search_term_string\"}}],\"inLanguage\":\"de\"},{\"@type\":\"Organization\",\"@id\":\"https:\/\/hubsch-interior.com\/de\/#organization\",\"name\":\"H\u00fcbsch\",\"url\":\"https:\/\/hubsch-interior.com\/de\/\",\"logo\":{\"@type\":\"ImageObject\",\"inLanguage\":\"de\",\"@id\":\"https:\/\/hubsch-interior.com\/de\/#\/schema\/logo\/image\/\",\"url\":\"https:\/\/hubsch-interior.com\/wp-content\/uploads\/2022\/12\/Hubsch_logo_black_one_line.svg\",\"contentUrl\":\"https:\/\/hubsch-interior.com\/wp-content\/uploads\/2022\/12\/Hubsch_logo_black_one_line.svg\",\"caption\":\"H\u00fcbsch\"},\"image\":{\"@id\":\"https:\/\/hubsch-interior.com\/de\/#\/schema\/logo\/image\/\"}}]}<\/script>\n<!-- \/ Yoast SEO plugin. -->","yoast_head_json":{"title":"Amare Schale Small Gr\u00fcn - H\u00fcbsch","description":"Lernen Sie die neueste Erg\u00e4nzung zu unserer Amare-Serie kennen, die Amare Schale in einer atemberaubenden gr\u00fcnen Farbe! Aus strapazierf\u00e4higem Steinpulver","robots":{"index":"index","follow":"follow","max-snippet":"max-snippet:-1","max-image-preview":"max-image-preview:large","max-video-preview":"max-video-preview:-1"},"canonical":"https:\/\/hubsch-interior.com\/de\/wp-json\/wp\/v2\/product\/975693","og_locale":"de_DE","og_type":"article","og_title":"Amare Schale Small Gr\u00fcn - H\u00fcbsch","og_description":"Lernen Sie die neueste Erg\u00e4nzung zu unserer Amare-Serie kennen, die Amare Schale in einer atemberaubenden gr\u00fcnen Farbe! Aus strapazierf\u00e4higem Steinpulver","og_url":"https:\/\/hubsch-interior.com\/de\/produkt\/amare-schale-small-grun\/","og_site_name":"H\u00fcbsch","article_modified_time":"2026-04-29T02:28:18+00:00","og_image":[{"width":1200,"height":1200,"url":"https:\/\/hubsch-interior.com\/wp-content\/uploads\/2025\/04\/amare-bowl-small-green-959559a9d944d693a2481d3ae9aa40cb.jpg","type":"image\/jpeg"}],"twitter_card":"summary_large_image","twitter_misc":{"Gesch\u00e4tzte Lesezeit":"1\u00a0Minute"},"schema":{"@context":"https:\/\/schema.org","@graph":[{"@type":"WebPage","@id":"https:\/\/hubsch-interior.com\/de\/produkt\/amare-schale-small-grun\/","url":"https:\/\/hubsch-interior.com\/de\/produkt\/amare-schale-small-grun\/","name":"Amare Schale Small Gr\u00fcn - H\u00fcbsch","isPartOf":{"@id":"https:\/\/hubsch-interior.com\/de\/#website"},"primaryImageOfPage":{"@id":"https:\/\/hubsch-interior.com\/de\/produkt\/amare-schale-small-grun\/#primaryimage"},"image":{"@id":"https:\/\/hubsch-interior.com\/de\/produkt\/amare-schale-small-grun\/#primaryimage"},"thumbnailUrl":"https:\/\/hubsch-interior.com\/wp-content\/uploads\/2026\/02\/amare-bowl-small-green-f5254a6e4c7202fb6147ca4643d3264b.jpg","datePublished":"2024-01-29T07:30:54+00:00","dateModified":"2026-04-29T02:28:18+00:00","description":"Lernen Sie die neueste Erg\u00e4nzung zu unserer Amare-Serie kennen, die Amare Schale in einer atemberaubenden gr\u00fcnen Farbe! Aus strapazierf\u00e4higem Steinpulver","breadcrumb":{"@id":"https:\/\/hubsch-interior.com\/de\/produkt\/amare-schale-small-grun\/#breadcrumb"},"inLanguage":"de","potentialAction":[{"@type":"ReadAction","target":["https:\/\/hubsch-interior.com\/de\/produkt\/amare-schale-small-grun\/"]}]},{"@type":"ImageObject","inLanguage":"de","@id":"https:\/\/hubsch-interior.com\/de\/produkt\/amare-schale-small-grun\/#primaryimage","url":"https:\/\/hubsch-interior.com\/wp-content\/uploads\/2026\/02\/amare-bowl-small-green-f5254a6e4c7202fb6147ca4643d3264b.jpg","contentUrl":"https:\/\/hubsch-interior.com\/wp-content\/uploads\/2026\/02\/amare-bowl-small-green-f5254a6e4c7202fb6147ca4643d3264b.jpg","width":1024,"height":1024},{"@type":"BreadcrumbList","@id":"https:\/\/hubsch-interior.com\/de\/produkt\/amare-schale-small-grun\/#breadcrumb","itemListElement":[{"@type":"ListItem","position":1,"name":"Startseite","item":"https:\/\/hubsch-interior.com\/de\/"},{"@type":"ListItem","position":2,"name":"Produkte","item":"https:\/\/hubsch-interior.com\/de\/shop-2\/"},{"@type":"ListItem","position":3,"name":"K\u00fcche","item":"https:\/\/hubsch-interior.com\/de\/produkt-kategorie\/kuche\/"},{"@type":"ListItem","position":4,"name":"Tischgeschirr","item":"https:\/\/hubsch-interior.com\/de\/produkt-kategorie\/kuche\/tischgeschirr-de-2\/"},{"@type":"ListItem","position":5,"name":"Servierschalen","item":"https:\/\/hubsch-interior.com\/de\/produkt-kategorie\/kuche\/tischgeschirr-de-2\/servierschalen-de\/"},{"@type":"ListItem","position":6,"name":"Amare Schale Small Gr\u00fcn"}]},{"@type":"WebSite","@id":"https:\/\/hubsch-interior.com\/de\/#website","url":"https:\/\/hubsch-interior.com\/de\/","name":"H\u00fcbsch","description":"Danish Home Interior and Design","publisher":{"@id":"https:\/\/hubsch-interior.com\/de\/#organization"},"potentialAction":[{"@type":"SearchAction","target":{"@type":"EntryPoint","urlTemplate":"https:\/\/hubsch-interior.com\/de\/?s={search_term_string}"},"query-input":{"@type":"PropertyValueSpecification","valueRequired":true,"valueName":"search_term_string"}}],"inLanguage":"de"},{"@type":"Organization","@id":"https:\/\/hubsch-interior.com\/de\/#organization","name":"H\u00fcbsch","url":"https:\/\/hubsch-interior.com\/de\/","logo":{"@type":"ImageObject","inLanguage":"de","@id":"https:\/\/hubsch-interior.com\/de\/#\/schema\/logo\/image\/","url":"https:\/\/hubsch-interior.com\/wp-content\/uploads\/2022\/12\/Hubsch_logo_black_one_line.svg","contentUrl":"https:\/\/hubsch-interior.com\/wp-content\/uploads\/2022\/12\/Hubsch_logo_black_one_line.svg","caption":"H\u00fcbsch"},"image":{"@id":"https:\/\/hubsch-interior.com\/de\/#\/schema\/logo\/image\/"}}]}},"_links":{"self":[{"href":"https:\/\/hubsch-interior.com\/de\/wp-json\/wp\/v2\/product\/975693","targetHints":{"allow":["GET"]}}],"collection":[{"href":"https:\/\/hubsch-interior.com\/de\/wp-json\/wp\/v2\/product"}],"about":[{"href":"https:\/\/hubsch-interior.com\/de\/wp-json\/wp\/v2\/types\/product"}],"wp:featuredmedia":[{"embeddable":true,"href":"https:\/\/hubsch-interior.com\/de\/wp-json\/wp\/v2\/media\/1096528"}],"wp:attachment":[{"href":"https:\/\/hubsch-interior.com\/de\/wp-json\/wp\/v2\/media?parent=975693"}],"wp:term":[{"taxonomy":"product_brand","embeddable":true,"href":"https:\/\/hubsch-interior.com\/de\/wp-json\/wp\/v2\/product_brand?post=975693"},{"taxonomy":"product_cat","embeddable":true,"href":"https:\/\/hubsch-interior.com\/de\/wp-json\/wp\/v2\/product_cat?post=975693"},{"taxonomy":"product_tag","embeddable":true,"href":"https:\/\/hubsch-interior.com\/de\/wp-json\/wp\/v2\/product_tag?post=975693"}],"curies":[{"name":"wp","href":"https:\/\/api.w.org\/{rel}","templated":true}]}}