{"id":1008596,"date":"2025-01-24T09:23:34","date_gmt":"2025-01-24T08:23:34","guid":{"rendered":"https:\/\/hubsch-interior.com\/product\/product\/"},"modified":"2026-04-29T04:21:12","modified_gmt":"2026-04-29T02:21:12","slug":"rocco-pouf-ocre","status":"publish","type":"product","link":"https:\/\/hubsch-interior.com\/fr\/produit\/rocco-pouf-ocre\/","title":{"rendered":"Rocco Pouf Ocre"},"content":{"rendered":"<p>D\u00e9couvrez le Pouf Rocco dans sa charmante version ocre \u2013 un m\u00e9lange parfait de fonctionnalit\u00e9 et de style. Ce s\u00e9duisant pouf en polyester pr\u00e9sente un attrait visuel textur\u00e9 avec ses d\u00e9tails boutonn\u00e9s, garantissant une pr\u00e9sence remarqu\u00e9e dans toute pi\u00e8ce. Id\u00e9al comme option de si\u00e8ge suppl\u00e9mentaire ou repose-pieds, sa forme confortable et dodue vous invite \u00e0 vous d\u00e9tendre avec \u00e9l\u00e9gance. Que vous receviez des invit\u00e9s ou que vous vous pr\u00e9lassiez simplement, le Pouf Rocco rehausse votre espace avec son m\u00e9lange de couleurs magnifiques et son flair polyvalent. Optez pour l&#8217;ocre pour une ambiance chaleureuse et accueillante.<\/p>\n","protected":false},"excerpt":{"rendered":"<p>D\u00e9couvrez le Pouf Rocco dans sa charmante version ocre \u2013 un m\u00e9lange parfait de fonctionnalit\u00e9 et de style. Ce s\u00e9duisant pouf en polyester pr\u00e9sente un attrait visuel textur\u00e9 avec ses d\u00e9tails boutonn\u00e9s, garantissant une pr\u00e9sence remarqu\u00e9e dans toute pi\u00e8ce. Id\u00e9al comme option de si\u00e8ge suppl\u00e9mentaire ou repose-pieds, sa forme confortable et dodue vous invite \u00e0 [&hellip;]<\/p>\n","protected":false},"featured_media":1094505,"template":"","meta":{"_acf_changed":false,"inline_featured_image":false},"product_brand":[],"product_cat":[6997,6322,2843,5457,3041,5026,5030],"product_tag":[],"class_list":{"0":"post-1008596","1":"product","2":"type-product","3":"status-publish","4":"has-post-thumbnail","6":"product_cat-the-buzz-fr","7":"product_cat-fsc-fr","8":"product_cat-assises-fr","9":"product_cat-poufs-fr","10":"product_cat-tabouret-fr","11":"product_cat-bestsellers-fr","12":"product_cat-de-nouveau-en-stock-fr","13":"product_shipping_class-pk","15":"pa_color-ocre","16":"pa_material-polyester-100-fr","18":"first","19":"instock","20":"featured","21":"taxable","22":"shipping-taxable","23":"purchasable","24":"product-type-simple"},"exclude_global_add_ons":[],"addons":[],"acf":[],"yoast_head":"<!-- This site is optimized with the Yoast SEO plugin v26.4 - https:\/\/yoast.com\/wordpress\/plugins\/seo\/ -->\n<title>Rocco Pouf Ocre - H\u00fcbsch<\/title>\n<meta name=\"description\" content=\"D\u00e9couvrez le Pouf Rocco dans sa charmante version ocre \u2013 un m\u00e9lange parfait de fonctionnalit\u00e9 et de style. Ce s\u00e9duisant pouf en polyester pr\u00e9sente un\" \/>\n<meta name=\"robots\" content=\"index, follow, max-snippet:-1, max-image-preview:large, max-video-preview:-1\" \/>\n<link rel=\"canonical\" href=\"https:\/\/hubsch-interior.com\/fr\/wp-json\/wp\/v2\/product\/1008596\" \/>\n<meta property=\"og:locale\" content=\"fr_FR\" \/>\n<meta property=\"og:type\" content=\"article\" \/>\n<meta property=\"og:title\" content=\"Rocco Pouf Ocre - H\u00fcbsch\" \/>\n<meta property=\"og:description\" content=\"D\u00e9couvrez le Pouf Rocco dans sa charmante version ocre \u2013 un m\u00e9lange parfait de fonctionnalit\u00e9 et de style. Ce s\u00e9duisant pouf en polyester pr\u00e9sente un\" \/>\n<meta property=\"og:url\" content=\"https:\/\/hubsch-interior.com\/fr\/produit\/rocco-pouf-ocre\/\" \/>\n<meta property=\"og:site_name\" content=\"H\u00fcbsch\" \/>\n<meta property=\"article:modified_time\" content=\"2026-04-29T02:21:12+00:00\" \/>\n<meta property=\"og:image\" content=\"https:\/\/hubsch-interior.com\/wp-content\/uploads\/2025\/01\/rocco-pouffe-ochre-8181ce594a9e22f721b9ae955423a01d.jpg\" \/>\n\t<meta property=\"og:image:width\" content=\"1200\" \/>\n\t<meta property=\"og:image:height\" content=\"1200\" \/>\n\t<meta property=\"og:image:type\" content=\"image\/jpeg\" \/>\n<meta name=\"twitter:card\" content=\"summary_large_image\" \/>\n<meta name=\"twitter:label1\" content=\"Dur\u00e9e de lecture estim\u00e9e\" \/>\n\t<meta name=\"twitter:data1\" content=\"1 minute\" \/>\n<script type=\"application\/ld+json\" class=\"yoast-schema-graph\">{\"@context\":\"https:\/\/schema.org\",\"@graph\":[{\"@type\":\"WebPage\",\"@id\":\"https:\/\/hubsch-interior.com\/fr\/produit\/rocco-pouf-ocre\/\",\"url\":\"https:\/\/hubsch-interior.com\/fr\/produit\/rocco-pouf-ocre\/\",\"name\":\"Rocco Pouf Ocre - H\u00fcbsch\",\"isPartOf\":{\"@id\":\"https:\/\/hubsch-interior.com\/fr\/#website\"},\"primaryImageOfPage\":{\"@id\":\"https:\/\/hubsch-interior.com\/fr\/produit\/rocco-pouf-ocre\/#primaryimage\"},\"image\":{\"@id\":\"https:\/\/hubsch-interior.com\/fr\/produit\/rocco-pouf-ocre\/#primaryimage\"},\"thumbnailUrl\":\"https:\/\/hubsch-interior.com\/wp-content\/uploads\/2026\/02\/rocco-pouffe-ochre-9fedadc1e02137f5bcf0fb4dfe0cccce.jpg\",\"datePublished\":\"2025-01-24T08:23:34+00:00\",\"dateModified\":\"2026-04-29T02:21:12+00:00\",\"description\":\"D\u00e9couvrez le Pouf Rocco dans sa charmante version ocre \u2013 un m\u00e9lange parfait de fonctionnalit\u00e9 et de style. Ce s\u00e9duisant pouf en polyester pr\u00e9sente un\",\"breadcrumb\":{\"@id\":\"https:\/\/hubsch-interior.com\/fr\/produit\/rocco-pouf-ocre\/#breadcrumb\"},\"inLanguage\":\"fr-FR\",\"potentialAction\":[{\"@type\":\"ReadAction\",\"target\":[\"https:\/\/hubsch-interior.com\/fr\/produit\/rocco-pouf-ocre\/\"]}]},{\"@type\":\"ImageObject\",\"inLanguage\":\"fr-FR\",\"@id\":\"https:\/\/hubsch-interior.com\/fr\/produit\/rocco-pouf-ocre\/#primaryimage\",\"url\":\"https:\/\/hubsch-interior.com\/wp-content\/uploads\/2026\/02\/rocco-pouffe-ochre-9fedadc1e02137f5bcf0fb4dfe0cccce.jpg\",\"contentUrl\":\"https:\/\/hubsch-interior.com\/wp-content\/uploads\/2026\/02\/rocco-pouffe-ochre-9fedadc1e02137f5bcf0fb4dfe0cccce.jpg\",\"width\":1024,\"height\":1024},{\"@type\":\"BreadcrumbList\",\"@id\":\"https:\/\/hubsch-interior.com\/fr\/produit\/rocco-pouf-ocre\/#breadcrumb\",\"itemListElement\":[{\"@type\":\"ListItem\",\"position\":1,\"name\":\"Page d'accueil\",\"item\":\"https:\/\/hubsch-interior.com\/fr\/\"},{\"@type\":\"ListItem\",\"position\":2,\"name\":\"Produits\",\"item\":\"https:\/\/hubsch-interior.com\/fr\/shop-2\/\"},{\"@type\":\"ListItem\",\"position\":3,\"name\":\"Meubles\",\"item\":\"https:\/\/hubsch-interior.com\/fr\/categorie-produit\/meubles\/\"},{\"@type\":\"ListItem\",\"position\":4,\"name\":\"Assises\",\"item\":\"https:\/\/hubsch-interior.com\/fr\/categorie-produit\/meubles\/assises-fr\/\"},{\"@type\":\"ListItem\",\"position\":5,\"name\":\"Poufs\",\"item\":\"https:\/\/hubsch-interior.com\/fr\/categorie-produit\/meubles\/assises-fr\/poufs-fr\/\"},{\"@type\":\"ListItem\",\"position\":6,\"name\":\"Rocco Pouf Ocre\"}]},{\"@type\":\"WebSite\",\"@id\":\"https:\/\/hubsch-interior.com\/fr\/#website\",\"url\":\"https:\/\/hubsch-interior.com\/fr\/\",\"name\":\"H\u00fcbsch\",\"description\":\"Danish Home Interior and Design\",\"publisher\":{\"@id\":\"https:\/\/hubsch-interior.com\/fr\/#organization\"},\"potentialAction\":[{\"@type\":\"SearchAction\",\"target\":{\"@type\":\"EntryPoint\",\"urlTemplate\":\"https:\/\/hubsch-interior.com\/fr\/?s={search_term_string}\"},\"query-input\":{\"@type\":\"PropertyValueSpecification\",\"valueRequired\":true,\"valueName\":\"search_term_string\"}}],\"inLanguage\":\"fr-FR\"},{\"@type\":\"Organization\",\"@id\":\"https:\/\/hubsch-interior.com\/fr\/#organization\",\"name\":\"H\u00fcbsch\",\"url\":\"https:\/\/hubsch-interior.com\/fr\/\",\"logo\":{\"@type\":\"ImageObject\",\"inLanguage\":\"fr-FR\",\"@id\":\"https:\/\/hubsch-interior.com\/fr\/#\/schema\/logo\/image\/\",\"url\":\"https:\/\/hubsch-interior.com\/wp-content\/uploads\/2022\/12\/Hubsch_logo_black_one_line.svg\",\"contentUrl\":\"https:\/\/hubsch-interior.com\/wp-content\/uploads\/2022\/12\/Hubsch_logo_black_one_line.svg\",\"caption\":\"H\u00fcbsch\"},\"image\":{\"@id\":\"https:\/\/hubsch-interior.com\/fr\/#\/schema\/logo\/image\/\"}}]}<\/script>\n<!-- \/ Yoast SEO plugin. -->","yoast_head_json":{"title":"Rocco Pouf Ocre - H\u00fcbsch","description":"D\u00e9couvrez le Pouf Rocco dans sa charmante version ocre \u2013 un m\u00e9lange parfait de fonctionnalit\u00e9 et de style. Ce s\u00e9duisant pouf en polyester pr\u00e9sente un","robots":{"index":"index","follow":"follow","max-snippet":"max-snippet:-1","max-image-preview":"max-image-preview:large","max-video-preview":"max-video-preview:-1"},"canonical":"https:\/\/hubsch-interior.com\/fr\/wp-json\/wp\/v2\/product\/1008596","og_locale":"fr_FR","og_type":"article","og_title":"Rocco Pouf Ocre - H\u00fcbsch","og_description":"D\u00e9couvrez le Pouf Rocco dans sa charmante version ocre \u2013 un m\u00e9lange parfait de fonctionnalit\u00e9 et de style. Ce s\u00e9duisant pouf en polyester pr\u00e9sente un","og_url":"https:\/\/hubsch-interior.com\/fr\/produit\/rocco-pouf-ocre\/","og_site_name":"H\u00fcbsch","article_modified_time":"2026-04-29T02:21:12+00:00","og_image":[{"width":1200,"height":1200,"url":"https:\/\/hubsch-interior.com\/wp-content\/uploads\/2025\/01\/rocco-pouffe-ochre-8181ce594a9e22f721b9ae955423a01d.jpg","type":"image\/jpeg"}],"twitter_card":"summary_large_image","twitter_misc":{"Dur\u00e9e de lecture estim\u00e9e":"1 minute"},"schema":{"@context":"https:\/\/schema.org","@graph":[{"@type":"WebPage","@id":"https:\/\/hubsch-interior.com\/fr\/produit\/rocco-pouf-ocre\/","url":"https:\/\/hubsch-interior.com\/fr\/produit\/rocco-pouf-ocre\/","name":"Rocco Pouf Ocre - H\u00fcbsch","isPartOf":{"@id":"https:\/\/hubsch-interior.com\/fr\/#website"},"primaryImageOfPage":{"@id":"https:\/\/hubsch-interior.com\/fr\/produit\/rocco-pouf-ocre\/#primaryimage"},"image":{"@id":"https:\/\/hubsch-interior.com\/fr\/produit\/rocco-pouf-ocre\/#primaryimage"},"thumbnailUrl":"https:\/\/hubsch-interior.com\/wp-content\/uploads\/2026\/02\/rocco-pouffe-ochre-9fedadc1e02137f5bcf0fb4dfe0cccce.jpg","datePublished":"2025-01-24T08:23:34+00:00","dateModified":"2026-04-29T02:21:12+00:00","description":"D\u00e9couvrez le Pouf Rocco dans sa charmante version ocre \u2013 un m\u00e9lange parfait de fonctionnalit\u00e9 et de style. Ce s\u00e9duisant pouf en polyester pr\u00e9sente un","breadcrumb":{"@id":"https:\/\/hubsch-interior.com\/fr\/produit\/rocco-pouf-ocre\/#breadcrumb"},"inLanguage":"fr-FR","potentialAction":[{"@type":"ReadAction","target":["https:\/\/hubsch-interior.com\/fr\/produit\/rocco-pouf-ocre\/"]}]},{"@type":"ImageObject","inLanguage":"fr-FR","@id":"https:\/\/hubsch-interior.com\/fr\/produit\/rocco-pouf-ocre\/#primaryimage","url":"https:\/\/hubsch-interior.com\/wp-content\/uploads\/2026\/02\/rocco-pouffe-ochre-9fedadc1e02137f5bcf0fb4dfe0cccce.jpg","contentUrl":"https:\/\/hubsch-interior.com\/wp-content\/uploads\/2026\/02\/rocco-pouffe-ochre-9fedadc1e02137f5bcf0fb4dfe0cccce.jpg","width":1024,"height":1024},{"@type":"BreadcrumbList","@id":"https:\/\/hubsch-interior.com\/fr\/produit\/rocco-pouf-ocre\/#breadcrumb","itemListElement":[{"@type":"ListItem","position":1,"name":"Page d'accueil","item":"https:\/\/hubsch-interior.com\/fr\/"},{"@type":"ListItem","position":2,"name":"Produits","item":"https:\/\/hubsch-interior.com\/fr\/shop-2\/"},{"@type":"ListItem","position":3,"name":"Meubles","item":"https:\/\/hubsch-interior.com\/fr\/categorie-produit\/meubles\/"},{"@type":"ListItem","position":4,"name":"Assises","item":"https:\/\/hubsch-interior.com\/fr\/categorie-produit\/meubles\/assises-fr\/"},{"@type":"ListItem","position":5,"name":"Poufs","item":"https:\/\/hubsch-interior.com\/fr\/categorie-produit\/meubles\/assises-fr\/poufs-fr\/"},{"@type":"ListItem","position":6,"name":"Rocco Pouf Ocre"}]},{"@type":"WebSite","@id":"https:\/\/hubsch-interior.com\/fr\/#website","url":"https:\/\/hubsch-interior.com\/fr\/","name":"H\u00fcbsch","description":"Danish Home Interior and Design","publisher":{"@id":"https:\/\/hubsch-interior.com\/fr\/#organization"},"potentialAction":[{"@type":"SearchAction","target":{"@type":"EntryPoint","urlTemplate":"https:\/\/hubsch-interior.com\/fr\/?s={search_term_string}"},"query-input":{"@type":"PropertyValueSpecification","valueRequired":true,"valueName":"search_term_string"}}],"inLanguage":"fr-FR"},{"@type":"Organization","@id":"https:\/\/hubsch-interior.com\/fr\/#organization","name":"H\u00fcbsch","url":"https:\/\/hubsch-interior.com\/fr\/","logo":{"@type":"ImageObject","inLanguage":"fr-FR","@id":"https:\/\/hubsch-interior.com\/fr\/#\/schema\/logo\/image\/","url":"https:\/\/hubsch-interior.com\/wp-content\/uploads\/2022\/12\/Hubsch_logo_black_one_line.svg","contentUrl":"https:\/\/hubsch-interior.com\/wp-content\/uploads\/2022\/12\/Hubsch_logo_black_one_line.svg","caption":"H\u00fcbsch"},"image":{"@id":"https:\/\/hubsch-interior.com\/fr\/#\/schema\/logo\/image\/"}}]}},"_links":{"self":[{"href":"https:\/\/hubsch-interior.com\/fr\/wp-json\/wp\/v2\/product\/1008596","targetHints":{"allow":["GET"]}}],"collection":[{"href":"https:\/\/hubsch-interior.com\/fr\/wp-json\/wp\/v2\/product"}],"about":[{"href":"https:\/\/hubsch-interior.com\/fr\/wp-json\/wp\/v2\/types\/product"}],"wp:featuredmedia":[{"embeddable":true,"href":"https:\/\/hubsch-interior.com\/fr\/wp-json\/wp\/v2\/media\/1094505"}],"wp:attachment":[{"href":"https:\/\/hubsch-interior.com\/fr\/wp-json\/wp\/v2\/media?parent=1008596"}],"wp:term":[{"taxonomy":"product_brand","embeddable":true,"href":"https:\/\/hubsch-interior.com\/fr\/wp-json\/wp\/v2\/product_brand?post=1008596"},{"taxonomy":"product_cat","embeddable":true,"href":"https:\/\/hubsch-interior.com\/fr\/wp-json\/wp\/v2\/product_cat?post=1008596"},{"taxonomy":"product_tag","embeddable":true,"href":"https:\/\/hubsch-interior.com\/fr\/wp-json\/wp\/v2\/product_tag?post=1008596"}],"curies":[{"name":"wp","href":"https:\/\/api.w.org\/{rel}","templated":true}]}}