{"id":1071603,"date":"2025-09-25T13:22:51","date_gmt":"2025-09-25T11:22:51","guid":{"rendered":"https:\/\/hubsch-interior.com\/product\/product\/"},"modified":"2026-04-30T05:25:45","modified_gmt":"2026-04-30T03:25:45","slug":"bringme-lampe-portative-mini-bordeaux-metallique","status":"publish","type":"product","link":"https:\/\/hubsch-interior.com\/fr\/produit\/bringme-lampe-portative-mini-bordeaux-metallique\/","title":{"rendered":"BringMe Lampe portative Mini Bordeaux M\u00e9tallique"},"content":{"rendered":"<p>La lumi\u00e8re chaleureuse rencontre un design audacieux avec la BringMe Lampe portative en m\u00e9tal bordeaux profond. Con\u00e7ue pour compl\u00e9ter les int\u00e9rieurs modernes, cette lampe sans fil est disponible en neuf variantes \u00e9l\u00e9gantes pour satisfaire tous les go\u00fbts. Une charge rapide de 6 heures lui permet de briller jusqu&#8217;\u00e0 8 heures, en faisant le compagnon id\u00e9al pour des soir\u00e9es cosy, des lectures nocturnes, ou pour ajouter une ambiance o\u00f9 vous le souhaitez.<\/p>\n","protected":false},"excerpt":{"rendered":"<p>La lumi\u00e8re chaleureuse rencontre un design audacieux avec la BringMe Lampe portative en m\u00e9tal bordeaux profond. Con\u00e7ue pour compl\u00e9ter les int\u00e9rieurs modernes, cette lampe sans fil est disponible en neuf variantes \u00e9l\u00e9gantes pour satisfaire tous les go\u00fbts. Une charge rapide de 6 heures lui permet de briller jusqu&#8217;\u00e0 8 heures, en faisant le compagnon id\u00e9al [&hellip;]<\/p>\n","protected":false},"featured_media":1111700,"template":"","meta":{"_acf_changed":false,"inline_featured_image":false},"product_brand":[],"product_cat":[6939,3500,6962,3810,5026,5046,6971,6997],"product_tag":[],"class_list":{"0":"post-1071603","1":"product","2":"type-product","3":"status-publish","4":"has-post-thumbnail","6":"product_cat-additions-fr","7":"product_cat-lampes-a-poser-fr","8":"product_cat-lampes-portatives-fr","9":"product_cat-luminaires","10":"product_cat-bestsellers-fr","11":"product_cat-nouveautes-fr","12":"product_cat-paques","13":"product_cat-the-buzz-fr","14":"product_shipping_class-pk","15":"pa_color-bordeaux-metallique","16":"pa_material-acrylic-5-fr","17":"pa_material-fer-fr","19":"first","20":"instock","21":"featured","22":"taxable","23":"shipping-taxable","24":"purchasable","25":"product-type-simple"},"exclude_global_add_ons":[],"addons":[],"acf":[],"yoast_head":"<!-- This site is optimized with the Yoast SEO plugin v26.4 - https:\/\/yoast.com\/wordpress\/plugins\/seo\/ -->\n<title>BringMe Lampe portative Mini Bordeaux M\u00e9tallique - H\u00fcbsch<\/title>\n<meta name=\"description\" content=\"La lumi\u00e8re chaleureuse rencontre un design audacieux avec la BringMe Lampe portative en m\u00e9tal bordeaux profond. Con\u00e7ue pour compl\u00e9ter les int\u00e9rieurs\" \/>\n<meta name=\"robots\" content=\"index, follow, max-snippet:-1, max-image-preview:large, max-video-preview:-1\" \/>\n<link rel=\"canonical\" href=\"https:\/\/hubsch-interior.com\/fr\/wp-json\/wp\/v2\/product\/1071603\" \/>\n<meta property=\"og:locale\" content=\"fr_FR\" \/>\n<meta property=\"og:type\" content=\"article\" \/>\n<meta property=\"og:title\" content=\"BringMe Lampe portative Mini Bordeaux M\u00e9tallique - H\u00fcbsch\" \/>\n<meta property=\"og:description\" content=\"La lumi\u00e8re chaleureuse rencontre un design audacieux avec la BringMe Lampe portative en m\u00e9tal bordeaux profond. Con\u00e7ue pour compl\u00e9ter les int\u00e9rieurs\" \/>\n<meta property=\"og:url\" content=\"https:\/\/hubsch-interior.com\/fr\/produit\/bringme-lampe-portative-mini-bordeaux-metallique\/\" \/>\n<meta property=\"og:site_name\" content=\"H\u00fcbsch\" \/>\n<meta property=\"article:modified_time\" content=\"2026-04-30T03:25:45+00:00\" \/>\n<meta property=\"og:image\" content=\"https:\/\/hubsch-interior.com\/wp-content\/uploads\/2025\/09\/bringme-portable-lamp-mini-metallic-burgundy-011bf8b191f6c293c809d015245de86e.jpg\" \/>\n\t<meta property=\"og:image:width\" content=\"1200\" \/>\n\t<meta property=\"og:image:height\" content=\"1200\" \/>\n\t<meta property=\"og:image:type\" content=\"image\/jpeg\" \/>\n<meta name=\"twitter:card\" content=\"summary_large_image\" \/>\n<script type=\"application\/ld+json\" class=\"yoast-schema-graph\">{\"@context\":\"https:\/\/schema.org\",\"@graph\":[{\"@type\":\"WebPage\",\"@id\":\"https:\/\/hubsch-interior.com\/fr\/produit\/bringme-lampe-portative-mini-bordeaux-metallique\/\",\"url\":\"https:\/\/hubsch-interior.com\/fr\/produit\/bringme-lampe-portative-mini-bordeaux-metallique\/\",\"name\":\"BringMe Lampe portative Mini Bordeaux M\u00e9tallique - H\u00fcbsch\",\"isPartOf\":{\"@id\":\"https:\/\/hubsch-interior.com\/fr\/#website\"},\"primaryImageOfPage\":{\"@id\":\"https:\/\/hubsch-interior.com\/fr\/produit\/bringme-lampe-portative-mini-bordeaux-metallique\/#primaryimage\"},\"image\":{\"@id\":\"https:\/\/hubsch-interior.com\/fr\/produit\/bringme-lampe-portative-mini-bordeaux-metallique\/#primaryimage\"},\"thumbnailUrl\":\"https:\/\/hubsch-interior.com\/wp-content\/uploads\/2026\/02\/bringme-portable-lamp-mini-metallic-burgundy-31022cd097cc3ed0695bf7e0d1988f74.jpg\",\"datePublished\":\"2025-09-25T11:22:51+00:00\",\"dateModified\":\"2026-04-30T03:25:45+00:00\",\"description\":\"La lumi\u00e8re chaleureuse rencontre un design audacieux avec la BringMe Lampe portative en m\u00e9tal bordeaux profond. Con\u00e7ue pour compl\u00e9ter les int\u00e9rieurs\",\"breadcrumb\":{\"@id\":\"https:\/\/hubsch-interior.com\/fr\/produit\/bringme-lampe-portative-mini-bordeaux-metallique\/#breadcrumb\"},\"inLanguage\":\"fr-FR\",\"potentialAction\":[{\"@type\":\"ReadAction\",\"target\":[\"https:\/\/hubsch-interior.com\/fr\/produit\/bringme-lampe-portative-mini-bordeaux-metallique\/\"]}]},{\"@type\":\"ImageObject\",\"inLanguage\":\"fr-FR\",\"@id\":\"https:\/\/hubsch-interior.com\/fr\/produit\/bringme-lampe-portative-mini-bordeaux-metallique\/#primaryimage\",\"url\":\"https:\/\/hubsch-interior.com\/wp-content\/uploads\/2026\/02\/bringme-portable-lamp-mini-metallic-burgundy-31022cd097cc3ed0695bf7e0d1988f74.jpg\",\"contentUrl\":\"https:\/\/hubsch-interior.com\/wp-content\/uploads\/2026\/02\/bringme-portable-lamp-mini-metallic-burgundy-31022cd097cc3ed0695bf7e0d1988f74.jpg\",\"width\":1024,\"height\":1024},{\"@type\":\"BreadcrumbList\",\"@id\":\"https:\/\/hubsch-interior.com\/fr\/produit\/bringme-lampe-portative-mini-bordeaux-metallique\/#breadcrumb\",\"itemListElement\":[{\"@type\":\"ListItem\",\"position\":1,\"name\":\"Page d'accueil\",\"item\":\"https:\/\/hubsch-interior.com\/fr\/\"},{\"@type\":\"ListItem\",\"position\":2,\"name\":\"Produits\",\"item\":\"https:\/\/hubsch-interior.com\/fr\/shop-2\/\"},{\"@type\":\"ListItem\",\"position\":3,\"name\":\"Luminaires\",\"item\":\"https:\/\/hubsch-interior.com\/fr\/categorie-produit\/luminaires\/\"},{\"@type\":\"ListItem\",\"position\":4,\"name\":\"Lampes portatives\",\"item\":\"https:\/\/hubsch-interior.com\/fr\/categorie-produit\/luminaires\/lampes-portatives-fr\/\"},{\"@type\":\"ListItem\",\"position\":5,\"name\":\"BringMe Lampe portative Mini Bordeaux M\u00e9tallique\"}]},{\"@type\":\"WebSite\",\"@id\":\"https:\/\/hubsch-interior.com\/fr\/#website\",\"url\":\"https:\/\/hubsch-interior.com\/fr\/\",\"name\":\"H\u00fcbsch\",\"description\":\"Danish Home Interior and Design\",\"publisher\":{\"@id\":\"https:\/\/hubsch-interior.com\/fr\/#organization\"},\"potentialAction\":[{\"@type\":\"SearchAction\",\"target\":{\"@type\":\"EntryPoint\",\"urlTemplate\":\"https:\/\/hubsch-interior.com\/fr\/?s={search_term_string}\"},\"query-input\":{\"@type\":\"PropertyValueSpecification\",\"valueRequired\":true,\"valueName\":\"search_term_string\"}}],\"inLanguage\":\"fr-FR\"},{\"@type\":\"Organization\",\"@id\":\"https:\/\/hubsch-interior.com\/fr\/#organization\",\"name\":\"H\u00fcbsch\",\"url\":\"https:\/\/hubsch-interior.com\/fr\/\",\"logo\":{\"@type\":\"ImageObject\",\"inLanguage\":\"fr-FR\",\"@id\":\"https:\/\/hubsch-interior.com\/fr\/#\/schema\/logo\/image\/\",\"url\":\"https:\/\/hubsch-interior.com\/wp-content\/uploads\/2022\/12\/Hubsch_logo_black_one_line.svg\",\"contentUrl\":\"https:\/\/hubsch-interior.com\/wp-content\/uploads\/2022\/12\/Hubsch_logo_black_one_line.svg\",\"caption\":\"H\u00fcbsch\"},\"image\":{\"@id\":\"https:\/\/hubsch-interior.com\/fr\/#\/schema\/logo\/image\/\"}}]}<\/script>\n<!-- \/ Yoast SEO plugin. -->","yoast_head_json":{"title":"BringMe Lampe portative Mini Bordeaux M\u00e9tallique - H\u00fcbsch","description":"La lumi\u00e8re chaleureuse rencontre un design audacieux avec la BringMe Lampe portative en m\u00e9tal bordeaux profond. Con\u00e7ue pour compl\u00e9ter les int\u00e9rieurs","robots":{"index":"index","follow":"follow","max-snippet":"max-snippet:-1","max-image-preview":"max-image-preview:large","max-video-preview":"max-video-preview:-1"},"canonical":"https:\/\/hubsch-interior.com\/fr\/wp-json\/wp\/v2\/product\/1071603","og_locale":"fr_FR","og_type":"article","og_title":"BringMe Lampe portative Mini Bordeaux M\u00e9tallique - H\u00fcbsch","og_description":"La lumi\u00e8re chaleureuse rencontre un design audacieux avec la BringMe Lampe portative en m\u00e9tal bordeaux profond. Con\u00e7ue pour compl\u00e9ter les int\u00e9rieurs","og_url":"https:\/\/hubsch-interior.com\/fr\/produit\/bringme-lampe-portative-mini-bordeaux-metallique\/","og_site_name":"H\u00fcbsch","article_modified_time":"2026-04-30T03:25:45+00:00","og_image":[{"width":1200,"height":1200,"url":"https:\/\/hubsch-interior.com\/wp-content\/uploads\/2025\/09\/bringme-portable-lamp-mini-metallic-burgundy-011bf8b191f6c293c809d015245de86e.jpg","type":"image\/jpeg"}],"twitter_card":"summary_large_image","schema":{"@context":"https:\/\/schema.org","@graph":[{"@type":"WebPage","@id":"https:\/\/hubsch-interior.com\/fr\/produit\/bringme-lampe-portative-mini-bordeaux-metallique\/","url":"https:\/\/hubsch-interior.com\/fr\/produit\/bringme-lampe-portative-mini-bordeaux-metallique\/","name":"BringMe Lampe portative Mini Bordeaux M\u00e9tallique - H\u00fcbsch","isPartOf":{"@id":"https:\/\/hubsch-interior.com\/fr\/#website"},"primaryImageOfPage":{"@id":"https:\/\/hubsch-interior.com\/fr\/produit\/bringme-lampe-portative-mini-bordeaux-metallique\/#primaryimage"},"image":{"@id":"https:\/\/hubsch-interior.com\/fr\/produit\/bringme-lampe-portative-mini-bordeaux-metallique\/#primaryimage"},"thumbnailUrl":"https:\/\/hubsch-interior.com\/wp-content\/uploads\/2026\/02\/bringme-portable-lamp-mini-metallic-burgundy-31022cd097cc3ed0695bf7e0d1988f74.jpg","datePublished":"2025-09-25T11:22:51+00:00","dateModified":"2026-04-30T03:25:45+00:00","description":"La lumi\u00e8re chaleureuse rencontre un design audacieux avec la BringMe Lampe portative en m\u00e9tal bordeaux profond. Con\u00e7ue pour compl\u00e9ter les int\u00e9rieurs","breadcrumb":{"@id":"https:\/\/hubsch-interior.com\/fr\/produit\/bringme-lampe-portative-mini-bordeaux-metallique\/#breadcrumb"},"inLanguage":"fr-FR","potentialAction":[{"@type":"ReadAction","target":["https:\/\/hubsch-interior.com\/fr\/produit\/bringme-lampe-portative-mini-bordeaux-metallique\/"]}]},{"@type":"ImageObject","inLanguage":"fr-FR","@id":"https:\/\/hubsch-interior.com\/fr\/produit\/bringme-lampe-portative-mini-bordeaux-metallique\/#primaryimage","url":"https:\/\/hubsch-interior.com\/wp-content\/uploads\/2026\/02\/bringme-portable-lamp-mini-metallic-burgundy-31022cd097cc3ed0695bf7e0d1988f74.jpg","contentUrl":"https:\/\/hubsch-interior.com\/wp-content\/uploads\/2026\/02\/bringme-portable-lamp-mini-metallic-burgundy-31022cd097cc3ed0695bf7e0d1988f74.jpg","width":1024,"height":1024},{"@type":"BreadcrumbList","@id":"https:\/\/hubsch-interior.com\/fr\/produit\/bringme-lampe-portative-mini-bordeaux-metallique\/#breadcrumb","itemListElement":[{"@type":"ListItem","position":1,"name":"Page d'accueil","item":"https:\/\/hubsch-interior.com\/fr\/"},{"@type":"ListItem","position":2,"name":"Produits","item":"https:\/\/hubsch-interior.com\/fr\/shop-2\/"},{"@type":"ListItem","position":3,"name":"Luminaires","item":"https:\/\/hubsch-interior.com\/fr\/categorie-produit\/luminaires\/"},{"@type":"ListItem","position":4,"name":"Lampes portatives","item":"https:\/\/hubsch-interior.com\/fr\/categorie-produit\/luminaires\/lampes-portatives-fr\/"},{"@type":"ListItem","position":5,"name":"BringMe Lampe portative Mini Bordeaux M\u00e9tallique"}]},{"@type":"WebSite","@id":"https:\/\/hubsch-interior.com\/fr\/#website","url":"https:\/\/hubsch-interior.com\/fr\/","name":"H\u00fcbsch","description":"Danish Home Interior and Design","publisher":{"@id":"https:\/\/hubsch-interior.com\/fr\/#organization"},"potentialAction":[{"@type":"SearchAction","target":{"@type":"EntryPoint","urlTemplate":"https:\/\/hubsch-interior.com\/fr\/?s={search_term_string}"},"query-input":{"@type":"PropertyValueSpecification","valueRequired":true,"valueName":"search_term_string"}}],"inLanguage":"fr-FR"},{"@type":"Organization","@id":"https:\/\/hubsch-interior.com\/fr\/#organization","name":"H\u00fcbsch","url":"https:\/\/hubsch-interior.com\/fr\/","logo":{"@type":"ImageObject","inLanguage":"fr-FR","@id":"https:\/\/hubsch-interior.com\/fr\/#\/schema\/logo\/image\/","url":"https:\/\/hubsch-interior.com\/wp-content\/uploads\/2022\/12\/Hubsch_logo_black_one_line.svg","contentUrl":"https:\/\/hubsch-interior.com\/wp-content\/uploads\/2022\/12\/Hubsch_logo_black_one_line.svg","caption":"H\u00fcbsch"},"image":{"@id":"https:\/\/hubsch-interior.com\/fr\/#\/schema\/logo\/image\/"}}]}},"_links":{"self":[{"href":"https:\/\/hubsch-interior.com\/fr\/wp-json\/wp\/v2\/product\/1071603","targetHints":{"allow":["GET"]}}],"collection":[{"href":"https:\/\/hubsch-interior.com\/fr\/wp-json\/wp\/v2\/product"}],"about":[{"href":"https:\/\/hubsch-interior.com\/fr\/wp-json\/wp\/v2\/types\/product"}],"wp:featuredmedia":[{"embeddable":true,"href":"https:\/\/hubsch-interior.com\/fr\/wp-json\/wp\/v2\/media\/1111700"}],"wp:attachment":[{"href":"https:\/\/hubsch-interior.com\/fr\/wp-json\/wp\/v2\/media?parent=1071603"}],"wp:term":[{"taxonomy":"product_brand","embeddable":true,"href":"https:\/\/hubsch-interior.com\/fr\/wp-json\/wp\/v2\/product_brand?post=1071603"},{"taxonomy":"product_cat","embeddable":true,"href":"https:\/\/hubsch-interior.com\/fr\/wp-json\/wp\/v2\/product_cat?post=1071603"},{"taxonomy":"product_tag","embeddable":true,"href":"https:\/\/hubsch-interior.com\/fr\/wp-json\/wp\/v2\/product_tag?post=1071603"}],"curies":[{"name":"wp","href":"https:\/\/api.w.org\/{rel}","templated":true}]}}