{"id":18489,"date":"2020-09-09T23:27:47","date_gmt":"2020-09-09T21:27:47","guid":{"rendered":"https:\/\/hubsch-interior.com\/vare\/product\/"},"modified":"2026-04-29T04:49:15","modified_gmt":"2026-04-29T02:49:15","slug":"elevate-plateau-naturel","status":"publish","type":"product","link":"https:\/\/hubsch-interior.com\/fr\/produit\/elevate-plateau-naturel\/","title":{"rendered":"Elevate Plateau Naturel"},"content":{"rendered":"<p>D\u00e9couvrez le charme du Plateau Elevate, votre compagnon id\u00e9al pour recevoir avec \u00e9l\u00e9gance \u00e0 l&#8217;int\u00e9rieur. Fabriqu\u00e9 en bois de ch\u00eane exquis et placage de ch\u00eane, ce plateau pr\u00e9sente une teinte naturelle riche qui ajoute une touche de chaleur \u00e0 tout environnement. Id\u00e9al pour servir vos boissons pr\u00e9f\u00e9r\u00e9es ou exposer des objets pr\u00e9cieux, ce plateau allie fonctionnalit\u00e9 et esth\u00e9tique \u00e9l\u00e9gante, rehaussant la beaut\u00e9 de votre int\u00e9rieur.<\/p>\n","protected":false},"excerpt":{"rendered":"<p>D\u00e9couvrez le charme du Plateau Elevate, votre compagnon id\u00e9al pour recevoir avec \u00e9l\u00e9gance \u00e0 l&#8217;int\u00e9rieur. Fabriqu\u00e9 en bois de ch\u00eane exquis et placage de ch\u00eane, ce plateau pr\u00e9sente une teinte naturelle riche qui ajoute une touche de chaleur \u00e0 tout environnement. Id\u00e9al pour servir vos boissons pr\u00e9f\u00e9r\u00e9es ou exposer des objets pr\u00e9cieux, ce plateau allie [&hellip;]<\/p>\n","protected":false},"featured_media":1101853,"template":"","meta":{"_acf_changed":false,"inline_featured_image":false},"product_brand":[],"product_cat":[7039,7027,6322,4053,4054,5026],"product_tag":[],"class_list":{"0":"post-18489","1":"product","2":"type-product","3":"status-publish","4":"has-post-thumbnail","6":"product_cat-cuisine-plateaux-fr","7":"product_cat-vaisselle-fr-2","8":"product_cat-fsc-fr","9":"product_cat-accessoires-de-cuisine-fr","10":"product_cat-plateaux-fr","11":"product_cat-bestsellers-fr","12":"product_shipping_class-pk","14":"pa_color-naturel-2","15":"pa_material-mdf-fr","16":"pa_material-bois-de-chne-2","17":"pa_material-placage-de-chne-2","19":"first","20":"instock","21":"featured","22":"taxable","23":"shipping-taxable","24":"purchasable","25":"product-type-simple"},"exclude_global_add_ons":[],"addons":[],"acf":[],"yoast_head":"<!-- This site is optimized with the Yoast SEO plugin v26.4 - https:\/\/yoast.com\/wordpress\/plugins\/seo\/ -->\n<title>Elevate Plateau Naturel - H\u00fcbsch<\/title>\n<meta name=\"description\" content=\"D\u00e9couvrez le charme du Plateau Elevate, votre compagnon id\u00e9al pour recevoir avec \u00e9l\u00e9gance \u00e0 l&#039;int\u00e9rieur. Fabriqu\u00e9 en bois de ch\u00eane exquis et placage de\" \/>\n<meta name=\"robots\" content=\"index, follow, max-snippet:-1, max-image-preview:large, max-video-preview:-1\" \/>\n<link rel=\"canonical\" href=\"https:\/\/hubsch-interior.com\/fr\/wp-json\/wp\/v2\/product\/18489\" \/>\n<meta property=\"og:locale\" content=\"fr_FR\" \/>\n<meta property=\"og:type\" content=\"article\" \/>\n<meta property=\"og:title\" content=\"Elevate Plateau Naturel - H\u00fcbsch\" \/>\n<meta property=\"og:description\" content=\"D\u00e9couvrez le charme du Plateau Elevate, votre compagnon id\u00e9al pour recevoir avec \u00e9l\u00e9gance \u00e0 l&#039;int\u00e9rieur. Fabriqu\u00e9 en bois de ch\u00eane exquis et placage de\" \/>\n<meta property=\"og:url\" content=\"https:\/\/hubsch-interior.com\/fr\/produit\/elevate-plateau-naturel\/\" \/>\n<meta property=\"og:site_name\" content=\"H\u00fcbsch\" \/>\n<meta property=\"article:modified_time\" content=\"2026-04-29T02:49:15+00:00\" \/>\n<meta property=\"og:image\" content=\"https:\/\/hubsch-interior.com\/wp-content\/uploads\/2024\/05\/elevate-tray-natural-75dabd5808c92f50442496552344bcf4.jpg\" \/>\n\t<meta property=\"og:image:width\" content=\"1200\" \/>\n\t<meta property=\"og:image:height\" content=\"1200\" \/>\n\t<meta property=\"og:image:type\" content=\"image\/jpeg\" \/>\n<meta name=\"twitter:card\" content=\"summary_large_image\" \/>\n<script type=\"application\/ld+json\" class=\"yoast-schema-graph\">{\"@context\":\"https:\/\/schema.org\",\"@graph\":[{\"@type\":\"WebPage\",\"@id\":\"https:\/\/hubsch-interior.com\/fr\/produit\/elevate-plateau-naturel\/\",\"url\":\"https:\/\/hubsch-interior.com\/fr\/produit\/elevate-plateau-naturel\/\",\"name\":\"Elevate Plateau Naturel - H\u00fcbsch\",\"isPartOf\":{\"@id\":\"https:\/\/hubsch-interior.com\/fr\/#website\"},\"primaryImageOfPage\":{\"@id\":\"https:\/\/hubsch-interior.com\/fr\/produit\/elevate-plateau-naturel\/#primaryimage\"},\"image\":{\"@id\":\"https:\/\/hubsch-interior.com\/fr\/produit\/elevate-plateau-naturel\/#primaryimage\"},\"thumbnailUrl\":\"https:\/\/hubsch-interior.com\/wp-content\/uploads\/2026\/02\/elevate-tray-natural-fe371bfeb4dec748cdd8d3a9b21724ed.jpg\",\"datePublished\":\"2020-09-09T21:27:47+00:00\",\"dateModified\":\"2026-04-29T02:49:15+00:00\",\"description\":\"D\u00e9couvrez le charme du Plateau Elevate, votre compagnon id\u00e9al pour recevoir avec \u00e9l\u00e9gance \u00e0 l'int\u00e9rieur. Fabriqu\u00e9 en bois de ch\u00eane exquis et placage de\",\"breadcrumb\":{\"@id\":\"https:\/\/hubsch-interior.com\/fr\/produit\/elevate-plateau-naturel\/#breadcrumb\"},\"inLanguage\":\"fr-FR\",\"potentialAction\":[{\"@type\":\"ReadAction\",\"target\":[\"https:\/\/hubsch-interior.com\/fr\/produit\/elevate-plateau-naturel\/\"]}]},{\"@type\":\"ImageObject\",\"inLanguage\":\"fr-FR\",\"@id\":\"https:\/\/hubsch-interior.com\/fr\/produit\/elevate-plateau-naturel\/#primaryimage\",\"url\":\"https:\/\/hubsch-interior.com\/wp-content\/uploads\/2026\/02\/elevate-tray-natural-fe371bfeb4dec748cdd8d3a9b21724ed.jpg\",\"contentUrl\":\"https:\/\/hubsch-interior.com\/wp-content\/uploads\/2026\/02\/elevate-tray-natural-fe371bfeb4dec748cdd8d3a9b21724ed.jpg\",\"width\":1024,\"height\":1024},{\"@type\":\"BreadcrumbList\",\"@id\":\"https:\/\/hubsch-interior.com\/fr\/produit\/elevate-plateau-naturel\/#breadcrumb\",\"itemListElement\":[{\"@type\":\"ListItem\",\"position\":1,\"name\":\"Page d'accueil\",\"item\":\"https:\/\/hubsch-interior.com\/fr\/\"},{\"@type\":\"ListItem\",\"position\":2,\"name\":\"Produits\",\"item\":\"https:\/\/hubsch-interior.com\/fr\/shop-2\/\"},{\"@type\":\"ListItem\",\"position\":3,\"name\":\"Cuisine\",\"item\":\"https:\/\/hubsch-interior.com\/fr\/categorie-produit\/cuisine\/\"},{\"@type\":\"ListItem\",\"position\":4,\"name\":\"Vaisselle\",\"item\":\"https:\/\/hubsch-interior.com\/fr\/categorie-produit\/cuisine\/vaisselle-fr-2\/\"},{\"@type\":\"ListItem\",\"position\":5,\"name\":\"Plateaux\",\"item\":\"https:\/\/hubsch-interior.com\/fr\/categorie-produit\/cuisine\/vaisselle-fr-2\/cuisine-plateaux-fr\/\"},{\"@type\":\"ListItem\",\"position\":6,\"name\":\"Elevate Plateau Naturel\"}]},{\"@type\":\"WebSite\",\"@id\":\"https:\/\/hubsch-interior.com\/fr\/#website\",\"url\":\"https:\/\/hubsch-interior.com\/fr\/\",\"name\":\"H\u00fcbsch\",\"description\":\"Danish Home Interior and Design\",\"publisher\":{\"@id\":\"https:\/\/hubsch-interior.com\/fr\/#organization\"},\"potentialAction\":[{\"@type\":\"SearchAction\",\"target\":{\"@type\":\"EntryPoint\",\"urlTemplate\":\"https:\/\/hubsch-interior.com\/fr\/?s={search_term_string}\"},\"query-input\":{\"@type\":\"PropertyValueSpecification\",\"valueRequired\":true,\"valueName\":\"search_term_string\"}}],\"inLanguage\":\"fr-FR\"},{\"@type\":\"Organization\",\"@id\":\"https:\/\/hubsch-interior.com\/fr\/#organization\",\"name\":\"H\u00fcbsch\",\"url\":\"https:\/\/hubsch-interior.com\/fr\/\",\"logo\":{\"@type\":\"ImageObject\",\"inLanguage\":\"fr-FR\",\"@id\":\"https:\/\/hubsch-interior.com\/fr\/#\/schema\/logo\/image\/\",\"url\":\"https:\/\/hubsch-interior.com\/wp-content\/uploads\/2022\/12\/Hubsch_logo_black_one_line.svg\",\"contentUrl\":\"https:\/\/hubsch-interior.com\/wp-content\/uploads\/2022\/12\/Hubsch_logo_black_one_line.svg\",\"caption\":\"H\u00fcbsch\"},\"image\":{\"@id\":\"https:\/\/hubsch-interior.com\/fr\/#\/schema\/logo\/image\/\"}}]}<\/script>\n<!-- \/ Yoast SEO plugin. -->","yoast_head_json":{"title":"Elevate Plateau Naturel - H\u00fcbsch","description":"D\u00e9couvrez le charme du Plateau Elevate, votre compagnon id\u00e9al pour recevoir avec \u00e9l\u00e9gance \u00e0 l'int\u00e9rieur. Fabriqu\u00e9 en bois de ch\u00eane exquis et placage de","robots":{"index":"index","follow":"follow","max-snippet":"max-snippet:-1","max-image-preview":"max-image-preview:large","max-video-preview":"max-video-preview:-1"},"canonical":"https:\/\/hubsch-interior.com\/fr\/wp-json\/wp\/v2\/product\/18489","og_locale":"fr_FR","og_type":"article","og_title":"Elevate Plateau Naturel - H\u00fcbsch","og_description":"D\u00e9couvrez le charme du Plateau Elevate, votre compagnon id\u00e9al pour recevoir avec \u00e9l\u00e9gance \u00e0 l'int\u00e9rieur. Fabriqu\u00e9 en bois de ch\u00eane exquis et placage de","og_url":"https:\/\/hubsch-interior.com\/fr\/produit\/elevate-plateau-naturel\/","og_site_name":"H\u00fcbsch","article_modified_time":"2026-04-29T02:49:15+00:00","og_image":[{"width":1200,"height":1200,"url":"https:\/\/hubsch-interior.com\/wp-content\/uploads\/2024\/05\/elevate-tray-natural-75dabd5808c92f50442496552344bcf4.jpg","type":"image\/jpeg"}],"twitter_card":"summary_large_image","schema":{"@context":"https:\/\/schema.org","@graph":[{"@type":"WebPage","@id":"https:\/\/hubsch-interior.com\/fr\/produit\/elevate-plateau-naturel\/","url":"https:\/\/hubsch-interior.com\/fr\/produit\/elevate-plateau-naturel\/","name":"Elevate Plateau Naturel - H\u00fcbsch","isPartOf":{"@id":"https:\/\/hubsch-interior.com\/fr\/#website"},"primaryImageOfPage":{"@id":"https:\/\/hubsch-interior.com\/fr\/produit\/elevate-plateau-naturel\/#primaryimage"},"image":{"@id":"https:\/\/hubsch-interior.com\/fr\/produit\/elevate-plateau-naturel\/#primaryimage"},"thumbnailUrl":"https:\/\/hubsch-interior.com\/wp-content\/uploads\/2026\/02\/elevate-tray-natural-fe371bfeb4dec748cdd8d3a9b21724ed.jpg","datePublished":"2020-09-09T21:27:47+00:00","dateModified":"2026-04-29T02:49:15+00:00","description":"D\u00e9couvrez le charme du Plateau Elevate, votre compagnon id\u00e9al pour recevoir avec \u00e9l\u00e9gance \u00e0 l'int\u00e9rieur. Fabriqu\u00e9 en bois de ch\u00eane exquis et placage de","breadcrumb":{"@id":"https:\/\/hubsch-interior.com\/fr\/produit\/elevate-plateau-naturel\/#breadcrumb"},"inLanguage":"fr-FR","potentialAction":[{"@type":"ReadAction","target":["https:\/\/hubsch-interior.com\/fr\/produit\/elevate-plateau-naturel\/"]}]},{"@type":"ImageObject","inLanguage":"fr-FR","@id":"https:\/\/hubsch-interior.com\/fr\/produit\/elevate-plateau-naturel\/#primaryimage","url":"https:\/\/hubsch-interior.com\/wp-content\/uploads\/2026\/02\/elevate-tray-natural-fe371bfeb4dec748cdd8d3a9b21724ed.jpg","contentUrl":"https:\/\/hubsch-interior.com\/wp-content\/uploads\/2026\/02\/elevate-tray-natural-fe371bfeb4dec748cdd8d3a9b21724ed.jpg","width":1024,"height":1024},{"@type":"BreadcrumbList","@id":"https:\/\/hubsch-interior.com\/fr\/produit\/elevate-plateau-naturel\/#breadcrumb","itemListElement":[{"@type":"ListItem","position":1,"name":"Page d'accueil","item":"https:\/\/hubsch-interior.com\/fr\/"},{"@type":"ListItem","position":2,"name":"Produits","item":"https:\/\/hubsch-interior.com\/fr\/shop-2\/"},{"@type":"ListItem","position":3,"name":"Cuisine","item":"https:\/\/hubsch-interior.com\/fr\/categorie-produit\/cuisine\/"},{"@type":"ListItem","position":4,"name":"Vaisselle","item":"https:\/\/hubsch-interior.com\/fr\/categorie-produit\/cuisine\/vaisselle-fr-2\/"},{"@type":"ListItem","position":5,"name":"Plateaux","item":"https:\/\/hubsch-interior.com\/fr\/categorie-produit\/cuisine\/vaisselle-fr-2\/cuisine-plateaux-fr\/"},{"@type":"ListItem","position":6,"name":"Elevate Plateau Naturel"}]},{"@type":"WebSite","@id":"https:\/\/hubsch-interior.com\/fr\/#website","url":"https:\/\/hubsch-interior.com\/fr\/","name":"H\u00fcbsch","description":"Danish Home Interior and Design","publisher":{"@id":"https:\/\/hubsch-interior.com\/fr\/#organization"},"potentialAction":[{"@type":"SearchAction","target":{"@type":"EntryPoint","urlTemplate":"https:\/\/hubsch-interior.com\/fr\/?s={search_term_string}"},"query-input":{"@type":"PropertyValueSpecification","valueRequired":true,"valueName":"search_term_string"}}],"inLanguage":"fr-FR"},{"@type":"Organization","@id":"https:\/\/hubsch-interior.com\/fr\/#organization","name":"H\u00fcbsch","url":"https:\/\/hubsch-interior.com\/fr\/","logo":{"@type":"ImageObject","inLanguage":"fr-FR","@id":"https:\/\/hubsch-interior.com\/fr\/#\/schema\/logo\/image\/","url":"https:\/\/hubsch-interior.com\/wp-content\/uploads\/2022\/12\/Hubsch_logo_black_one_line.svg","contentUrl":"https:\/\/hubsch-interior.com\/wp-content\/uploads\/2022\/12\/Hubsch_logo_black_one_line.svg","caption":"H\u00fcbsch"},"image":{"@id":"https:\/\/hubsch-interior.com\/fr\/#\/schema\/logo\/image\/"}}]}},"_links":{"self":[{"href":"https:\/\/hubsch-interior.com\/fr\/wp-json\/wp\/v2\/product\/18489","targetHints":{"allow":["GET"]}}],"collection":[{"href":"https:\/\/hubsch-interior.com\/fr\/wp-json\/wp\/v2\/product"}],"about":[{"href":"https:\/\/hubsch-interior.com\/fr\/wp-json\/wp\/v2\/types\/product"}],"wp:featuredmedia":[{"embeddable":true,"href":"https:\/\/hubsch-interior.com\/fr\/wp-json\/wp\/v2\/media\/1101853"}],"wp:attachment":[{"href":"https:\/\/hubsch-interior.com\/fr\/wp-json\/wp\/v2\/media?parent=18489"}],"wp:term":[{"taxonomy":"product_brand","embeddable":true,"href":"https:\/\/hubsch-interior.com\/fr\/wp-json\/wp\/v2\/product_brand?post=18489"},{"taxonomy":"product_cat","embeddable":true,"href":"https:\/\/hubsch-interior.com\/fr\/wp-json\/wp\/v2\/product_cat?post=18489"},{"taxonomy":"product_tag","embeddable":true,"href":"https:\/\/hubsch-interior.com\/fr\/wp-json\/wp\/v2\/product_tag?post=18489"}],"curies":[{"name":"wp","href":"https:\/\/api.w.org\/{rel}","templated":true}]}}