{"id":391616,"date":"2021-06-04T09:57:12","date_gmt":"2021-06-04T07:57:12","guid":{"rendered":"https:\/\/hubsch-interior.com\/shop-b2c\/product\/product-6\/"},"modified":"2026-04-29T04:34:34","modified_gmt":"2026-04-29T02:34:34","slug":"aster-verre-a-eau-vert","status":"publish","type":"product","link":"https:\/\/hubsch-interior.com\/fr\/produit\/aster-verre-a-eau-vert\/","title":{"rendered":"Aster Verre \u00e0 eau Vert"},"content":{"rendered":"<p>Le verre \u00e0 eau est con\u00e7u en verre textur\u00e9 de couleur verte. La structure \u00e9l\u00e9gante et la forme du verre lui conf\u00e8re un look raffin\u00e9. La couleur verte est classique et apporte de l&#8217;\u00e9l\u00e9gance. Ce produit est fait \u00e0 la main et peut donc varier.<\/p>\n","protected":false},"excerpt":{"rendered":"<p>Le verre \u00e0 eau est con\u00e7u en verre textur\u00e9 de couleur verte. La structure \u00e9l\u00e9gante et la forme du verre lui conf\u00e8re un look raffin\u00e9. La couleur verte est classique et apporte de l&#8217;\u00e9l\u00e9gance. Ce produit est fait \u00e0 la main et peut donc varier.<\/p>\n","protected":false},"featured_media":1098198,"template":"","meta":{"_acf_changed":false,"inline_featured_image":false},"product_brand":[],"product_cat":[6971,7027,7033,4053,4095],"product_tag":[],"class_list":{"0":"post-391616","1":"product","2":"type-product","3":"status-publish","4":"has-post-thumbnail","6":"product_cat-paques","7":"product_cat-vaisselle-fr-2","8":"product_cat-verres-et-carafes-fr","9":"product_cat-accessoires-de-cuisine-fr","10":"product_cat-vaisselle-fr","11":"product_shipping_class-pk","13":"pa_color-vert-2","14":"pa_material-verre-fr","16":"first","17":"instock","18":"taxable","19":"shipping-taxable","20":"purchasable","21":"product-type-simple"},"exclude_global_add_ons":[],"addons":[],"acf":[],"yoast_head":"<!-- This site is optimized with the Yoast SEO plugin v26.4 - https:\/\/yoast.com\/wordpress\/plugins\/seo\/ -->\n<title>Aster Verre \u00e0 eau Vert - H\u00fcbsch<\/title>\n<meta name=\"description\" content=\"Le verre \u00e0 eau est con\u00e7u en verre textur\u00e9 de couleur verte. La structure \u00e9l\u00e9gante et la forme du verre lui conf\u00e8re un look raffin\u00e9. La couleur verte est\" \/>\n<meta name=\"robots\" content=\"index, follow, max-snippet:-1, max-image-preview:large, max-video-preview:-1\" \/>\n<link rel=\"canonical\" href=\"https:\/\/hubsch-interior.com\/fr\/wp-json\/wp\/v2\/product\/391616\" \/>\n<meta property=\"og:locale\" content=\"fr_FR\" \/>\n<meta property=\"og:type\" content=\"article\" \/>\n<meta property=\"og:title\" content=\"Aster Verre \u00e0 eau Vert - H\u00fcbsch\" \/>\n<meta property=\"og:description\" content=\"Le verre \u00e0 eau est con\u00e7u en verre textur\u00e9 de couleur verte. La structure \u00e9l\u00e9gante et la forme du verre lui conf\u00e8re un look raffin\u00e9. La couleur verte est\" \/>\n<meta property=\"og:url\" content=\"https:\/\/hubsch-interior.com\/fr\/produit\/aster-verre-a-eau-vert\/\" \/>\n<meta property=\"og:site_name\" content=\"H\u00fcbsch\" \/>\n<meta property=\"article:modified_time\" content=\"2026-04-29T02:34:34+00:00\" \/>\n<meta property=\"og:image\" content=\"https:\/\/hubsch-interior.com\/wp-content\/uploads\/2023\/08\/aster-drinking-glass-green-a5b4e63659740803d6eaafb152800717.jpg\" \/>\n\t<meta property=\"og:image:width\" content=\"1200\" \/>\n\t<meta property=\"og:image:height\" content=\"1200\" \/>\n\t<meta property=\"og:image:type\" content=\"image\/jpeg\" \/>\n<meta name=\"twitter:card\" content=\"summary_large_image\" \/>\n<script type=\"application\/ld+json\" class=\"yoast-schema-graph\">{\"@context\":\"https:\/\/schema.org\",\"@graph\":[{\"@type\":\"WebPage\",\"@id\":\"https:\/\/hubsch-interior.com\/fr\/produit\/aster-verre-a-eau-vert\/\",\"url\":\"https:\/\/hubsch-interior.com\/fr\/produit\/aster-verre-a-eau-vert\/\",\"name\":\"Aster Verre \u00e0 eau Vert - H\u00fcbsch\",\"isPartOf\":{\"@id\":\"https:\/\/hubsch-interior.com\/fr\/#website\"},\"primaryImageOfPage\":{\"@id\":\"https:\/\/hubsch-interior.com\/fr\/produit\/aster-verre-a-eau-vert\/#primaryimage\"},\"image\":{\"@id\":\"https:\/\/hubsch-interior.com\/fr\/produit\/aster-verre-a-eau-vert\/#primaryimage\"},\"thumbnailUrl\":\"https:\/\/hubsch-interior.com\/wp-content\/uploads\/2026\/02\/aster-drinking-glass-green-8fb8253c8631fd1d84712437e3ca7fea.jpg\",\"datePublished\":\"2021-06-04T07:57:12+00:00\",\"dateModified\":\"2026-04-29T02:34:34+00:00\",\"description\":\"Le verre \u00e0 eau est con\u00e7u en verre textur\u00e9 de couleur verte. La structure \u00e9l\u00e9gante et la forme du verre lui conf\u00e8re un look raffin\u00e9. La couleur verte est\",\"breadcrumb\":{\"@id\":\"https:\/\/hubsch-interior.com\/fr\/produit\/aster-verre-a-eau-vert\/#breadcrumb\"},\"inLanguage\":\"fr-FR\",\"potentialAction\":[{\"@type\":\"ReadAction\",\"target\":[\"https:\/\/hubsch-interior.com\/fr\/produit\/aster-verre-a-eau-vert\/\"]}]},{\"@type\":\"ImageObject\",\"inLanguage\":\"fr-FR\",\"@id\":\"https:\/\/hubsch-interior.com\/fr\/produit\/aster-verre-a-eau-vert\/#primaryimage\",\"url\":\"https:\/\/hubsch-interior.com\/wp-content\/uploads\/2026\/02\/aster-drinking-glass-green-8fb8253c8631fd1d84712437e3ca7fea.jpg\",\"contentUrl\":\"https:\/\/hubsch-interior.com\/wp-content\/uploads\/2026\/02\/aster-drinking-glass-green-8fb8253c8631fd1d84712437e3ca7fea.jpg\",\"width\":1024,\"height\":1024},{\"@type\":\"BreadcrumbList\",\"@id\":\"https:\/\/hubsch-interior.com\/fr\/produit\/aster-verre-a-eau-vert\/#breadcrumb\",\"itemListElement\":[{\"@type\":\"ListItem\",\"position\":1,\"name\":\"Page d'accueil\",\"item\":\"https:\/\/hubsch-interior.com\/fr\/\"},{\"@type\":\"ListItem\",\"position\":2,\"name\":\"Produits\",\"item\":\"https:\/\/hubsch-interior.com\/fr\/shop-2\/\"},{\"@type\":\"ListItem\",\"position\":3,\"name\":\"Cuisine\",\"item\":\"https:\/\/hubsch-interior.com\/fr\/categorie-produit\/cuisine\/\"},{\"@type\":\"ListItem\",\"position\":4,\"name\":\"Vaisselle\",\"item\":\"https:\/\/hubsch-interior.com\/fr\/categorie-produit\/cuisine\/vaisselle-fr-2\/\"},{\"@type\":\"ListItem\",\"position\":5,\"name\":\"Verres et Carafes\",\"item\":\"https:\/\/hubsch-interior.com\/fr\/categorie-produit\/cuisine\/vaisselle-fr-2\/verres-et-carafes-fr\/\"},{\"@type\":\"ListItem\",\"position\":6,\"name\":\"Aster Verre \u00e0 eau Vert\"}]},{\"@type\":\"WebSite\",\"@id\":\"https:\/\/hubsch-interior.com\/fr\/#website\",\"url\":\"https:\/\/hubsch-interior.com\/fr\/\",\"name\":\"H\u00fcbsch\",\"description\":\"Danish Home Interior and Design\",\"publisher\":{\"@id\":\"https:\/\/hubsch-interior.com\/fr\/#organization\"},\"potentialAction\":[{\"@type\":\"SearchAction\",\"target\":{\"@type\":\"EntryPoint\",\"urlTemplate\":\"https:\/\/hubsch-interior.com\/fr\/?s={search_term_string}\"},\"query-input\":{\"@type\":\"PropertyValueSpecification\",\"valueRequired\":true,\"valueName\":\"search_term_string\"}}],\"inLanguage\":\"fr-FR\"},{\"@type\":\"Organization\",\"@id\":\"https:\/\/hubsch-interior.com\/fr\/#organization\",\"name\":\"H\u00fcbsch\",\"url\":\"https:\/\/hubsch-interior.com\/fr\/\",\"logo\":{\"@type\":\"ImageObject\",\"inLanguage\":\"fr-FR\",\"@id\":\"https:\/\/hubsch-interior.com\/fr\/#\/schema\/logo\/image\/\",\"url\":\"https:\/\/hubsch-interior.com\/wp-content\/uploads\/2022\/12\/Hubsch_logo_black_one_line.svg\",\"contentUrl\":\"https:\/\/hubsch-interior.com\/wp-content\/uploads\/2022\/12\/Hubsch_logo_black_one_line.svg\",\"caption\":\"H\u00fcbsch\"},\"image\":{\"@id\":\"https:\/\/hubsch-interior.com\/fr\/#\/schema\/logo\/image\/\"}}]}<\/script>\n<!-- \/ Yoast SEO plugin. -->","yoast_head_json":{"title":"Aster Verre \u00e0 eau Vert - H\u00fcbsch","description":"Le verre \u00e0 eau est con\u00e7u en verre textur\u00e9 de couleur verte. La structure \u00e9l\u00e9gante et la forme du verre lui conf\u00e8re un look raffin\u00e9. La couleur verte est","robots":{"index":"index","follow":"follow","max-snippet":"max-snippet:-1","max-image-preview":"max-image-preview:large","max-video-preview":"max-video-preview:-1"},"canonical":"https:\/\/hubsch-interior.com\/fr\/wp-json\/wp\/v2\/product\/391616","og_locale":"fr_FR","og_type":"article","og_title":"Aster Verre \u00e0 eau Vert - H\u00fcbsch","og_description":"Le verre \u00e0 eau est con\u00e7u en verre textur\u00e9 de couleur verte. La structure \u00e9l\u00e9gante et la forme du verre lui conf\u00e8re un look raffin\u00e9. La couleur verte est","og_url":"https:\/\/hubsch-interior.com\/fr\/produit\/aster-verre-a-eau-vert\/","og_site_name":"H\u00fcbsch","article_modified_time":"2026-04-29T02:34:34+00:00","og_image":[{"width":1200,"height":1200,"url":"https:\/\/hubsch-interior.com\/wp-content\/uploads\/2023\/08\/aster-drinking-glass-green-a5b4e63659740803d6eaafb152800717.jpg","type":"image\/jpeg"}],"twitter_card":"summary_large_image","schema":{"@context":"https:\/\/schema.org","@graph":[{"@type":"WebPage","@id":"https:\/\/hubsch-interior.com\/fr\/produit\/aster-verre-a-eau-vert\/","url":"https:\/\/hubsch-interior.com\/fr\/produit\/aster-verre-a-eau-vert\/","name":"Aster Verre \u00e0 eau Vert - H\u00fcbsch","isPartOf":{"@id":"https:\/\/hubsch-interior.com\/fr\/#website"},"primaryImageOfPage":{"@id":"https:\/\/hubsch-interior.com\/fr\/produit\/aster-verre-a-eau-vert\/#primaryimage"},"image":{"@id":"https:\/\/hubsch-interior.com\/fr\/produit\/aster-verre-a-eau-vert\/#primaryimage"},"thumbnailUrl":"https:\/\/hubsch-interior.com\/wp-content\/uploads\/2026\/02\/aster-drinking-glass-green-8fb8253c8631fd1d84712437e3ca7fea.jpg","datePublished":"2021-06-04T07:57:12+00:00","dateModified":"2026-04-29T02:34:34+00:00","description":"Le verre \u00e0 eau est con\u00e7u en verre textur\u00e9 de couleur verte. La structure \u00e9l\u00e9gante et la forme du verre lui conf\u00e8re un look raffin\u00e9. La couleur verte est","breadcrumb":{"@id":"https:\/\/hubsch-interior.com\/fr\/produit\/aster-verre-a-eau-vert\/#breadcrumb"},"inLanguage":"fr-FR","potentialAction":[{"@type":"ReadAction","target":["https:\/\/hubsch-interior.com\/fr\/produit\/aster-verre-a-eau-vert\/"]}]},{"@type":"ImageObject","inLanguage":"fr-FR","@id":"https:\/\/hubsch-interior.com\/fr\/produit\/aster-verre-a-eau-vert\/#primaryimage","url":"https:\/\/hubsch-interior.com\/wp-content\/uploads\/2026\/02\/aster-drinking-glass-green-8fb8253c8631fd1d84712437e3ca7fea.jpg","contentUrl":"https:\/\/hubsch-interior.com\/wp-content\/uploads\/2026\/02\/aster-drinking-glass-green-8fb8253c8631fd1d84712437e3ca7fea.jpg","width":1024,"height":1024},{"@type":"BreadcrumbList","@id":"https:\/\/hubsch-interior.com\/fr\/produit\/aster-verre-a-eau-vert\/#breadcrumb","itemListElement":[{"@type":"ListItem","position":1,"name":"Page d'accueil","item":"https:\/\/hubsch-interior.com\/fr\/"},{"@type":"ListItem","position":2,"name":"Produits","item":"https:\/\/hubsch-interior.com\/fr\/shop-2\/"},{"@type":"ListItem","position":3,"name":"Cuisine","item":"https:\/\/hubsch-interior.com\/fr\/categorie-produit\/cuisine\/"},{"@type":"ListItem","position":4,"name":"Vaisselle","item":"https:\/\/hubsch-interior.com\/fr\/categorie-produit\/cuisine\/vaisselle-fr-2\/"},{"@type":"ListItem","position":5,"name":"Verres et Carafes","item":"https:\/\/hubsch-interior.com\/fr\/categorie-produit\/cuisine\/vaisselle-fr-2\/verres-et-carafes-fr\/"},{"@type":"ListItem","position":6,"name":"Aster Verre \u00e0 eau Vert"}]},{"@type":"WebSite","@id":"https:\/\/hubsch-interior.com\/fr\/#website","url":"https:\/\/hubsch-interior.com\/fr\/","name":"H\u00fcbsch","description":"Danish Home Interior and Design","publisher":{"@id":"https:\/\/hubsch-interior.com\/fr\/#organization"},"potentialAction":[{"@type":"SearchAction","target":{"@type":"EntryPoint","urlTemplate":"https:\/\/hubsch-interior.com\/fr\/?s={search_term_string}"},"query-input":{"@type":"PropertyValueSpecification","valueRequired":true,"valueName":"search_term_string"}}],"inLanguage":"fr-FR"},{"@type":"Organization","@id":"https:\/\/hubsch-interior.com\/fr\/#organization","name":"H\u00fcbsch","url":"https:\/\/hubsch-interior.com\/fr\/","logo":{"@type":"ImageObject","inLanguage":"fr-FR","@id":"https:\/\/hubsch-interior.com\/fr\/#\/schema\/logo\/image\/","url":"https:\/\/hubsch-interior.com\/wp-content\/uploads\/2022\/12\/Hubsch_logo_black_one_line.svg","contentUrl":"https:\/\/hubsch-interior.com\/wp-content\/uploads\/2022\/12\/Hubsch_logo_black_one_line.svg","caption":"H\u00fcbsch"},"image":{"@id":"https:\/\/hubsch-interior.com\/fr\/#\/schema\/logo\/image\/"}}]}},"_links":{"self":[{"href":"https:\/\/hubsch-interior.com\/fr\/wp-json\/wp\/v2\/product\/391616","targetHints":{"allow":["GET"]}}],"collection":[{"href":"https:\/\/hubsch-interior.com\/fr\/wp-json\/wp\/v2\/product"}],"about":[{"href":"https:\/\/hubsch-interior.com\/fr\/wp-json\/wp\/v2\/types\/product"}],"wp:featuredmedia":[{"embeddable":true,"href":"https:\/\/hubsch-interior.com\/fr\/wp-json\/wp\/v2\/media\/1098198"}],"wp:attachment":[{"href":"https:\/\/hubsch-interior.com\/fr\/wp-json\/wp\/v2\/media?parent=391616"}],"wp:term":[{"taxonomy":"product_brand","embeddable":true,"href":"https:\/\/hubsch-interior.com\/fr\/wp-json\/wp\/v2\/product_brand?post=391616"},{"taxonomy":"product_cat","embeddable":true,"href":"https:\/\/hubsch-interior.com\/fr\/wp-json\/wp\/v2\/product_cat?post=391616"},{"taxonomy":"product_tag","embeddable":true,"href":"https:\/\/hubsch-interior.com\/fr\/wp-json\/wp\/v2\/product_tag?post=391616"}],"curies":[{"name":"wp","href":"https:\/\/api.w.org\/{rel}","templated":true}]}}