{"id":976164,"date":"2024-01-29T09:13:04","date_gmt":"2024-01-29T08:13:04","guid":{"rendered":"https:\/\/hubsch-interior.com\/product\/product\/"},"modified":"2026-04-30T04:32:38","modified_gmt":"2026-04-30T02:32:38","slug":"rest-chaise-de-bureau-gris-fonce","status":"publish","type":"product","link":"https:\/\/hubsch-interior.com\/fr\/produit\/rest-chaise-de-bureau-gris-fonce\/","title":{"rendered":"Rest Chaise de bureau Gris fonc\u00e9"},"content":{"rendered":"<p>D\u00e9couvrez le compagnon ultime du confort pour votre espace de bureau \u2014 la chaise de bureau Rest. Disponible en deux variantes \u00e9l\u00e9gantes et modernes, cette beaut\u00e9 gris fonc\u00e9 rehaussera l&#8217;apparence de n&#8217;importe quel espace de travail. Le tissu d&#8217;ameublement classique pr\u00e9sente des touches de tons neutres, en faisant un ajout polyvalent \u00e0 tout d\u00e9cor. Dites adieu aux journ\u00e9es de travail inconfortables et bonjour \u00e0 la chaise de bureau Rest.<\/p>\n","protected":false},"excerpt":{"rendered":"<p>D\u00e9couvrez le compagnon ultime du confort pour votre espace de bureau \u2014 la chaise de bureau Rest. Disponible en deux variantes \u00e9l\u00e9gantes et modernes, cette beaut\u00e9 gris fonc\u00e9 rehaussera l&#8217;apparence de n&#8217;importe quel espace de travail. Le tissu d&#8217;ameublement classique pr\u00e9sente des touches de tons neutres, en faisant un ajout polyvalent \u00e0 tout d\u00e9cor. Dites [&hellip;]<\/p>\n","protected":false},"featured_media":1097734,"template":"","meta":{"_acf_changed":false,"inline_featured_image":false},"product_brand":[],"product_cat":[6882,2843,2844,5026],"product_tag":[],"class_list":{"0":"post-976164","1":"product","2":"type-product","3":"status-publish","4":"has-post-thumbnail","6":"product_cat-elevating-nostalgia-fr","7":"product_cat-assises-fr","8":"product_cat-chaises-de-salle-a-manger-fr","9":"product_cat-bestsellers-fr","10":"product_shipping_class-pk","11":"pa_color-gris-fonc-2","12":"pa_material-polyester-100-fr","13":"pa_material-acier","15":"first","16":"instock","17":"featured","18":"taxable","19":"shipping-taxable","20":"purchasable","21":"product-type-simple"},"exclude_global_add_ons":[],"addons":[],"acf":[],"yoast_head":"<!-- This site is optimized with the Yoast SEO plugin v26.4 - https:\/\/yoast.com\/wordpress\/plugins\/seo\/ -->\n<title>Rest Chaise de bureau Gris fonc\u00e9 - H\u00fcbsch<\/title>\n<meta name=\"description\" content=\"D\u00e9couvrez le compagnon ultime du confort pour votre espace de bureau \u2014 la chaise de bureau Rest. Disponible en deux variantes \u00e9l\u00e9gantes et modernes, cette\" \/>\n<meta name=\"robots\" content=\"index, follow, max-snippet:-1, max-image-preview:large, max-video-preview:-1\" \/>\n<link rel=\"canonical\" href=\"https:\/\/hubsch-interior.com\/fr\/wp-json\/wp\/v2\/product\/976164\" \/>\n<meta property=\"og:locale\" content=\"fr_FR\" \/>\n<meta property=\"og:type\" content=\"article\" \/>\n<meta property=\"og:title\" content=\"Rest Chaise de bureau Gris fonc\u00e9 - H\u00fcbsch\" \/>\n<meta property=\"og:description\" content=\"D\u00e9couvrez le compagnon ultime du confort pour votre espace de bureau \u2014 la chaise de bureau Rest. Disponible en deux variantes \u00e9l\u00e9gantes et modernes, cette\" \/>\n<meta property=\"og:url\" content=\"https:\/\/hubsch-interior.com\/fr\/produit\/rest-chaise-de-bureau-gris-fonce\/\" \/>\n<meta property=\"og:site_name\" content=\"H\u00fcbsch\" \/>\n<meta property=\"article:modified_time\" content=\"2026-04-30T02:32:38+00:00\" \/>\n<meta property=\"og:image\" content=\"https:\/\/hubsch-interior.com\/wp-content\/uploads\/2024\/01\/rest-office-chair-dark-grey-386afcf2712f6bfaead6af69d18dd9ff.jpg\" \/>\n\t<meta property=\"og:image:width\" content=\"1200\" \/>\n\t<meta property=\"og:image:height\" content=\"1200\" \/>\n\t<meta property=\"og:image:type\" content=\"image\/jpeg\" \/>\n<meta name=\"twitter:card\" content=\"summary_large_image\" \/>\n<script type=\"application\/ld+json\" class=\"yoast-schema-graph\">{\"@context\":\"https:\/\/schema.org\",\"@graph\":[{\"@type\":\"WebPage\",\"@id\":\"https:\/\/hubsch-interior.com\/fr\/produit\/rest-chaise-de-bureau-gris-fonce\/\",\"url\":\"https:\/\/hubsch-interior.com\/fr\/produit\/rest-chaise-de-bureau-gris-fonce\/\",\"name\":\"Rest Chaise de bureau Gris fonc\u00e9 - H\u00fcbsch\",\"isPartOf\":{\"@id\":\"https:\/\/hubsch-interior.com\/fr\/#website\"},\"primaryImageOfPage\":{\"@id\":\"https:\/\/hubsch-interior.com\/fr\/produit\/rest-chaise-de-bureau-gris-fonce\/#primaryimage\"},\"image\":{\"@id\":\"https:\/\/hubsch-interior.com\/fr\/produit\/rest-chaise-de-bureau-gris-fonce\/#primaryimage\"},\"thumbnailUrl\":\"https:\/\/hubsch-interior.com\/wp-content\/uploads\/2026\/02\/rest-office-chair-dark-grey-172270ee088ab574d36bc12f6cb44d7d.jpg\",\"datePublished\":\"2024-01-29T08:13:04+00:00\",\"dateModified\":\"2026-04-30T02:32:38+00:00\",\"description\":\"D\u00e9couvrez le compagnon ultime du confort pour votre espace de bureau \u2014 la chaise de bureau Rest. Disponible en deux variantes \u00e9l\u00e9gantes et modernes, cette\",\"breadcrumb\":{\"@id\":\"https:\/\/hubsch-interior.com\/fr\/produit\/rest-chaise-de-bureau-gris-fonce\/#breadcrumb\"},\"inLanguage\":\"fr-FR\",\"potentialAction\":[{\"@type\":\"ReadAction\",\"target\":[\"https:\/\/hubsch-interior.com\/fr\/produit\/rest-chaise-de-bureau-gris-fonce\/\"]}]},{\"@type\":\"ImageObject\",\"inLanguage\":\"fr-FR\",\"@id\":\"https:\/\/hubsch-interior.com\/fr\/produit\/rest-chaise-de-bureau-gris-fonce\/#primaryimage\",\"url\":\"https:\/\/hubsch-interior.com\/wp-content\/uploads\/2026\/02\/rest-office-chair-dark-grey-172270ee088ab574d36bc12f6cb44d7d.jpg\",\"contentUrl\":\"https:\/\/hubsch-interior.com\/wp-content\/uploads\/2026\/02\/rest-office-chair-dark-grey-172270ee088ab574d36bc12f6cb44d7d.jpg\",\"width\":1024,\"height\":1024},{\"@type\":\"BreadcrumbList\",\"@id\":\"https:\/\/hubsch-interior.com\/fr\/produit\/rest-chaise-de-bureau-gris-fonce\/#breadcrumb\",\"itemListElement\":[{\"@type\":\"ListItem\",\"position\":1,\"name\":\"Page d'accueil\",\"item\":\"https:\/\/hubsch-interior.com\/fr\/\"},{\"@type\":\"ListItem\",\"position\":2,\"name\":\"Produits\",\"item\":\"https:\/\/hubsch-interior.com\/fr\/shop-2\/\"},{\"@type\":\"ListItem\",\"position\":3,\"name\":\"Meubles\",\"item\":\"https:\/\/hubsch-interior.com\/fr\/categorie-produit\/meubles\/\"},{\"@type\":\"ListItem\",\"position\":4,\"name\":\"Assises\",\"item\":\"https:\/\/hubsch-interior.com\/fr\/categorie-produit\/meubles\/assises-fr\/\"},{\"@type\":\"ListItem\",\"position\":5,\"name\":\"Chaises de salle &agrave; manger\",\"item\":\"https:\/\/hubsch-interior.com\/fr\/categorie-produit\/meubles\/assises-fr\/chaises-de-salle-a-manger-fr\/\"},{\"@type\":\"ListItem\",\"position\":6,\"name\":\"Rest Chaise de bureau Gris fonc\u00e9\"}]},{\"@type\":\"WebSite\",\"@id\":\"https:\/\/hubsch-interior.com\/fr\/#website\",\"url\":\"https:\/\/hubsch-interior.com\/fr\/\",\"name\":\"H\u00fcbsch\",\"description\":\"Danish Home Interior and Design\",\"publisher\":{\"@id\":\"https:\/\/hubsch-interior.com\/fr\/#organization\"},\"potentialAction\":[{\"@type\":\"SearchAction\",\"target\":{\"@type\":\"EntryPoint\",\"urlTemplate\":\"https:\/\/hubsch-interior.com\/fr\/?s={search_term_string}\"},\"query-input\":{\"@type\":\"PropertyValueSpecification\",\"valueRequired\":true,\"valueName\":\"search_term_string\"}}],\"inLanguage\":\"fr-FR\"},{\"@type\":\"Organization\",\"@id\":\"https:\/\/hubsch-interior.com\/fr\/#organization\",\"name\":\"H\u00fcbsch\",\"url\":\"https:\/\/hubsch-interior.com\/fr\/\",\"logo\":{\"@type\":\"ImageObject\",\"inLanguage\":\"fr-FR\",\"@id\":\"https:\/\/hubsch-interior.com\/fr\/#\/schema\/logo\/image\/\",\"url\":\"https:\/\/hubsch-interior.com\/wp-content\/uploads\/2022\/12\/Hubsch_logo_black_one_line.svg\",\"contentUrl\":\"https:\/\/hubsch-interior.com\/wp-content\/uploads\/2022\/12\/Hubsch_logo_black_one_line.svg\",\"caption\":\"H\u00fcbsch\"},\"image\":{\"@id\":\"https:\/\/hubsch-interior.com\/fr\/#\/schema\/logo\/image\/\"}}]}<\/script>\n<!-- \/ Yoast SEO plugin. -->","yoast_head_json":{"title":"Rest Chaise de bureau Gris fonc\u00e9 - H\u00fcbsch","description":"D\u00e9couvrez le compagnon ultime du confort pour votre espace de bureau \u2014 la chaise de bureau Rest. Disponible en deux variantes \u00e9l\u00e9gantes et modernes, cette","robots":{"index":"index","follow":"follow","max-snippet":"max-snippet:-1","max-image-preview":"max-image-preview:large","max-video-preview":"max-video-preview:-1"},"canonical":"https:\/\/hubsch-interior.com\/fr\/wp-json\/wp\/v2\/product\/976164","og_locale":"fr_FR","og_type":"article","og_title":"Rest Chaise de bureau Gris fonc\u00e9 - H\u00fcbsch","og_description":"D\u00e9couvrez le compagnon ultime du confort pour votre espace de bureau \u2014 la chaise de bureau Rest. Disponible en deux variantes \u00e9l\u00e9gantes et modernes, cette","og_url":"https:\/\/hubsch-interior.com\/fr\/produit\/rest-chaise-de-bureau-gris-fonce\/","og_site_name":"H\u00fcbsch","article_modified_time":"2026-04-30T02:32:38+00:00","og_image":[{"width":1200,"height":1200,"url":"https:\/\/hubsch-interior.com\/wp-content\/uploads\/2024\/01\/rest-office-chair-dark-grey-386afcf2712f6bfaead6af69d18dd9ff.jpg","type":"image\/jpeg"}],"twitter_card":"summary_large_image","schema":{"@context":"https:\/\/schema.org","@graph":[{"@type":"WebPage","@id":"https:\/\/hubsch-interior.com\/fr\/produit\/rest-chaise-de-bureau-gris-fonce\/","url":"https:\/\/hubsch-interior.com\/fr\/produit\/rest-chaise-de-bureau-gris-fonce\/","name":"Rest Chaise de bureau Gris fonc\u00e9 - H\u00fcbsch","isPartOf":{"@id":"https:\/\/hubsch-interior.com\/fr\/#website"},"primaryImageOfPage":{"@id":"https:\/\/hubsch-interior.com\/fr\/produit\/rest-chaise-de-bureau-gris-fonce\/#primaryimage"},"image":{"@id":"https:\/\/hubsch-interior.com\/fr\/produit\/rest-chaise-de-bureau-gris-fonce\/#primaryimage"},"thumbnailUrl":"https:\/\/hubsch-interior.com\/wp-content\/uploads\/2026\/02\/rest-office-chair-dark-grey-172270ee088ab574d36bc12f6cb44d7d.jpg","datePublished":"2024-01-29T08:13:04+00:00","dateModified":"2026-04-30T02:32:38+00:00","description":"D\u00e9couvrez le compagnon ultime du confort pour votre espace de bureau \u2014 la chaise de bureau Rest. Disponible en deux variantes \u00e9l\u00e9gantes et modernes, cette","breadcrumb":{"@id":"https:\/\/hubsch-interior.com\/fr\/produit\/rest-chaise-de-bureau-gris-fonce\/#breadcrumb"},"inLanguage":"fr-FR","potentialAction":[{"@type":"ReadAction","target":["https:\/\/hubsch-interior.com\/fr\/produit\/rest-chaise-de-bureau-gris-fonce\/"]}]},{"@type":"ImageObject","inLanguage":"fr-FR","@id":"https:\/\/hubsch-interior.com\/fr\/produit\/rest-chaise-de-bureau-gris-fonce\/#primaryimage","url":"https:\/\/hubsch-interior.com\/wp-content\/uploads\/2026\/02\/rest-office-chair-dark-grey-172270ee088ab574d36bc12f6cb44d7d.jpg","contentUrl":"https:\/\/hubsch-interior.com\/wp-content\/uploads\/2026\/02\/rest-office-chair-dark-grey-172270ee088ab574d36bc12f6cb44d7d.jpg","width":1024,"height":1024},{"@type":"BreadcrumbList","@id":"https:\/\/hubsch-interior.com\/fr\/produit\/rest-chaise-de-bureau-gris-fonce\/#breadcrumb","itemListElement":[{"@type":"ListItem","position":1,"name":"Page d'accueil","item":"https:\/\/hubsch-interior.com\/fr\/"},{"@type":"ListItem","position":2,"name":"Produits","item":"https:\/\/hubsch-interior.com\/fr\/shop-2\/"},{"@type":"ListItem","position":3,"name":"Meubles","item":"https:\/\/hubsch-interior.com\/fr\/categorie-produit\/meubles\/"},{"@type":"ListItem","position":4,"name":"Assises","item":"https:\/\/hubsch-interior.com\/fr\/categorie-produit\/meubles\/assises-fr\/"},{"@type":"ListItem","position":5,"name":"Chaises de salle &agrave; manger","item":"https:\/\/hubsch-interior.com\/fr\/categorie-produit\/meubles\/assises-fr\/chaises-de-salle-a-manger-fr\/"},{"@type":"ListItem","position":6,"name":"Rest Chaise de bureau Gris fonc\u00e9"}]},{"@type":"WebSite","@id":"https:\/\/hubsch-interior.com\/fr\/#website","url":"https:\/\/hubsch-interior.com\/fr\/","name":"H\u00fcbsch","description":"Danish Home Interior and Design","publisher":{"@id":"https:\/\/hubsch-interior.com\/fr\/#organization"},"potentialAction":[{"@type":"SearchAction","target":{"@type":"EntryPoint","urlTemplate":"https:\/\/hubsch-interior.com\/fr\/?s={search_term_string}"},"query-input":{"@type":"PropertyValueSpecification","valueRequired":true,"valueName":"search_term_string"}}],"inLanguage":"fr-FR"},{"@type":"Organization","@id":"https:\/\/hubsch-interior.com\/fr\/#organization","name":"H\u00fcbsch","url":"https:\/\/hubsch-interior.com\/fr\/","logo":{"@type":"ImageObject","inLanguage":"fr-FR","@id":"https:\/\/hubsch-interior.com\/fr\/#\/schema\/logo\/image\/","url":"https:\/\/hubsch-interior.com\/wp-content\/uploads\/2022\/12\/Hubsch_logo_black_one_line.svg","contentUrl":"https:\/\/hubsch-interior.com\/wp-content\/uploads\/2022\/12\/Hubsch_logo_black_one_line.svg","caption":"H\u00fcbsch"},"image":{"@id":"https:\/\/hubsch-interior.com\/fr\/#\/schema\/logo\/image\/"}}]}},"_links":{"self":[{"href":"https:\/\/hubsch-interior.com\/fr\/wp-json\/wp\/v2\/product\/976164","targetHints":{"allow":["GET"]}}],"collection":[{"href":"https:\/\/hubsch-interior.com\/fr\/wp-json\/wp\/v2\/product"}],"about":[{"href":"https:\/\/hubsch-interior.com\/fr\/wp-json\/wp\/v2\/types\/product"}],"wp:featuredmedia":[{"embeddable":true,"href":"https:\/\/hubsch-interior.com\/fr\/wp-json\/wp\/v2\/media\/1097734"}],"wp:attachment":[{"href":"https:\/\/hubsch-interior.com\/fr\/wp-json\/wp\/v2\/media?parent=976164"}],"wp:term":[{"taxonomy":"product_brand","embeddable":true,"href":"https:\/\/hubsch-interior.com\/fr\/wp-json\/wp\/v2\/product_brand?post=976164"},{"taxonomy":"product_cat","embeddable":true,"href":"https:\/\/hubsch-interior.com\/fr\/wp-json\/wp\/v2\/product_cat?post=976164"},{"taxonomy":"product_tag","embeddable":true,"href":"https:\/\/hubsch-interior.com\/fr\/wp-json\/wp\/v2\/product_tag?post=976164"}],"curies":[{"name":"wp","href":"https:\/\/api.w.org\/{rel}","templated":true}]}}