{"id":976504,"date":"2024-01-29T09:18:31","date_gmt":"2024-01-29T08:18:31","guid":{"rendered":"https:\/\/hubsch-interior.com\/product\/product\/"},"modified":"2026-04-29T04:42:39","modified_gmt":"2026-04-29T02:42:39","slug":"mochi-pouf-sable-multicolore","status":"publish","type":"product","link":"https:\/\/hubsch-interior.com\/fr\/produit\/mochi-pouf-sable-multicolore\/","title":{"rendered":"Mochi Pouf Sable\/\u00a0Multicolor\u00e9"},"content":{"rendered":"<p>Nous vous pr\u00e9sentons notre tout dernier ajout \u00e0 la s\u00e9rie Mochi \u2014 le Mochi Pouf en sable\/multicolore ! Fabriqu\u00e9 en coton doux et durable, ce pouf ajoute une touche de couleur \u00e0 n&#8217;importe quelle pi\u00e8ce. Le tissu tiss\u00e9 a \u00e9t\u00e9 soigneusement con\u00e7u pour cr\u00e9er un motif visuellement intrigant, avec une combinaison de cinq couleurs vibrantes. Non seulement il est un grand et confortable ajout \u00e0 votre maison, mais il sert \u00e9galement de si\u00e8ge suppl\u00e9mentaire ou de repose-pieds confortable. Apportez une touche de douceur \u00e0 votre espace de vie avec le Mochi Pouf.<\/p>\n","protected":false},"excerpt":{"rendered":"<p>Nous vous pr\u00e9sentons notre tout dernier ajout \u00e0 la s\u00e9rie Mochi \u2014 le Mochi Pouf en sable\/multicolore ! Fabriqu\u00e9 en coton doux et durable, ce pouf ajoute une touche de couleur \u00e0 n&#8217;importe quelle pi\u00e8ce. Le tissu tiss\u00e9 a \u00e9t\u00e9 soigneusement con\u00e7u pour cr\u00e9er un motif visuellement intrigant, avec une combinaison de cinq couleurs vibrantes. [&hellip;]<\/p>\n","protected":false},"featured_media":1100268,"template":"","meta":{"_acf_changed":false,"inline_featured_image":false},"product_brand":[],"product_cat":[6882,2843,5457,5026],"product_tag":[],"class_list":{"0":"post-976504","1":"product","2":"type-product","3":"status-publish","4":"has-post-thumbnail","6":"product_cat-elevating-nostalgia-fr","7":"product_cat-assises-fr","8":"product_cat-poufs-fr","9":"product_cat-bestsellers-fr","10":"product_shipping_class-p05","12":"pa_color-sable","13":"pa_color-multicolor-2","14":"pa_material-cotton-100-fr","16":"first","17":"instock","18":"featured","19":"taxable","20":"shipping-taxable","21":"purchasable","22":"product-type-simple"},"exclude_global_add_ons":[],"addons":[],"acf":[],"yoast_head":"<!-- This site is optimized with the Yoast SEO plugin v26.4 - https:\/\/yoast.com\/wordpress\/plugins\/seo\/ -->\n<title>Mochi Pouf Sable\/\u00a0Multicolor\u00e9 - H\u00fcbsch<\/title>\n<meta name=\"description\" content=\"Nous vous pr\u00e9sentons notre tout dernier ajout \u00e0 la s\u00e9rie Mochi \u2014 le Mochi Pouf en sable\/multicolore ! Fabriqu\u00e9 en coton doux et durable, ce pouf ajoute\" \/>\n<meta name=\"robots\" content=\"index, follow, max-snippet:-1, max-image-preview:large, max-video-preview:-1\" \/>\n<link rel=\"canonical\" href=\"https:\/\/hubsch-interior.com\/fr\/wp-json\/wp\/v2\/product\/976504\" \/>\n<meta property=\"og:locale\" content=\"fr_FR\" \/>\n<meta property=\"og:type\" content=\"article\" \/>\n<meta property=\"og:title\" content=\"Mochi Pouf Sable\/\u00a0Multicolor\u00e9 - H\u00fcbsch\" \/>\n<meta property=\"og:description\" content=\"Nous vous pr\u00e9sentons notre tout dernier ajout \u00e0 la s\u00e9rie Mochi \u2014 le Mochi Pouf en sable\/multicolore ! Fabriqu\u00e9 en coton doux et durable, ce pouf ajoute\" \/>\n<meta property=\"og:url\" content=\"https:\/\/hubsch-interior.com\/fr\/produit\/mochi-pouf-sable-multicolore\/\" \/>\n<meta property=\"og:site_name\" content=\"H\u00fcbsch\" \/>\n<meta property=\"article:modified_time\" content=\"2026-04-29T02:42:39+00:00\" \/>\n<meta property=\"og:image\" content=\"https:\/\/hubsch-interior.com\/wp-content\/uploads\/2024\/01\/mochi-pouffe-sandmulticolour-7b9ea413891774ef29f05d0a026c644d.jpg\" \/>\n\t<meta property=\"og:image:width\" content=\"1200\" \/>\n\t<meta property=\"og:image:height\" content=\"1200\" \/>\n\t<meta property=\"og:image:type\" content=\"image\/jpeg\" \/>\n<meta name=\"twitter:card\" content=\"summary_large_image\" \/>\n<script type=\"application\/ld+json\" class=\"yoast-schema-graph\">{\"@context\":\"https:\/\/schema.org\",\"@graph\":[{\"@type\":\"WebPage\",\"@id\":\"https:\/\/hubsch-interior.com\/fr\/produit\/mochi-pouf-sable-multicolore\/\",\"url\":\"https:\/\/hubsch-interior.com\/fr\/produit\/mochi-pouf-sable-multicolore\/\",\"name\":\"Mochi Pouf Sable\/\u00a0Multicolor\u00e9 - H\u00fcbsch\",\"isPartOf\":{\"@id\":\"https:\/\/hubsch-interior.com\/fr\/#website\"},\"primaryImageOfPage\":{\"@id\":\"https:\/\/hubsch-interior.com\/fr\/produit\/mochi-pouf-sable-multicolore\/#primaryimage\"},\"image\":{\"@id\":\"https:\/\/hubsch-interior.com\/fr\/produit\/mochi-pouf-sable-multicolore\/#primaryimage\"},\"thumbnailUrl\":\"https:\/\/hubsch-interior.com\/wp-content\/uploads\/2026\/02\/mochi-pouffe-sandmulticolour-bfe4e493c62de4b9b15d5c2dbf7218b3.jpg\",\"datePublished\":\"2024-01-29T08:18:31+00:00\",\"dateModified\":\"2026-04-29T02:42:39+00:00\",\"description\":\"Nous vous pr\u00e9sentons notre tout dernier ajout \u00e0 la s\u00e9rie Mochi \u2014 le Mochi Pouf en sable\/multicolore ! Fabriqu\u00e9 en coton doux et durable, ce pouf ajoute\",\"breadcrumb\":{\"@id\":\"https:\/\/hubsch-interior.com\/fr\/produit\/mochi-pouf-sable-multicolore\/#breadcrumb\"},\"inLanguage\":\"fr-FR\",\"potentialAction\":[{\"@type\":\"ReadAction\",\"target\":[\"https:\/\/hubsch-interior.com\/fr\/produit\/mochi-pouf-sable-multicolore\/\"]}]},{\"@type\":\"ImageObject\",\"inLanguage\":\"fr-FR\",\"@id\":\"https:\/\/hubsch-interior.com\/fr\/produit\/mochi-pouf-sable-multicolore\/#primaryimage\",\"url\":\"https:\/\/hubsch-interior.com\/wp-content\/uploads\/2026\/02\/mochi-pouffe-sandmulticolour-bfe4e493c62de4b9b15d5c2dbf7218b3.jpg\",\"contentUrl\":\"https:\/\/hubsch-interior.com\/wp-content\/uploads\/2026\/02\/mochi-pouffe-sandmulticolour-bfe4e493c62de4b9b15d5c2dbf7218b3.jpg\",\"width\":1024,\"height\":1024},{\"@type\":\"BreadcrumbList\",\"@id\":\"https:\/\/hubsch-interior.com\/fr\/produit\/mochi-pouf-sable-multicolore\/#breadcrumb\",\"itemListElement\":[{\"@type\":\"ListItem\",\"position\":1,\"name\":\"Page d'accueil\",\"item\":\"https:\/\/hubsch-interior.com\/fr\/\"},{\"@type\":\"ListItem\",\"position\":2,\"name\":\"Produits\",\"item\":\"https:\/\/hubsch-interior.com\/fr\/shop-2\/\"},{\"@type\":\"ListItem\",\"position\":3,\"name\":\"Meubles\",\"item\":\"https:\/\/hubsch-interior.com\/fr\/categorie-produit\/meubles\/\"},{\"@type\":\"ListItem\",\"position\":4,\"name\":\"Assises\",\"item\":\"https:\/\/hubsch-interior.com\/fr\/categorie-produit\/meubles\/assises-fr\/\"},{\"@type\":\"ListItem\",\"position\":5,\"name\":\"Poufs\",\"item\":\"https:\/\/hubsch-interior.com\/fr\/categorie-produit\/meubles\/assises-fr\/poufs-fr\/\"},{\"@type\":\"ListItem\",\"position\":6,\"name\":\"Mochi Pouf Sable\/\u00a0Multicolor\u00e9\"}]},{\"@type\":\"WebSite\",\"@id\":\"https:\/\/hubsch-interior.com\/fr\/#website\",\"url\":\"https:\/\/hubsch-interior.com\/fr\/\",\"name\":\"H\u00fcbsch\",\"description\":\"Danish Home Interior and Design\",\"publisher\":{\"@id\":\"https:\/\/hubsch-interior.com\/fr\/#organization\"},\"potentialAction\":[{\"@type\":\"SearchAction\",\"target\":{\"@type\":\"EntryPoint\",\"urlTemplate\":\"https:\/\/hubsch-interior.com\/fr\/?s={search_term_string}\"},\"query-input\":{\"@type\":\"PropertyValueSpecification\",\"valueRequired\":true,\"valueName\":\"search_term_string\"}}],\"inLanguage\":\"fr-FR\"},{\"@type\":\"Organization\",\"@id\":\"https:\/\/hubsch-interior.com\/fr\/#organization\",\"name\":\"H\u00fcbsch\",\"url\":\"https:\/\/hubsch-interior.com\/fr\/\",\"logo\":{\"@type\":\"ImageObject\",\"inLanguage\":\"fr-FR\",\"@id\":\"https:\/\/hubsch-interior.com\/fr\/#\/schema\/logo\/image\/\",\"url\":\"https:\/\/hubsch-interior.com\/wp-content\/uploads\/2022\/12\/Hubsch_logo_black_one_line.svg\",\"contentUrl\":\"https:\/\/hubsch-interior.com\/wp-content\/uploads\/2022\/12\/Hubsch_logo_black_one_line.svg\",\"caption\":\"H\u00fcbsch\"},\"image\":{\"@id\":\"https:\/\/hubsch-interior.com\/fr\/#\/schema\/logo\/image\/\"}}]}<\/script>\n<!-- \/ Yoast SEO plugin. -->","yoast_head_json":{"title":"Mochi Pouf Sable\/\u00a0Multicolor\u00e9 - H\u00fcbsch","description":"Nous vous pr\u00e9sentons notre tout dernier ajout \u00e0 la s\u00e9rie Mochi \u2014 le Mochi Pouf en sable\/multicolore ! Fabriqu\u00e9 en coton doux et durable, ce pouf ajoute","robots":{"index":"index","follow":"follow","max-snippet":"max-snippet:-1","max-image-preview":"max-image-preview:large","max-video-preview":"max-video-preview:-1"},"canonical":"https:\/\/hubsch-interior.com\/fr\/wp-json\/wp\/v2\/product\/976504","og_locale":"fr_FR","og_type":"article","og_title":"Mochi Pouf Sable\/\u00a0Multicolor\u00e9 - H\u00fcbsch","og_description":"Nous vous pr\u00e9sentons notre tout dernier ajout \u00e0 la s\u00e9rie Mochi \u2014 le Mochi Pouf en sable\/multicolore ! Fabriqu\u00e9 en coton doux et durable, ce pouf ajoute","og_url":"https:\/\/hubsch-interior.com\/fr\/produit\/mochi-pouf-sable-multicolore\/","og_site_name":"H\u00fcbsch","article_modified_time":"2026-04-29T02:42:39+00:00","og_image":[{"width":1200,"height":1200,"url":"https:\/\/hubsch-interior.com\/wp-content\/uploads\/2024\/01\/mochi-pouffe-sandmulticolour-7b9ea413891774ef29f05d0a026c644d.jpg","type":"image\/jpeg"}],"twitter_card":"summary_large_image","schema":{"@context":"https:\/\/schema.org","@graph":[{"@type":"WebPage","@id":"https:\/\/hubsch-interior.com\/fr\/produit\/mochi-pouf-sable-multicolore\/","url":"https:\/\/hubsch-interior.com\/fr\/produit\/mochi-pouf-sable-multicolore\/","name":"Mochi Pouf Sable\/\u00a0Multicolor\u00e9 - H\u00fcbsch","isPartOf":{"@id":"https:\/\/hubsch-interior.com\/fr\/#website"},"primaryImageOfPage":{"@id":"https:\/\/hubsch-interior.com\/fr\/produit\/mochi-pouf-sable-multicolore\/#primaryimage"},"image":{"@id":"https:\/\/hubsch-interior.com\/fr\/produit\/mochi-pouf-sable-multicolore\/#primaryimage"},"thumbnailUrl":"https:\/\/hubsch-interior.com\/wp-content\/uploads\/2026\/02\/mochi-pouffe-sandmulticolour-bfe4e493c62de4b9b15d5c2dbf7218b3.jpg","datePublished":"2024-01-29T08:18:31+00:00","dateModified":"2026-04-29T02:42:39+00:00","description":"Nous vous pr\u00e9sentons notre tout dernier ajout \u00e0 la s\u00e9rie Mochi \u2014 le Mochi Pouf en sable\/multicolore ! Fabriqu\u00e9 en coton doux et durable, ce pouf ajoute","breadcrumb":{"@id":"https:\/\/hubsch-interior.com\/fr\/produit\/mochi-pouf-sable-multicolore\/#breadcrumb"},"inLanguage":"fr-FR","potentialAction":[{"@type":"ReadAction","target":["https:\/\/hubsch-interior.com\/fr\/produit\/mochi-pouf-sable-multicolore\/"]}]},{"@type":"ImageObject","inLanguage":"fr-FR","@id":"https:\/\/hubsch-interior.com\/fr\/produit\/mochi-pouf-sable-multicolore\/#primaryimage","url":"https:\/\/hubsch-interior.com\/wp-content\/uploads\/2026\/02\/mochi-pouffe-sandmulticolour-bfe4e493c62de4b9b15d5c2dbf7218b3.jpg","contentUrl":"https:\/\/hubsch-interior.com\/wp-content\/uploads\/2026\/02\/mochi-pouffe-sandmulticolour-bfe4e493c62de4b9b15d5c2dbf7218b3.jpg","width":1024,"height":1024},{"@type":"BreadcrumbList","@id":"https:\/\/hubsch-interior.com\/fr\/produit\/mochi-pouf-sable-multicolore\/#breadcrumb","itemListElement":[{"@type":"ListItem","position":1,"name":"Page d'accueil","item":"https:\/\/hubsch-interior.com\/fr\/"},{"@type":"ListItem","position":2,"name":"Produits","item":"https:\/\/hubsch-interior.com\/fr\/shop-2\/"},{"@type":"ListItem","position":3,"name":"Meubles","item":"https:\/\/hubsch-interior.com\/fr\/categorie-produit\/meubles\/"},{"@type":"ListItem","position":4,"name":"Assises","item":"https:\/\/hubsch-interior.com\/fr\/categorie-produit\/meubles\/assises-fr\/"},{"@type":"ListItem","position":5,"name":"Poufs","item":"https:\/\/hubsch-interior.com\/fr\/categorie-produit\/meubles\/assises-fr\/poufs-fr\/"},{"@type":"ListItem","position":6,"name":"Mochi Pouf Sable\/\u00a0Multicolor\u00e9"}]},{"@type":"WebSite","@id":"https:\/\/hubsch-interior.com\/fr\/#website","url":"https:\/\/hubsch-interior.com\/fr\/","name":"H\u00fcbsch","description":"Danish Home Interior and Design","publisher":{"@id":"https:\/\/hubsch-interior.com\/fr\/#organization"},"potentialAction":[{"@type":"SearchAction","target":{"@type":"EntryPoint","urlTemplate":"https:\/\/hubsch-interior.com\/fr\/?s={search_term_string}"},"query-input":{"@type":"PropertyValueSpecification","valueRequired":true,"valueName":"search_term_string"}}],"inLanguage":"fr-FR"},{"@type":"Organization","@id":"https:\/\/hubsch-interior.com\/fr\/#organization","name":"H\u00fcbsch","url":"https:\/\/hubsch-interior.com\/fr\/","logo":{"@type":"ImageObject","inLanguage":"fr-FR","@id":"https:\/\/hubsch-interior.com\/fr\/#\/schema\/logo\/image\/","url":"https:\/\/hubsch-interior.com\/wp-content\/uploads\/2022\/12\/Hubsch_logo_black_one_line.svg","contentUrl":"https:\/\/hubsch-interior.com\/wp-content\/uploads\/2022\/12\/Hubsch_logo_black_one_line.svg","caption":"H\u00fcbsch"},"image":{"@id":"https:\/\/hubsch-interior.com\/fr\/#\/schema\/logo\/image\/"}}]}},"_links":{"self":[{"href":"https:\/\/hubsch-interior.com\/fr\/wp-json\/wp\/v2\/product\/976504","targetHints":{"allow":["GET"]}}],"collection":[{"href":"https:\/\/hubsch-interior.com\/fr\/wp-json\/wp\/v2\/product"}],"about":[{"href":"https:\/\/hubsch-interior.com\/fr\/wp-json\/wp\/v2\/types\/product"}],"wp:featuredmedia":[{"embeddable":true,"href":"https:\/\/hubsch-interior.com\/fr\/wp-json\/wp\/v2\/media\/1100268"}],"wp:attachment":[{"href":"https:\/\/hubsch-interior.com\/fr\/wp-json\/wp\/v2\/media?parent=976504"}],"wp:term":[{"taxonomy":"product_brand","embeddable":true,"href":"https:\/\/hubsch-interior.com\/fr\/wp-json\/wp\/v2\/product_brand?post=976504"},{"taxonomy":"product_cat","embeddable":true,"href":"https:\/\/hubsch-interior.com\/fr\/wp-json\/wp\/v2\/product_cat?post=976504"},{"taxonomy":"product_tag","embeddable":true,"href":"https:\/\/hubsch-interior.com\/fr\/wp-json\/wp\/v2\/product_tag?post=976504"}],"curies":[{"name":"wp","href":"https:\/\/api.w.org\/{rel}","templated":true}]}}