{"id":976916,"date":"2024-01-29T09:23:08","date_gmt":"2024-01-29T08:23:08","guid":{"rendered":"https:\/\/hubsch-interior.com\/product\/product\/"},"modified":"2026-04-29T04:53:31","modified_gmt":"2026-04-29T02:53:31","slug":"forma-tablette-small-naturel","status":"publish","type":"product","link":"https:\/\/hubsch-interior.com\/fr\/produit\/forma-tablette-small-naturel\/","title":{"rendered":"Forma Tablette Small Naturel"},"content":{"rendered":"<p>D\u00e9couvrez la Forma Tablette, l&#8217;alliance parfaite entre fonctionnalit\u00e9 et style. Disponible en deux variantes \u00e9poustouflantes, cette tablette de couleur naturelle est un indispensable pour toute maison moderne. Fabriqu\u00e9e \u00e0 partir de bois certifi\u00e9 FSC et de placage de ch\u00eane, elle ajoute non seulement une touche d&#8217;\u00e9l\u00e9gance \u00e0 votre espace, mais elle promeut \u00e9galement la durabilit\u00e9. Sa forme graphique avec une construction simple et sa fixation \u00e0 cl\u00e9 sur l&#8217;arri\u00e8re en font un objet \u00e9l\u00e9gant et intemporel. Utilisez-la pour ranger ou mettre en valeur vos objets pr\u00e9f\u00e9r\u00e9s, car elle s&#8217;adapte \u00e0 toutes les pi\u00e8ces. Rehaussez votre d\u00e9coration int\u00e9rieure avec la Forma Tablette.<\/p>\n","protected":false},"excerpt":{"rendered":"<p>D\u00e9couvrez la Forma Tablette, l&#8217;alliance parfaite entre fonctionnalit\u00e9 et style. Disponible en deux variantes \u00e9poustouflantes, cette tablette de couleur naturelle est un indispensable pour toute maison moderne. Fabriqu\u00e9e \u00e0 partir de bois certifi\u00e9 FSC et de placage de ch\u00eane, elle ajoute non seulement une touche d&#8217;\u00e9l\u00e9gance \u00e0 votre espace, mais elle promeut \u00e9galement la durabilit\u00e9. [&hellip;]<\/p>\n","protected":false},"featured_media":1103460,"template":"","meta":{"_acf_changed":false,"inline_featured_image":false},"product_brand":[],"product_cat":[7071,6882,7072,6896,6322,2859,4802,4001,4023,5026],"product_tag":[],"class_list":{"0":"post-976916","1":"product","2":"type-product","3":"status-publish","4":"has-post-thumbnail","6":"product_cat-crochets-et-etageres-fr","7":"product_cat-elevating-nostalgia-fr","8":"product_cat-cuisine-crochets-fr","9":"product_cat-forma-series-fr","10":"product_cat-fsc-fr","11":"product_cat-tables-fr","12":"product_cat-tables-de-chevet-fr","13":"product_cat-etageres-et-meubles-de-rangement-fr","14":"product_cat-etageres-murales-fr","15":"product_cat-bestsellers-fr","16":"product_shipping_class-pk","18":"pa_color-naturel-2","19":"pa_material-mdf-fr","20":"pa_material-placage-de-chne-2","22":"first","23":"instock","24":"featured","25":"taxable","26":"shipping-taxable","27":"purchasable","28":"product-type-simple"},"exclude_global_add_ons":[],"addons":[],"acf":[],"yoast_head":"<!-- This site is optimized with the Yoast SEO plugin v26.4 - https:\/\/yoast.com\/wordpress\/plugins\/seo\/ -->\n<title>Forma Tablette Small Naturel - H\u00fcbsch<\/title>\n<meta name=\"description\" content=\"D\u00e9couvrez la Forma Tablette, l&#039;alliance parfaite entre fonctionnalit\u00e9 et style. Disponible en deux variantes \u00e9poustouflantes, cette tablette de couleur\" \/>\n<meta name=\"robots\" content=\"index, follow, max-snippet:-1, max-image-preview:large, max-video-preview:-1\" \/>\n<link rel=\"canonical\" href=\"https:\/\/hubsch-interior.com\/fr\/wp-json\/wp\/v2\/product\/976916\" \/>\n<meta property=\"og:locale\" content=\"fr_FR\" \/>\n<meta property=\"og:type\" content=\"article\" \/>\n<meta property=\"og:title\" content=\"Forma Tablette Small Naturel - H\u00fcbsch\" \/>\n<meta property=\"og:description\" content=\"D\u00e9couvrez la Forma Tablette, l&#039;alliance parfaite entre fonctionnalit\u00e9 et style. Disponible en deux variantes \u00e9poustouflantes, cette tablette de couleur\" \/>\n<meta property=\"og:url\" content=\"https:\/\/hubsch-interior.com\/fr\/produit\/forma-tablette-small-naturel\/\" \/>\n<meta property=\"og:site_name\" content=\"H\u00fcbsch\" \/>\n<meta property=\"article:modified_time\" content=\"2026-04-29T02:53:31+00:00\" \/>\n<meta property=\"og:image\" content=\"https:\/\/hubsch-interior.com\/wp-content\/uploads\/2024\/03\/forma-shelf-small-natural-4d6774f529f06109968a3f61e0d9aa25.jpg\" \/>\n\t<meta property=\"og:image:width\" content=\"1200\" \/>\n\t<meta property=\"og:image:height\" content=\"1200\" \/>\n\t<meta property=\"og:image:type\" content=\"image\/jpeg\" \/>\n<meta name=\"twitter:card\" content=\"summary_large_image\" \/>\n<meta name=\"twitter:label1\" content=\"Dur\u00e9e de lecture estim\u00e9e\" \/>\n\t<meta name=\"twitter:data1\" content=\"1 minute\" \/>\n<script type=\"application\/ld+json\" class=\"yoast-schema-graph\">{\"@context\":\"https:\/\/schema.org\",\"@graph\":[{\"@type\":\"WebPage\",\"@id\":\"https:\/\/hubsch-interior.com\/fr\/produit\/forma-tablette-small-naturel\/\",\"url\":\"https:\/\/hubsch-interior.com\/fr\/produit\/forma-tablette-small-naturel\/\",\"name\":\"Forma Tablette Small Naturel - H\u00fcbsch\",\"isPartOf\":{\"@id\":\"https:\/\/hubsch-interior.com\/fr\/#website\"},\"primaryImageOfPage\":{\"@id\":\"https:\/\/hubsch-interior.com\/fr\/produit\/forma-tablette-small-naturel\/#primaryimage\"},\"image\":{\"@id\":\"https:\/\/hubsch-interior.com\/fr\/produit\/forma-tablette-small-naturel\/#primaryimage\"},\"thumbnailUrl\":\"https:\/\/hubsch-interior.com\/wp-content\/uploads\/2026\/02\/forma-shelf-small-natural-9afd8f0a1df2aec461ec8faa9b1c0d87.jpg\",\"datePublished\":\"2024-01-29T08:23:08+00:00\",\"dateModified\":\"2026-04-29T02:53:31+00:00\",\"description\":\"D\u00e9couvrez la Forma Tablette, l'alliance parfaite entre fonctionnalit\u00e9 et style. Disponible en deux variantes \u00e9poustouflantes, cette tablette de couleur\",\"breadcrumb\":{\"@id\":\"https:\/\/hubsch-interior.com\/fr\/produit\/forma-tablette-small-naturel\/#breadcrumb\"},\"inLanguage\":\"fr-FR\",\"potentialAction\":[{\"@type\":\"ReadAction\",\"target\":[\"https:\/\/hubsch-interior.com\/fr\/produit\/forma-tablette-small-naturel\/\"]}]},{\"@type\":\"ImageObject\",\"inLanguage\":\"fr-FR\",\"@id\":\"https:\/\/hubsch-interior.com\/fr\/produit\/forma-tablette-small-naturel\/#primaryimage\",\"url\":\"https:\/\/hubsch-interior.com\/wp-content\/uploads\/2026\/02\/forma-shelf-small-natural-9afd8f0a1df2aec461ec8faa9b1c0d87.jpg\",\"contentUrl\":\"https:\/\/hubsch-interior.com\/wp-content\/uploads\/2026\/02\/forma-shelf-small-natural-9afd8f0a1df2aec461ec8faa9b1c0d87.jpg\",\"width\":1024,\"height\":1024},{\"@type\":\"BreadcrumbList\",\"@id\":\"https:\/\/hubsch-interior.com\/fr\/produit\/forma-tablette-small-naturel\/#breadcrumb\",\"itemListElement\":[{\"@type\":\"ListItem\",\"position\":1,\"name\":\"Page d'accueil\",\"item\":\"https:\/\/hubsch-interior.com\/fr\/\"},{\"@type\":\"ListItem\",\"position\":2,\"name\":\"Produits\",\"item\":\"https:\/\/hubsch-interior.com\/fr\/shop-2\/\"},{\"@type\":\"ListItem\",\"position\":3,\"name\":\"Meubles\",\"item\":\"https:\/\/hubsch-interior.com\/fr\/categorie-produit\/meubles\/\"},{\"@type\":\"ListItem\",\"position\":4,\"name\":\"Tables\",\"item\":\"https:\/\/hubsch-interior.com\/fr\/categorie-produit\/meubles\/tables-fr\/\"},{\"@type\":\"ListItem\",\"position\":5,\"name\":\"Tables de chevet\",\"item\":\"https:\/\/hubsch-interior.com\/fr\/categorie-produit\/meubles\/tables-fr\/tables-de-chevet-fr\/\"},{\"@type\":\"ListItem\",\"position\":6,\"name\":\"Forma Tablette Small Naturel\"}]},{\"@type\":\"WebSite\",\"@id\":\"https:\/\/hubsch-interior.com\/fr\/#website\",\"url\":\"https:\/\/hubsch-interior.com\/fr\/\",\"name\":\"H\u00fcbsch\",\"description\":\"Danish Home Interior and Design\",\"publisher\":{\"@id\":\"https:\/\/hubsch-interior.com\/fr\/#organization\"},\"potentialAction\":[{\"@type\":\"SearchAction\",\"target\":{\"@type\":\"EntryPoint\",\"urlTemplate\":\"https:\/\/hubsch-interior.com\/fr\/?s={search_term_string}\"},\"query-input\":{\"@type\":\"PropertyValueSpecification\",\"valueRequired\":true,\"valueName\":\"search_term_string\"}}],\"inLanguage\":\"fr-FR\"},{\"@type\":\"Organization\",\"@id\":\"https:\/\/hubsch-interior.com\/fr\/#organization\",\"name\":\"H\u00fcbsch\",\"url\":\"https:\/\/hubsch-interior.com\/fr\/\",\"logo\":{\"@type\":\"ImageObject\",\"inLanguage\":\"fr-FR\",\"@id\":\"https:\/\/hubsch-interior.com\/fr\/#\/schema\/logo\/image\/\",\"url\":\"https:\/\/hubsch-interior.com\/wp-content\/uploads\/2022\/12\/Hubsch_logo_black_one_line.svg\",\"contentUrl\":\"https:\/\/hubsch-interior.com\/wp-content\/uploads\/2022\/12\/Hubsch_logo_black_one_line.svg\",\"caption\":\"H\u00fcbsch\"},\"image\":{\"@id\":\"https:\/\/hubsch-interior.com\/fr\/#\/schema\/logo\/image\/\"}}]}<\/script>\n<!-- \/ Yoast SEO plugin. -->","yoast_head_json":{"title":"Forma Tablette Small Naturel - H\u00fcbsch","description":"D\u00e9couvrez la Forma Tablette, l'alliance parfaite entre fonctionnalit\u00e9 et style. Disponible en deux variantes \u00e9poustouflantes, cette tablette de couleur","robots":{"index":"index","follow":"follow","max-snippet":"max-snippet:-1","max-image-preview":"max-image-preview:large","max-video-preview":"max-video-preview:-1"},"canonical":"https:\/\/hubsch-interior.com\/fr\/wp-json\/wp\/v2\/product\/976916","og_locale":"fr_FR","og_type":"article","og_title":"Forma Tablette Small Naturel - H\u00fcbsch","og_description":"D\u00e9couvrez la Forma Tablette, l'alliance parfaite entre fonctionnalit\u00e9 et style. Disponible en deux variantes \u00e9poustouflantes, cette tablette de couleur","og_url":"https:\/\/hubsch-interior.com\/fr\/produit\/forma-tablette-small-naturel\/","og_site_name":"H\u00fcbsch","article_modified_time":"2026-04-29T02:53:31+00:00","og_image":[{"width":1200,"height":1200,"url":"https:\/\/hubsch-interior.com\/wp-content\/uploads\/2024\/03\/forma-shelf-small-natural-4d6774f529f06109968a3f61e0d9aa25.jpg","type":"image\/jpeg"}],"twitter_card":"summary_large_image","twitter_misc":{"Dur\u00e9e de lecture estim\u00e9e":"1 minute"},"schema":{"@context":"https:\/\/schema.org","@graph":[{"@type":"WebPage","@id":"https:\/\/hubsch-interior.com\/fr\/produit\/forma-tablette-small-naturel\/","url":"https:\/\/hubsch-interior.com\/fr\/produit\/forma-tablette-small-naturel\/","name":"Forma Tablette Small Naturel - H\u00fcbsch","isPartOf":{"@id":"https:\/\/hubsch-interior.com\/fr\/#website"},"primaryImageOfPage":{"@id":"https:\/\/hubsch-interior.com\/fr\/produit\/forma-tablette-small-naturel\/#primaryimage"},"image":{"@id":"https:\/\/hubsch-interior.com\/fr\/produit\/forma-tablette-small-naturel\/#primaryimage"},"thumbnailUrl":"https:\/\/hubsch-interior.com\/wp-content\/uploads\/2026\/02\/forma-shelf-small-natural-9afd8f0a1df2aec461ec8faa9b1c0d87.jpg","datePublished":"2024-01-29T08:23:08+00:00","dateModified":"2026-04-29T02:53:31+00:00","description":"D\u00e9couvrez la Forma Tablette, l'alliance parfaite entre fonctionnalit\u00e9 et style. Disponible en deux variantes \u00e9poustouflantes, cette tablette de couleur","breadcrumb":{"@id":"https:\/\/hubsch-interior.com\/fr\/produit\/forma-tablette-small-naturel\/#breadcrumb"},"inLanguage":"fr-FR","potentialAction":[{"@type":"ReadAction","target":["https:\/\/hubsch-interior.com\/fr\/produit\/forma-tablette-small-naturel\/"]}]},{"@type":"ImageObject","inLanguage":"fr-FR","@id":"https:\/\/hubsch-interior.com\/fr\/produit\/forma-tablette-small-naturel\/#primaryimage","url":"https:\/\/hubsch-interior.com\/wp-content\/uploads\/2026\/02\/forma-shelf-small-natural-9afd8f0a1df2aec461ec8faa9b1c0d87.jpg","contentUrl":"https:\/\/hubsch-interior.com\/wp-content\/uploads\/2026\/02\/forma-shelf-small-natural-9afd8f0a1df2aec461ec8faa9b1c0d87.jpg","width":1024,"height":1024},{"@type":"BreadcrumbList","@id":"https:\/\/hubsch-interior.com\/fr\/produit\/forma-tablette-small-naturel\/#breadcrumb","itemListElement":[{"@type":"ListItem","position":1,"name":"Page d'accueil","item":"https:\/\/hubsch-interior.com\/fr\/"},{"@type":"ListItem","position":2,"name":"Produits","item":"https:\/\/hubsch-interior.com\/fr\/shop-2\/"},{"@type":"ListItem","position":3,"name":"Meubles","item":"https:\/\/hubsch-interior.com\/fr\/categorie-produit\/meubles\/"},{"@type":"ListItem","position":4,"name":"Tables","item":"https:\/\/hubsch-interior.com\/fr\/categorie-produit\/meubles\/tables-fr\/"},{"@type":"ListItem","position":5,"name":"Tables de chevet","item":"https:\/\/hubsch-interior.com\/fr\/categorie-produit\/meubles\/tables-fr\/tables-de-chevet-fr\/"},{"@type":"ListItem","position":6,"name":"Forma Tablette Small Naturel"}]},{"@type":"WebSite","@id":"https:\/\/hubsch-interior.com\/fr\/#website","url":"https:\/\/hubsch-interior.com\/fr\/","name":"H\u00fcbsch","description":"Danish Home Interior and Design","publisher":{"@id":"https:\/\/hubsch-interior.com\/fr\/#organization"},"potentialAction":[{"@type":"SearchAction","target":{"@type":"EntryPoint","urlTemplate":"https:\/\/hubsch-interior.com\/fr\/?s={search_term_string}"},"query-input":{"@type":"PropertyValueSpecification","valueRequired":true,"valueName":"search_term_string"}}],"inLanguage":"fr-FR"},{"@type":"Organization","@id":"https:\/\/hubsch-interior.com\/fr\/#organization","name":"H\u00fcbsch","url":"https:\/\/hubsch-interior.com\/fr\/","logo":{"@type":"ImageObject","inLanguage":"fr-FR","@id":"https:\/\/hubsch-interior.com\/fr\/#\/schema\/logo\/image\/","url":"https:\/\/hubsch-interior.com\/wp-content\/uploads\/2022\/12\/Hubsch_logo_black_one_line.svg","contentUrl":"https:\/\/hubsch-interior.com\/wp-content\/uploads\/2022\/12\/Hubsch_logo_black_one_line.svg","caption":"H\u00fcbsch"},"image":{"@id":"https:\/\/hubsch-interior.com\/fr\/#\/schema\/logo\/image\/"}}]}},"_links":{"self":[{"href":"https:\/\/hubsch-interior.com\/fr\/wp-json\/wp\/v2\/product\/976916","targetHints":{"allow":["GET"]}}],"collection":[{"href":"https:\/\/hubsch-interior.com\/fr\/wp-json\/wp\/v2\/product"}],"about":[{"href":"https:\/\/hubsch-interior.com\/fr\/wp-json\/wp\/v2\/types\/product"}],"wp:featuredmedia":[{"embeddable":true,"href":"https:\/\/hubsch-interior.com\/fr\/wp-json\/wp\/v2\/media\/1103460"}],"wp:attachment":[{"href":"https:\/\/hubsch-interior.com\/fr\/wp-json\/wp\/v2\/media?parent=976916"}],"wp:term":[{"taxonomy":"product_brand","embeddable":true,"href":"https:\/\/hubsch-interior.com\/fr\/wp-json\/wp\/v2\/product_brand?post=976916"},{"taxonomy":"product_cat","embeddable":true,"href":"https:\/\/hubsch-interior.com\/fr\/wp-json\/wp\/v2\/product_cat?post=976916"},{"taxonomy":"product_tag","embeddable":true,"href":"https:\/\/hubsch-interior.com\/fr\/wp-json\/wp\/v2\/product_tag?post=976916"}],"curies":[{"name":"wp","href":"https:\/\/api.w.org\/{rel}","templated":true}]}}