{"id":977851,"date":"2024-01-29T09:34:04","date_gmt":"2024-01-29T08:34:04","guid":{"rendered":"https:\/\/hubsch-interior.com\/product\/product\/"},"modified":"2026-04-30T05:06:51","modified_gmt":"2026-04-30T03:06:51","slug":"camp-lampe-portative-noir","status":"publish","type":"product","link":"https:\/\/hubsch-interior.com\/fr\/produit\/camp-lampe-portative-noir\/","title":{"rendered":"Camp Lampe portative Noir"},"content":{"rendered":"<p>La lampe portative Camp est l&#8217;accessoire indispensable pour toutes vos aventures en int\u00e9rieur et en ext\u00e9rieur ! Disponible en \u00e9l\u00e9gant noir, cette lampe compacte et polyvalente est fabriqu\u00e9e \u00e0 partir d&#8217;une combinaison robuste de verre et de m\u00e9tal. Avec deux variantes au choix, vous pouvez personnaliser votre exp\u00e9rience d&#8217;\u00e9clairage gr\u00e2ce \u00e0 sa fonction dimmable. La batterie rechargeable de la lampe garantit jusqu&#8217;\u00e0 huit heures d&#8217;\u00e9clairage par charge, en faisant l&#8217;accessoire id\u00e9al pour toutes vos activit\u00e9s en plein air et en int\u00e9rieur. De plus, le cordon Paracord ajoute non seulement une touche de couleur, mais vous permet \u00e9galement de suspendre la lampe o\u00f9 bon vous semble. Ne partez pas sans la lampe portative Camp \u2014 votre fid\u00e8le compagnon pour tous vos besoins en \u00e9clairage.<\/p>\n","protected":false},"excerpt":{"rendered":"<p>La lampe portative Camp est l&#8217;accessoire indispensable pour toutes vos aventures en int\u00e9rieur et en ext\u00e9rieur ! Disponible en \u00e9l\u00e9gant noir, cette lampe compacte et polyvalente est fabriqu\u00e9e \u00e0 partir d&#8217;une combinaison robuste de verre et de m\u00e9tal. Avec deux variantes au choix, vous pouvez personnaliser votre exp\u00e9rience d&#8217;\u00e9clairage gr\u00e2ce \u00e0 sa fonction dimmable. La [&hellip;]<\/p>\n","protected":false},"featured_media":1106999,"template":"","meta":{"_acf_changed":false,"inline_featured_image":false},"product_brand":[],"product_cat":[6900,6882,6962,6971,6348,3810,3500],"product_tag":[],"class_list":{"0":"post-977851","1":"product","2":"type-product","3":"status-publish","4":"has-post-thumbnail","6":"product_cat-eclairage-fonctionnel-fr","7":"product_cat-elevating-nostalgia-fr","8":"product_cat-lampes-portatives-fr","9":"product_cat-paques","10":"product_cat-garden-selection-fr","11":"product_cat-luminaires","12":"product_cat-lampes-a-poser-fr","13":"product_shipping_class-pk","14":"pa_color-noir","15":"pa_material-fer-fr","16":"pa_material-verre-fr","18":"first","19":"instock","20":"taxable","21":"shipping-taxable","22":"purchasable","23":"product-type-simple"},"exclude_global_add_ons":[],"addons":[],"acf":[],"yoast_head":"<!-- This site is optimized with the Yoast SEO plugin v26.4 - https:\/\/yoast.com\/wordpress\/plugins\/seo\/ -->\n<title>Camp Lampe portative Noir - H\u00fcbsch<\/title>\n<meta name=\"description\" content=\"La lampe portative Camp est l&#039;accessoire indispensable pour toutes vos aventures en int\u00e9rieur et en ext\u00e9rieur ! Disponible en \u00e9l\u00e9gant noir, cette lampe\" \/>\n<meta name=\"robots\" content=\"index, follow, max-snippet:-1, max-image-preview:large, max-video-preview:-1\" \/>\n<link rel=\"canonical\" href=\"https:\/\/hubsch-interior.com\/fr\/wp-json\/wp\/v2\/product\/977851\" \/>\n<meta property=\"og:locale\" content=\"fr_FR\" \/>\n<meta property=\"og:type\" content=\"article\" \/>\n<meta property=\"og:title\" content=\"Camp Lampe portative Noir - H\u00fcbsch\" \/>\n<meta property=\"og:description\" content=\"La lampe portative Camp est l&#039;accessoire indispensable pour toutes vos aventures en int\u00e9rieur et en ext\u00e9rieur ! Disponible en \u00e9l\u00e9gant noir, cette lampe\" \/>\n<meta property=\"og:url\" content=\"https:\/\/hubsch-interior.com\/fr\/produit\/camp-lampe-portative-noir\/\" \/>\n<meta property=\"og:site_name\" content=\"H\u00fcbsch\" \/>\n<meta property=\"article:modified_time\" content=\"2026-04-30T03:06:51+00:00\" \/>\n<meta property=\"og:image\" content=\"https:\/\/hubsch-interior.com\/wp-content\/uploads\/2024\/05\/camp-portable-lamp-black-5be77e868002427c581a685bc3ad332d.jpg\" \/>\n\t<meta property=\"og:image:width\" content=\"1200\" \/>\n\t<meta property=\"og:image:height\" content=\"1200\" \/>\n\t<meta property=\"og:image:type\" content=\"image\/jpeg\" \/>\n<meta name=\"twitter:card\" content=\"summary_large_image\" \/>\n<meta name=\"twitter:label1\" content=\"Dur\u00e9e de lecture estim\u00e9e\" \/>\n\t<meta name=\"twitter:data1\" content=\"1 minute\" \/>\n<script type=\"application\/ld+json\" class=\"yoast-schema-graph\">{\"@context\":\"https:\/\/schema.org\",\"@graph\":[{\"@type\":\"WebPage\",\"@id\":\"https:\/\/hubsch-interior.com\/fr\/produit\/camp-lampe-portative-noir\/\",\"url\":\"https:\/\/hubsch-interior.com\/fr\/produit\/camp-lampe-portative-noir\/\",\"name\":\"Camp Lampe portative Noir - H\u00fcbsch\",\"isPartOf\":{\"@id\":\"https:\/\/hubsch-interior.com\/fr\/#website\"},\"primaryImageOfPage\":{\"@id\":\"https:\/\/hubsch-interior.com\/fr\/produit\/camp-lampe-portative-noir\/#primaryimage\"},\"image\":{\"@id\":\"https:\/\/hubsch-interior.com\/fr\/produit\/camp-lampe-portative-noir\/#primaryimage\"},\"thumbnailUrl\":\"https:\/\/hubsch-interior.com\/wp-content\/uploads\/2026\/02\/camp-portable-lamp-black-44a325d7d04fd4181b3afc3cbbef9cb9.jpg\",\"datePublished\":\"2024-01-29T08:34:04+00:00\",\"dateModified\":\"2026-04-30T03:06:51+00:00\",\"description\":\"La lampe portative Camp est l'accessoire indispensable pour toutes vos aventures en int\u00e9rieur et en ext\u00e9rieur ! Disponible en \u00e9l\u00e9gant noir, cette lampe\",\"breadcrumb\":{\"@id\":\"https:\/\/hubsch-interior.com\/fr\/produit\/camp-lampe-portative-noir\/#breadcrumb\"},\"inLanguage\":\"fr-FR\",\"potentialAction\":[{\"@type\":\"ReadAction\",\"target\":[\"https:\/\/hubsch-interior.com\/fr\/produit\/camp-lampe-portative-noir\/\"]}]},{\"@type\":\"ImageObject\",\"inLanguage\":\"fr-FR\",\"@id\":\"https:\/\/hubsch-interior.com\/fr\/produit\/camp-lampe-portative-noir\/#primaryimage\",\"url\":\"https:\/\/hubsch-interior.com\/wp-content\/uploads\/2026\/02\/camp-portable-lamp-black-44a325d7d04fd4181b3afc3cbbef9cb9.jpg\",\"contentUrl\":\"https:\/\/hubsch-interior.com\/wp-content\/uploads\/2026\/02\/camp-portable-lamp-black-44a325d7d04fd4181b3afc3cbbef9cb9.jpg\",\"width\":1024,\"height\":1024},{\"@type\":\"BreadcrumbList\",\"@id\":\"https:\/\/hubsch-interior.com\/fr\/produit\/camp-lampe-portative-noir\/#breadcrumb\",\"itemListElement\":[{\"@type\":\"ListItem\",\"position\":1,\"name\":\"Page d'accueil\",\"item\":\"https:\/\/hubsch-interior.com\/fr\/\"},{\"@type\":\"ListItem\",\"position\":2,\"name\":\"Produits\",\"item\":\"https:\/\/hubsch-interior.com\/fr\/shop-2\/\"},{\"@type\":\"ListItem\",\"position\":3,\"name\":\"Luminaires\",\"item\":\"https:\/\/hubsch-interior.com\/fr\/categorie-produit\/luminaires\/\"},{\"@type\":\"ListItem\",\"position\":4,\"name\":\"Lampes portatives\",\"item\":\"https:\/\/hubsch-interior.com\/fr\/categorie-produit\/luminaires\/lampes-portatives-fr\/\"},{\"@type\":\"ListItem\",\"position\":5,\"name\":\"Camp Lampe portative Noir\"}]},{\"@type\":\"WebSite\",\"@id\":\"https:\/\/hubsch-interior.com\/fr\/#website\",\"url\":\"https:\/\/hubsch-interior.com\/fr\/\",\"name\":\"H\u00fcbsch\",\"description\":\"Danish Home Interior and Design\",\"publisher\":{\"@id\":\"https:\/\/hubsch-interior.com\/fr\/#organization\"},\"potentialAction\":[{\"@type\":\"SearchAction\",\"target\":{\"@type\":\"EntryPoint\",\"urlTemplate\":\"https:\/\/hubsch-interior.com\/fr\/?s={search_term_string}\"},\"query-input\":{\"@type\":\"PropertyValueSpecification\",\"valueRequired\":true,\"valueName\":\"search_term_string\"}}],\"inLanguage\":\"fr-FR\"},{\"@type\":\"Organization\",\"@id\":\"https:\/\/hubsch-interior.com\/fr\/#organization\",\"name\":\"H\u00fcbsch\",\"url\":\"https:\/\/hubsch-interior.com\/fr\/\",\"logo\":{\"@type\":\"ImageObject\",\"inLanguage\":\"fr-FR\",\"@id\":\"https:\/\/hubsch-interior.com\/fr\/#\/schema\/logo\/image\/\",\"url\":\"https:\/\/hubsch-interior.com\/wp-content\/uploads\/2022\/12\/Hubsch_logo_black_one_line.svg\",\"contentUrl\":\"https:\/\/hubsch-interior.com\/wp-content\/uploads\/2022\/12\/Hubsch_logo_black_one_line.svg\",\"caption\":\"H\u00fcbsch\"},\"image\":{\"@id\":\"https:\/\/hubsch-interior.com\/fr\/#\/schema\/logo\/image\/\"}}]}<\/script>\n<!-- \/ Yoast SEO plugin. -->","yoast_head_json":{"title":"Camp Lampe portative Noir - H\u00fcbsch","description":"La lampe portative Camp est l'accessoire indispensable pour toutes vos aventures en int\u00e9rieur et en ext\u00e9rieur ! Disponible en \u00e9l\u00e9gant noir, cette lampe","robots":{"index":"index","follow":"follow","max-snippet":"max-snippet:-1","max-image-preview":"max-image-preview:large","max-video-preview":"max-video-preview:-1"},"canonical":"https:\/\/hubsch-interior.com\/fr\/wp-json\/wp\/v2\/product\/977851","og_locale":"fr_FR","og_type":"article","og_title":"Camp Lampe portative Noir - H\u00fcbsch","og_description":"La lampe portative Camp est l'accessoire indispensable pour toutes vos aventures en int\u00e9rieur et en ext\u00e9rieur ! Disponible en \u00e9l\u00e9gant noir, cette lampe","og_url":"https:\/\/hubsch-interior.com\/fr\/produit\/camp-lampe-portative-noir\/","og_site_name":"H\u00fcbsch","article_modified_time":"2026-04-30T03:06:51+00:00","og_image":[{"width":1200,"height":1200,"url":"https:\/\/hubsch-interior.com\/wp-content\/uploads\/2024\/05\/camp-portable-lamp-black-5be77e868002427c581a685bc3ad332d.jpg","type":"image\/jpeg"}],"twitter_card":"summary_large_image","twitter_misc":{"Dur\u00e9e de lecture estim\u00e9e":"1 minute"},"schema":{"@context":"https:\/\/schema.org","@graph":[{"@type":"WebPage","@id":"https:\/\/hubsch-interior.com\/fr\/produit\/camp-lampe-portative-noir\/","url":"https:\/\/hubsch-interior.com\/fr\/produit\/camp-lampe-portative-noir\/","name":"Camp Lampe portative Noir - H\u00fcbsch","isPartOf":{"@id":"https:\/\/hubsch-interior.com\/fr\/#website"},"primaryImageOfPage":{"@id":"https:\/\/hubsch-interior.com\/fr\/produit\/camp-lampe-portative-noir\/#primaryimage"},"image":{"@id":"https:\/\/hubsch-interior.com\/fr\/produit\/camp-lampe-portative-noir\/#primaryimage"},"thumbnailUrl":"https:\/\/hubsch-interior.com\/wp-content\/uploads\/2026\/02\/camp-portable-lamp-black-44a325d7d04fd4181b3afc3cbbef9cb9.jpg","datePublished":"2024-01-29T08:34:04+00:00","dateModified":"2026-04-30T03:06:51+00:00","description":"La lampe portative Camp est l'accessoire indispensable pour toutes vos aventures en int\u00e9rieur et en ext\u00e9rieur ! Disponible en \u00e9l\u00e9gant noir, cette lampe","breadcrumb":{"@id":"https:\/\/hubsch-interior.com\/fr\/produit\/camp-lampe-portative-noir\/#breadcrumb"},"inLanguage":"fr-FR","potentialAction":[{"@type":"ReadAction","target":["https:\/\/hubsch-interior.com\/fr\/produit\/camp-lampe-portative-noir\/"]}]},{"@type":"ImageObject","inLanguage":"fr-FR","@id":"https:\/\/hubsch-interior.com\/fr\/produit\/camp-lampe-portative-noir\/#primaryimage","url":"https:\/\/hubsch-interior.com\/wp-content\/uploads\/2026\/02\/camp-portable-lamp-black-44a325d7d04fd4181b3afc3cbbef9cb9.jpg","contentUrl":"https:\/\/hubsch-interior.com\/wp-content\/uploads\/2026\/02\/camp-portable-lamp-black-44a325d7d04fd4181b3afc3cbbef9cb9.jpg","width":1024,"height":1024},{"@type":"BreadcrumbList","@id":"https:\/\/hubsch-interior.com\/fr\/produit\/camp-lampe-portative-noir\/#breadcrumb","itemListElement":[{"@type":"ListItem","position":1,"name":"Page d'accueil","item":"https:\/\/hubsch-interior.com\/fr\/"},{"@type":"ListItem","position":2,"name":"Produits","item":"https:\/\/hubsch-interior.com\/fr\/shop-2\/"},{"@type":"ListItem","position":3,"name":"Luminaires","item":"https:\/\/hubsch-interior.com\/fr\/categorie-produit\/luminaires\/"},{"@type":"ListItem","position":4,"name":"Lampes portatives","item":"https:\/\/hubsch-interior.com\/fr\/categorie-produit\/luminaires\/lampes-portatives-fr\/"},{"@type":"ListItem","position":5,"name":"Camp Lampe portative Noir"}]},{"@type":"WebSite","@id":"https:\/\/hubsch-interior.com\/fr\/#website","url":"https:\/\/hubsch-interior.com\/fr\/","name":"H\u00fcbsch","description":"Danish Home Interior and Design","publisher":{"@id":"https:\/\/hubsch-interior.com\/fr\/#organization"},"potentialAction":[{"@type":"SearchAction","target":{"@type":"EntryPoint","urlTemplate":"https:\/\/hubsch-interior.com\/fr\/?s={search_term_string}"},"query-input":{"@type":"PropertyValueSpecification","valueRequired":true,"valueName":"search_term_string"}}],"inLanguage":"fr-FR"},{"@type":"Organization","@id":"https:\/\/hubsch-interior.com\/fr\/#organization","name":"H\u00fcbsch","url":"https:\/\/hubsch-interior.com\/fr\/","logo":{"@type":"ImageObject","inLanguage":"fr-FR","@id":"https:\/\/hubsch-interior.com\/fr\/#\/schema\/logo\/image\/","url":"https:\/\/hubsch-interior.com\/wp-content\/uploads\/2022\/12\/Hubsch_logo_black_one_line.svg","contentUrl":"https:\/\/hubsch-interior.com\/wp-content\/uploads\/2022\/12\/Hubsch_logo_black_one_line.svg","caption":"H\u00fcbsch"},"image":{"@id":"https:\/\/hubsch-interior.com\/fr\/#\/schema\/logo\/image\/"}}]}},"_links":{"self":[{"href":"https:\/\/hubsch-interior.com\/fr\/wp-json\/wp\/v2\/product\/977851","targetHints":{"allow":["GET"]}}],"collection":[{"href":"https:\/\/hubsch-interior.com\/fr\/wp-json\/wp\/v2\/product"}],"about":[{"href":"https:\/\/hubsch-interior.com\/fr\/wp-json\/wp\/v2\/types\/product"}],"wp:featuredmedia":[{"embeddable":true,"href":"https:\/\/hubsch-interior.com\/fr\/wp-json\/wp\/v2\/media\/1106999"}],"wp:attachment":[{"href":"https:\/\/hubsch-interior.com\/fr\/wp-json\/wp\/v2\/media?parent=977851"}],"wp:term":[{"taxonomy":"product_brand","embeddable":true,"href":"https:\/\/hubsch-interior.com\/fr\/wp-json\/wp\/v2\/product_brand?post=977851"},{"taxonomy":"product_cat","embeddable":true,"href":"https:\/\/hubsch-interior.com\/fr\/wp-json\/wp\/v2\/product_cat?post=977851"},{"taxonomy":"product_tag","embeddable":true,"href":"https:\/\/hubsch-interior.com\/fr\/wp-json\/wp\/v2\/product_tag?post=977851"}],"curies":[{"name":"wp","href":"https:\/\/api.w.org\/{rel}","templated":true}]}}